{"id":10086540,"date":"2026-02-11T16:35:50","date_gmt":"2026-02-11T15:35:50","guid":{"rendered":"https:\/\/dil-ev.de\/quality-manager-food-and-feed\/"},"modified":"2026-07-26T16:34:44","modified_gmt":"2026-07-26T14:34:44","slug":"quality-manager-food-and-feed","status":"publish","type":"page","link":"https:\/\/dil-ev.de\/en\/continuing-education\/quality-manager-food-and-feed\/","title":{"rendered":"Quality Manager, Food and Feed"},"content":{"rendered":"<div class=\"wpb-content-wrapper\">[vc_row full_width=&#8221;stretch_row_content_no_spaces&#8221;][vc_column el_class=&#8221;padding-top-first padding-left-right-less&#8221;][vc_row_inner equal_height=&#8221;yes&#8221; content_placement=&#8221;middle&#8221;][vc_column_inner width=&#8221;2\/3&#8243;][vc_column_text css=&#8221;&#8221; el_class=&#8221;h1-custom-font uberschrift&#8221;]\n<h1 class=\"stroke-pink\" style=\"text-align: left;\"><span class=\"fade\"><span style=\"color: #008000;\">Quality Manager, Food and Feed<\/span><br \/>\nDigital, Sustainable, Smart<\/span><\/h1>\n[\/vc_column_text][\/vc_column_inner][vc_column_inner width=&#8221;1\/3&#8243;][\/vc_column_inner][\/vc_row_inner][\/vc_column][\/vc_row][vc_row full_width=&#8221;stretch_row_content_no_spaces&#8221;][vc_column el_class=&#8221;padding-left-right-tinypic corner-mask-left-white hero-img-top-mobile&#8221; css=&#8221;.vc_custom_1771413302267{background-image: url(https:\/\/dil-ev.de\/wp-content\/uploads\/2026\/02\/dil-ev-weiterbildung-Quality-Management-Food-and-Feed-1.jpg?id=10085373) !important;background-position: center !important;background-repeat: no-repeat !important;background-size: cover !important;}&#8221;][vc_row_inner el_class=&#8221;paddinginnen-more&#8221;][vc_column_inner width=&#8221;1\/2&#8243; offset=&#8221;vc_hidden-xs&#8221;][\/vc_column_inner][vc_column_inner el_class=&#8221;specific-container hero-card-4-3-col&#8221; width=&#8221;1\/2&#8243;][vc_single_image image=&#8221;10084296&#8243; img_size=&#8221;300&#215;300&#8243; css=&#8221;&#8221; el_class=&#8221;uberschriftviel scale-with-padding hide-under-991&#8243;][vc_column_text css=&#8221;.vc_custom_1770824320217{padding-right: 1vw !important;padding-left: 1vw !important;}&#8221; el_class=&#8221;uberschrift&#8221;]\n<h2 class=\"stroke-pink\" style=\"text-align: left;\"><span class=\"fade\">Digital and Sustainable Quality Management, Scientifically Grounded<\/span><\/h2>\n[\/vc_column_text][\/vc_column_inner][\/vc_row_inner][\/vc_column][\/vc_row][vc_row full_width=&#8221;stretch_row_content_no_spaces&#8221;][vc_column el_class=&#8221;padding-top padding-left-right-less&#8221;][vc_row_inner equal_height=&#8221;yes&#8221; content_placement=&#8221;middle&#8221;][vc_column_inner][vc_column_text css=&#8221;&#8221; el_class=&#8221;uberschrift&#8221;]\n<h3 class=\"stroke-pink\" style=\"text-align: left;\">Future-Proof Quality Management for Food and Feed Through Continuing Education at DIL<\/h3>\n[\/vc_column_text][vc_separator color=&#8221;custom&#8221; border_width=&#8221;5&#8243; el_width=&#8221;10&#8243; css=&#8221;&#8221; accent_color=&#8221;#E4F2D0&#8243; el_class=&#8221;uberschrift hide-under-991&#8243;][\/vc_column_inner][\/vc_row_inner][vc_row_inner el_class=&#8221;padding-top-less padding-left-right-moretiny&#8221;][vc_column_inner][vc_column_text css=&#8221;&#8221; el_class=&#8221;uberschrift&#8221;]\n<p class=\"p1\">The requirements for quality management in the food and feed industry are changing rapidly. Digitalization, sustainability, and increasing regulatory requirements present companies with complex challenges. The continuing education program \u201cQuality Manager Food and Feed \u2013 Digital, Sustainable, Smart!\u201d, offered by DIL in cooperation with the Professional School at Osnabr\u00fcck University of Applied Sciences, provides practical and scientifically sound knowledge to ensure that quality management systems are future-proof and can be efficiently developed further.  <\/p>\n[\/vc_column_text][vc_column_text css=&#8221;&#8221;]\n<p class=\"p1\">Participants will learn how to apply digital tools and data-driven approaches in a targeted manner within quality management, integrate sustainable strategies into existing systems, and confidently implement regulatory requirements. The focus is on linking current research findings with practical management approaches\u2014specifically tailored to the requirements of the food and feed industries. <\/p>\n[\/vc_column_text][\/vc_column_inner][\/vc_row_inner][\/vc_column][\/vc_row][vc_row full_width=&#8221;stretch_row_content_no_spaces&#8221;][vc_column el_class=&#8221;padding-top padding-left-right-tiny&#8221;][vc_row_inner equal_height=&#8221;yes&#8221; content_placement=&#8221;middle&#8221; el_class=&#8221;padding-top-less padding-bottom-less carousel-row white-cut-right&#8221;][vc_column_inner el_class=&#8221;paddinginnen-more specific-container&#8221; width=&#8221;1\/2&#8243;][vc_single_image image=&#8221;10080181&#8243; img_size=&#8221;300&#215;300&#8243; css=&#8221;&#8221; el_class=&#8221;uberschriftviel&#8221;][vc_column_text css=&#8221;&#8221; el_class=&#8221;h2-custom-font-zitat uberschrift&#8221;]\n<h2 class=\"stroke-pink\" style=\"text-align: left;\">Our continuing education program combines interdisciplinary expertise with practical quality management.<\/h2>\n[\/vc_column_text][vc_column_text css=&#8221;&#8221; el_class=&#8221;uberschrift&#8221;]\n<h5 class=\"stroke-pink\" style=\"text-align: left;\">Want to learn more about our continuing education programs?<\/h5>\n[\/vc_column_text]<div class=\"gusta-align-left  \"><a href=\"https:\/\/www.hs-osnabrueck.de\/wir\/organisation\/professional-school\/weiterbildungsangebote\/qm-food-and-feed\/\" target=\"_blank\" title=\"Quality Management Food and Feed\" class=\"el-2567764546939501e3bc79  ss-element gusta-read-more-button gusta-icon-link gusta-has-span show-show ani-fade linked\"><i class=\"vc-material vc-material-arrow_forward\" aria-hidden=\"true\"><\/i> <span>Hier geht\u2019s zur Webseite<\/span> <\/a><\/div><div class=\"gusta-clear gusta-mobile-clear\"><\/div>[\/vc_column_inner][vc_column_inner width=&#8221;1\/2&#8243;]<div id=\"ult-carousel-10524728496a9a78df54c13\" class=\"ult-carousel-wrapper   ult_horizontal\" data-gutter=\"0\" data-rtl=\"false\" ><div class=\"ult-carousel-30368637796a9a78df54b29 \" >[vc_single_image image=&#8221;10085371&#8243; img_size=&#8221;1280&#215;720&#8243; alignment=&#8221;center&#8221; css=&#8221;&#8221;]<\/div><\/div>\t\t\t<script type=\"text\/javascript\">\n\t\t\t\tjQuery(document).ready(function ($) {\n\t\t\t\t\tif( typeof jQuery('.ult-carousel-30368637796a9a78df54b29').slick == \"function\"){\n\t\t\t\t\t\t$('.ult-carousel-30368637796a9a78df54b29').slick({dots: true,autoplay: true,autoplaySpeed: \"2500\",speed: \"500\",infinite: true,arrows: false,slidesToScroll:1,slidesToShow:1,swipe: true,draggable: true,touchMove: true,pauseOnHover: true,pauseOnFocus: false,responsive: [\n\t\t\t\t\t\t\t{\n\t\t\t\t\t\t\t  breakpoint: 1026,\n\t\t\t\t\t\t\t  settings: {\n\t\t\t\t\t\t\t\tslidesToShow: 1,\n\t\t\t\t\t\t\t\tslidesToScroll: 1,  \n\t\t\t\t\t\t\t  }\n\t\t\t\t\t\t\t},\n\t\t\t\t\t\t\t{\n\t\t\t\t\t\t\t  breakpoint: 1025,\n\t\t\t\t\t\t\t  settings: {\n\t\t\t\t\t\t\t\tslidesToShow: 1,\n\t\t\t\t\t\t\t\tslidesToScroll: 1\n\t\t\t\t\t\t\t  }\n\t\t\t\t\t\t\t},\n\t\t\t\t\t\t\t{\n\t\t\t\t\t\t\t  breakpoint: 760,\n\t\t\t\t\t\t\t  settings: {\n\t\t\t\t\t\t\t\tslidesToShow: 1,\n\t\t\t\t\t\t\t\tslidesToScroll: 1\n\t\t\t\t\t\t\t  }\n\t\t\t\t\t\t\t}\n\t\t\t\t\t\t],pauseOnDotsHover: true,customPaging: function(slider, i) {\n                   return '<i type=\"button\" style= \"color:#333333;\" class=\"ultsl-record\" data-role=\"none\"><\/i>';\n                },});\n\t\t\t\t\t}\n\t\t\t\t});\n\t\t\t<\/script>\n\t\t\t[\/vc_column_inner][\/vc_row_inner][\/vc_column][\/vc_row][vc_row full_width=&#8221;stretch_row_content_no_spaces&#8221;][vc_column el_class=&#8221;padding-top padding-left-right-less&#8221;][vc_row_inner equal_height=&#8221;yes&#8221; content_placement=&#8221;top&#8221;][vc_column_inner][vc_column_text css=&#8221;&#8221; el_class=&#8221;uberschrift&#8221;]\n<h3 class=\"stroke-pink\" style=\"text-align: left;\"><span class=\"fade\">Flexible continuing education with a high level of technical expertise for modern quality management at DIL<\/span><\/h3>\n[\/vc_column_text][vc_separator color=&#8221;custom&#8221; border_width=&#8221;5&#8243; el_width=&#8221;10&#8243; css=&#8221;&#8221; accent_color=&#8221;#E4F2D0&#8243; el_class=&#8221;uberschrift hide-under-991&#8243;][\/vc_column_inner][\/vc_row_inner][vc_row_inner el_class=&#8221;padding-top-less padding-left-right-moretiny&#8221;][vc_column_inner][vc_column_text css=&#8221;&#8221; el_class=&#8221;uberschrift&#8221;]\n<p class=\"p1\">This continuing education program combines the fundamentals of food and feed law with innovative approaches from the fields of digitalization, sustainability assessment, and process optimization. A key feature of the program is its interdisciplinary focus: experts from specialized institutes, universities, certification bodies, auditors, and government agencies share their knowledge from diverse perspectives and ensure a strong practical focus. <\/p>\n[\/vc_column_text][vc_column_text css=&#8221;&#8221;]\n<p class=\"p1\">Through concrete practical examples, case studies, and interactive formats, participants gain valuable insights for their daily professional lives and develop sustainable solutions for their own quality processes. The program offers maximum flexibility while maintaining a high level of technical depth. Participants benefit from the DIL\u2019s academic expertise and the didactic experience of the Professional School at Osnabr\u00fcck University of Applied Sciences\u2014for quality management that is compliant, efficient, and forward-looking.  <\/p>\n[\/vc_column_text][\/vc_column_inner][\/vc_row_inner][\/vc_column][\/vc_row][vc_row full_width=&#8221;stretch_row_content_no_spaces&#8221;][vc_column el_class=&#8221;padding-top padding-left-right-less&#8221;][vc_row_inner][vc_column_inner el_class=&#8221;padding-left-right-moretiny&#8221;][vc_column_text css=&#8221;&#8221; el_class=&#8221;uberschrift&#8221;]\n<p style=\"text-align: left;\"><strong>Our Content<\/strong><\/p>\n[\/vc_column_text][\/vc_column_inner][\/vc_row_inner][\/vc_column][\/vc_row][vc_row full_width=&#8221;stretch_row_content_no_spaces&#8221;][vc_column el_class=&#8221;padding-left-right-tiny corner-mask-left-white&#8221; css=&#8221;.vc_custom_1768150679433{background-color: #E4F2D0 !important;}&#8221;][vc_tta_accordion title_tag=&#8221;p&#8221; section_title_tag=&#8221;p&#8221; shape=&#8221;square&#8221; color=&#8221;purple&#8221; active_section=&#8221;10&#8243; no_fill=&#8221;true&#8221; collapsible_all=&#8221;true&#8221; el_class=&#8221;padding-top padding-bottom padding-left-right-normal&#8221;][vc_tta_section title=&#8221;Contents&#8221; tab_id=&#8221;1765208793226-9aa95986-dd4117654672337581765961416501176596776079917668508220681770824975012&#8243;][vc_row_inner][vc_column_inner el_class=&#8221;padding-top-less padding-bottom-less padding-left-right-tiny&#8221;][vc_column_text css=&#8221;&#8221; el_class=&#8221;bulletpoints&#8221;]\n<ul>\n<li>Modular Continuing Education Program for Food and Feed Quality Managers<\/li>\n<li>For more information about the modules, click here: <strong><a href=\"https:\/\/www.hs-osnabrueck.de\/wir\/organisation\/professional-school\/weiterbildungsangebote\/qm-food-and-feed\/\" target=\"_blank\" rel=\"noopener\">www.qm-food-and-feed.de<\/a><\/strong><\/li>\n<\/ul>\n[\/vc_column_text][\/vc_column_inner][\/vc_row_inner][\/vc_tta_section][vc_tta_section title=&#8221;Faculty&#8221; tab_id=&#8221;1765208793273-696cee98-d6b417654672337581765961416501176596776079917668508220681770824975012&#8243;][vc_row_inner][vc_column_inner el_class=&#8221;padding-top-less padding-bottom-less padding-left-right-tiny&#8221;][vc_column_text css=&#8221;&#8221; el_class=&#8221;bulletpoints&#8221;]\n<ul>\n<li>Experts from specialized institutes, universities, certification bodies and auditing firms, as well as government agencies and departments<\/li>\n<li>Interdisciplinary Perspectives from Academia and Practice<\/li>\n<\/ul>\n[\/vc_column_text][\/vc_column_inner][\/vc_row_inner][\/vc_tta_section][vc_tta_section title=&#8221;Dates &#038; Locations&#8221; tab_id=&#8221;1765208793326-7742485d-2d9b17654672337581765961416501176596776079917668508220681770824975012&#8243;][vc_row_inner][vc_column_inner el_class=&#8221;padding-top-less padding-bottom-less padding-left-right-tiny&#8221;][vc_column_text css=&#8221;&#8221; el_class=&#8221;bulletpoints&#8221;]\n<ul>\n<li>Several modules spread out over the year (flexible selection)<\/li>\n<li>A combination of online formats and in-person classes (Osnabr\u00fcck University of Applied Sciences and DIL, Quakenbr\u00fcck)<\/li>\n<\/ul>\n[\/vc_column_text][\/vc_column_inner][\/vc_row_inner][\/vc_tta_section][vc_tta_section title=&#8221;Registration Deadline&#8221; tab_id=&#8221;1765208793373-e7b90c26-b9a617654672337581765961416501176596776079917668508220681770824975012&#8243;][vc_row_inner][vc_column_inner el_class=&#8221;padding-top-less padding-bottom-less padding-left-right-tiny&#8221;][vc_column_text css=&#8221;&#8221; el_class=&#8221;bulletpoints&#8221;]\n<ul>\n<li>Registration deadline: April 10, 2026<\/li>\n<\/ul>\n[\/vc_column_text][\/vc_column_inner][\/vc_row_inner][\/vc_tta_section][vc_tta_section title=&#8221;Reservation&#8221; tab_id=&#8221;1765208793426-3204a059-78cc17654672337581765961416501176596776079917668508220681770824975012&#8243;][vc_row_inner][vc_column_inner el_class=&#8221;padding-top-less padding-bottom-less padding-left-right-tiny&#8221;][vc_column_text css=&#8221;&#8221; el_class=&#8221;bulletpoints&#8221;]\n<ul>\n<li>Register through the Professional School at Osnabr\u00fcck University of Applied Sciences at: <strong><a href=\"https:\/\/www.hs-osnabrueck.de\/wir\/organisation\/professional-school\/weiterbildungsangebote\/qm-food-and-feed\/\" target=\"_blank\" rel=\"noopener\">www.qm-food-and-feed.de<\/a><\/strong><\/li>\n<\/ul>\n[\/vc_column_text][\/vc_column_inner][\/vc_row_inner][\/vc_tta_section][\/vc_tta_accordion][vc_empty_space height=&#8221;4vh&#8221;][\/vc_column][\/vc_row][vc_row full_width=&#8221;stretch_row_content_no_spaces&#8221;][vc_column el_class=&#8221;padding-top padding-left-right-tiny&#8221;][vc_row_inner equal_height=&#8221;yes&#8221; content_placement=&#8221;middle&#8221; el_class=&#8221;padding-top padding-bottom carousel-row white-cut-left&#8221;][vc_column_inner width=&#8221;1\/2&#8243;][vc_single_image image=&#8221;10081096&#8243; img_size=&#8221;1024&#215;576&#8243; alignment=&#8221;center&#8221; css=&#8221;&#8221;][\/vc_column_inner][vc_column_inner el_class=&#8221;paddinginnen-more&#8221; width=&#8221;1\/2&#8243;][vc_column_text css=&#8221;&#8221; el_class=&#8221;uberschrift&#8221;]\n<p class=\"stroke-pink\" style=\"text-align: center;\">Your Contact Person<\/p>\n[\/vc_column_text][vc_column_text css=&#8221;&#8221;]\n<h4 class=\"stroke-pink\" style=\"text-align: center;\"><span style=\"color: #12a15d;\">Dr. Karin Wiesotzki<\/span><\/h4>\n[\/vc_column_text][vc_column_text css=&#8221;&#8221; el_class=&#8221;uberschrift&#8221;]\n<p class=\"p1\" style=\"text-align: center;\"><strong>Head of Program Coordination<\/strong><\/p>\n[\/vc_column_text]<div class=\"gusta-align-center  \"><a href=\"https:\/\/dil-ev.de\/kontakt-ansprechpartner\/\" title=\"Kontakt Ansprechpartner\" class=\"el-1362684521693c4ab11e2f8  ss-element gusta-read-more-button gusta-icon-link gusta-has-span show-show ani-fade linked\"><i class=\"vc-material vc-material-arrow_forward\" aria-hidden=\"true\"><\/i> <span>Kontaktieren Sie mich<\/span> <\/a><\/div><div class=\"gusta-clear gusta-mobile-clear\"><\/div>[\/vc_column_inner][\/vc_row_inner][\/vc_column][\/vc_row][vc_row full_width=&#8221;stretch_row_content_no_spaces&#8221;][vc_column el_class=&#8221;padding-top padding-left-right-less&#8221;][vc_column_text css=&#8221;&#8221; el_class=&#8221;uberschrift&#8221;]\n<p class=\"stroke-pink\" style=\"text-align: left;\"><strong>Download Flyer<\/strong><\/p>\n[\/vc_column_text][\/vc_column][\/vc_row][vc_row full_width=&#8221;stretch_row_content_no_spaces&#8221;][vc_column el_class=&#8221;padding-bottom padding-left-right-less&#8221;][vc_row_inner][vc_column_inner el_class=&#8221;actionlink&#8221;][vc_btn title=&#8221;Quality Manager, Food and Feed&#8221; css=&#8221;&#8221; el_class=&#8221;dil-file-button&#8221; media_file=&#8221;https:\/\/dil-ev.de\/wp-content\/uploads\/2026\/02\/Flyer-Quality-Management-Food-and-Feed-2026.pdf&#8221;][\/vc_column_inner][\/vc_row_inner][\/vc_column][\/vc_row]\n<\/div>","protected":false},"excerpt":{"rendered":"<p>[vc_row full_width=&#8221;stretch_row_content_no_spaces&#8221;][vc_column el_class=&#8221;padding-top-first padding-left-right-less&#8221;][vc_row_inner equal_height=&#8221;yes&#8221; content_placement=&#8221;middle&#8221;][vc_column_inner width=&#8221;2\/3&#8243;][vc_column_text css=&#8221;&#8221; el_class=&#8221;h1-custom-font uberschrift&#8221;] Quality Manager, Food and Feed Digital, Sustainable, Smart [\/vc_column_text][\/vc_column_inner][vc_column_inner width=&#8221;1\/3&#8243;][\/vc_column_inner][\/vc_row_inner][\/vc_column][\/vc_row][vc_row full_width=&#8221;stretch_row_content_no_spaces&#8221;][vc_column el_class=&#8221;padding-left-right-tinypic corner-mask-left-white hero-img-top-mobile&#8221; css=&#8221;.vc_custom_1771413302267{background-image: url(https:\/\/dil-ev.de\/wp-content\/uploads\/2026\/02\/dil-ev-weiterbildung-Quality-Management-Food-and-Feed-1.jpg?id=10085373)<span class=\"excerpt-hellip\"> [\u2026]<\/span><\/p>\n","protected":false},"author":1,"featured_media":10085374,"parent":10086909,"menu_order":3,"comment_status":"closed","ping_status":"closed","template":"","meta":{"_acf_changed":false,"footnotes":""},"class_list":["post-10086540","page","type-page","status-publish","has-post-thumbnail","hentry"],"acf":[],"yoast_head":"<!-- This site is optimized with the Yoast SEO plugin v27.9 - https:\/\/yoast.com\/product\/yoast-seo-wordpress\/ -->\n<title>Quality Management for Food and Feed | Digital, Sustainable, Smart<\/title>\n<meta name=\"description\" content=\"Future-Proof Quality Management for Food &amp; Feed: Flexible continuing education at DIL with a high level of technical expertise.\" \/>\n<meta name=\"robots\" content=\"index, follow, max-snippet:-1, max-image-preview:large, max-video-preview:-1\" \/>\n<link rel=\"canonical\" href=\"https:\/\/dil-ev.de\/en\/continuing-education\/quality-manager-food-and-feed\/\" \/>\n<meta property=\"og:locale\" content=\"en_US\" \/>\n<meta property=\"og:type\" content=\"article\" \/>\n<meta property=\"og:title\" content=\"Quality Management for Food and Feed | Digital, Sustainable, Smart\" \/>\n<meta property=\"og:description\" content=\"Future-Proof Quality Management for Food &amp; Feed: Flexible continuing education at DIL with a high level of technical expertise.\" \/>\n<meta property=\"og:url\" content=\"https:\/\/dil-ev.de\/en\/continuing-education\/quality-manager-food-and-feed\/\" \/>\n<meta property=\"og:site_name\" content=\"DIL Deutsches Institut f\u00fcr Lebensmitteltechnik e. V.\" \/>\n<meta property=\"article:modified_time\" content=\"2026-07-26T14:34:44+00:00\" \/>\n<meta property=\"og:image\" content=\"https:\/\/dil-ev.de\/wp-content\/uploads\/2026\/02\/dil-ev-weiterbildung-Quality-Management-Food-and-Feed-1.jpg\" \/>\n\t<meta property=\"og:image:width\" content=\"1440\" \/>\n\t<meta property=\"og:image:height\" content=\"810\" \/>\n\t<meta property=\"og:image:type\" content=\"image\/jpeg\" \/>\n<meta name=\"twitter:card\" content=\"summary_large_image\" \/>\n<meta name=\"twitter:label1\" content=\"Est. reading time\" \/>\n\t<meta name=\"twitter:data1\" content=\"8 minutes\" \/>\n<script type=\"application\/ld+json\" class=\"yoast-schema-graph\">{\"@context\":\"https:\\\/\\\/schema.org\",\"@graph\":[{\"@type\":\"WebPage\",\"@id\":\"https:\\\/\\\/dil-ev.de\\\/en\\\/continuing-education\\\/quality-manager-food-and-feed\\\/\",\"url\":\"https:\\\/\\\/dil-ev.de\\\/en\\\/continuing-education\\\/quality-manager-food-and-feed\\\/\",\"name\":\"Quality Management for Food and Feed | Digital, Sustainable, Smart\",\"isPartOf\":{\"@id\":\"https:\\\/\\\/dil-ev.de\\\/en\\\/#website\"},\"primaryImageOfPage\":{\"@id\":\"https:\\\/\\\/dil-ev.de\\\/en\\\/continuing-education\\\/quality-manager-food-and-feed\\\/#primaryimage\"},\"image\":{\"@id\":\"https:\\\/\\\/dil-ev.de\\\/en\\\/continuing-education\\\/quality-manager-food-and-feed\\\/#primaryimage\"},\"thumbnailUrl\":\"https:\\\/\\\/dil-ev.de\\\/wp-content\\\/uploads\\\/2026\\\/02\\\/dil-ev-weiterbildung-Quality-Management-Food-and-Feed-1.jpg\",\"datePublished\":\"2026-02-11T15:35:50+00:00\",\"dateModified\":\"2026-07-26T14:34:44+00:00\",\"description\":\"Future-Proof Quality Management for Food & Feed: Flexible continuing education at DIL with a high level of technical expertise.\",\"breadcrumb\":{\"@id\":\"https:\\\/\\\/dil-ev.de\\\/en\\\/continuing-education\\\/quality-manager-food-and-feed\\\/#breadcrumb\"},\"inLanguage\":\"en-US\",\"potentialAction\":[{\"@type\":\"ReadAction\",\"target\":[\"https:\\\/\\\/dil-ev.de\\\/en\\\/continuing-education\\\/quality-manager-food-and-feed\\\/\"]}]},{\"@type\":\"ImageObject\",\"inLanguage\":\"en-US\",\"@id\":\"https:\\\/\\\/dil-ev.de\\\/en\\\/continuing-education\\\/quality-manager-food-and-feed\\\/#primaryimage\",\"url\":\"https:\\\/\\\/dil-ev.de\\\/wp-content\\\/uploads\\\/2026\\\/02\\\/dil-ev-weiterbildung-Quality-Management-Food-and-Feed-1.jpg\",\"contentUrl\":\"https:\\\/\\\/dil-ev.de\\\/wp-content\\\/uploads\\\/2026\\\/02\\\/dil-ev-weiterbildung-Quality-Management-Food-and-Feed-1.jpg\",\"width\":1440,\"height\":810},{\"@type\":\"BreadcrumbList\",\"@id\":\"https:\\\/\\\/dil-ev.de\\\/en\\\/continuing-education\\\/quality-manager-food-and-feed\\\/#breadcrumb\",\"itemListElement\":[{\"@type\":\"ListItem\",\"position\":1,\"name\":\"Startseite\",\"item\":\"https:\\\/\\\/dil-ev.de\\\/en\\\/\"},{\"@type\":\"ListItem\",\"position\":2,\"name\":\"Continuing Education\",\"item\":\"https:\\\/\\\/dil-ev.de\\\/en\\\/?page_id=10086909\"},{\"@type\":\"ListItem\",\"position\":3,\"name\":\"Quality Manager, Food and Feed\"}]},{\"@type\":\"WebSite\",\"@id\":\"https:\\\/\\\/dil-ev.de\\\/en\\\/#website\",\"url\":\"https:\\\/\\\/dil-ev.de\\\/en\\\/\",\"name\":\"DIL Deutsches Institut f\u00fcr Lebensmitteltechnik e.V.\",\"description\":\"Forschungsinstitut f\u00fcr Lebensmitteltechnik in Quakenbr\u00fcck\",\"publisher\":{\"@id\":\"https:\\\/\\\/dil-ev.de\\\/en\\\/#organization\"},\"potentialAction\":[{\"@type\":\"SearchAction\",\"target\":{\"@type\":\"EntryPoint\",\"urlTemplate\":\"https:\\\/\\\/dil-ev.de\\\/en\\\/?s={search_term_string}\"},\"query-input\":{\"@type\":\"PropertyValueSpecification\",\"valueRequired\":true,\"valueName\":\"search_term_string\"}}],\"inLanguage\":\"en-US\"},{\"@type\":\"Organization\",\"@id\":\"https:\\\/\\\/dil-ev.de\\\/en\\\/#organization\",\"name\":\"DIL Deutsches Institut f\u00fcr Lebensmitteltechnik e.V.\",\"alternateName\":\"DIL e. V.\",\"url\":\"https:\\\/\\\/dil-ev.de\\\/en\\\/\",\"logo\":{\"@type\":\"ImageObject\",\"inLanguage\":\"en-US\",\"@id\":\"https:\\\/\\\/dil-ev.de\\\/en\\\/#\\\/schema\\\/logo\\\/image\\\/\",\"url\":\"https:\\\/\\\/dil-ev.de\\\/wp-content\\\/uploads\\\/2026\\\/02\\\/Dil-ev-favicon-yost-small.jpg\",\"contentUrl\":\"https:\\\/\\\/dil-ev.de\\\/wp-content\\\/uploads\\\/2026\\\/02\\\/Dil-ev-favicon-yost-small.jpg\",\"width\":696,\"height\":696,\"caption\":\"DIL Deutsches Institut f\u00fcr Lebensmitteltechnik e.V.\"},\"image\":{\"@id\":\"https:\\\/\\\/dil-ev.de\\\/en\\\/#\\\/schema\\\/logo\\\/image\\\/\"},\"sameAs\":[\"https:\\\/\\\/www.instagram.com\\\/dil_e.v\\\/\",\"https:\\\/\\\/www.linkedin.com\\\/company\\\/deutsches-institut-f-r-lebensmitteltechnik-e-v-\\\/posts\\\/?feedView=all\"]}]}<\/script>\n<!-- \/ Yoast SEO plugin. -->","yoast_head_json":{"title":"Quality Management for Food and Feed | Digital, Sustainable, Smart","description":"Future-Proof Quality Management for Food & Feed: Flexible continuing education at DIL with a high level of technical expertise.","robots":{"index":"index","follow":"follow","max-snippet":"max-snippet:-1","max-image-preview":"max-image-preview:large","max-video-preview":"max-video-preview:-1"},"canonical":"https:\/\/dil-ev.de\/en\/continuing-education\/quality-manager-food-and-feed\/","og_locale":"en_US","og_type":"article","og_title":"Quality Management for Food and Feed | Digital, Sustainable, Smart","og_description":"Future-Proof Quality Management for Food & Feed: Flexible continuing education at DIL with a high level of technical expertise.","og_url":"https:\/\/dil-ev.de\/en\/continuing-education\/quality-manager-food-and-feed\/","og_site_name":"DIL Deutsches Institut f\u00fcr Lebensmitteltechnik e. V.","article_modified_time":"2026-07-26T14:34:44+00:00","og_image":[{"width":1440,"height":810,"url":"https:\/\/dil-ev.de\/wp-content\/uploads\/2026\/02\/dil-ev-weiterbildung-Quality-Management-Food-and-Feed-1.jpg","type":"image\/jpeg"}],"twitter_card":"summary_large_image","twitter_misc":{"Est. reading time":"8 minutes"},"schema":{"@context":"https:\/\/schema.org","@graph":[{"@type":"WebPage","@id":"https:\/\/dil-ev.de\/en\/continuing-education\/quality-manager-food-and-feed\/","url":"https:\/\/dil-ev.de\/en\/continuing-education\/quality-manager-food-and-feed\/","name":"Quality Management for Food and Feed | Digital, Sustainable, Smart","isPartOf":{"@id":"https:\/\/dil-ev.de\/en\/#website"},"primaryImageOfPage":{"@id":"https:\/\/dil-ev.de\/en\/continuing-education\/quality-manager-food-and-feed\/#primaryimage"},"image":{"@id":"https:\/\/dil-ev.de\/en\/continuing-education\/quality-manager-food-and-feed\/#primaryimage"},"thumbnailUrl":"https:\/\/dil-ev.de\/wp-content\/uploads\/2026\/02\/dil-ev-weiterbildung-Quality-Management-Food-and-Feed-1.jpg","datePublished":"2026-02-11T15:35:50+00:00","dateModified":"2026-07-26T14:34:44+00:00","description":"Future-Proof Quality Management for Food & Feed: Flexible continuing education at DIL with a high level of technical expertise.","breadcrumb":{"@id":"https:\/\/dil-ev.de\/en\/continuing-education\/quality-manager-food-and-feed\/#breadcrumb"},"inLanguage":"en-US","potentialAction":[{"@type":"ReadAction","target":["https:\/\/dil-ev.de\/en\/continuing-education\/quality-manager-food-and-feed\/"]}]},{"@type":"ImageObject","inLanguage":"en-US","@id":"https:\/\/dil-ev.de\/en\/continuing-education\/quality-manager-food-and-feed\/#primaryimage","url":"https:\/\/dil-ev.de\/wp-content\/uploads\/2026\/02\/dil-ev-weiterbildung-Quality-Management-Food-and-Feed-1.jpg","contentUrl":"https:\/\/dil-ev.de\/wp-content\/uploads\/2026\/02\/dil-ev-weiterbildung-Quality-Management-Food-and-Feed-1.jpg","width":1440,"height":810},{"@type":"BreadcrumbList","@id":"https:\/\/dil-ev.de\/en\/continuing-education\/quality-manager-food-and-feed\/#breadcrumb","itemListElement":[{"@type":"ListItem","position":1,"name":"Startseite","item":"https:\/\/dil-ev.de\/en\/"},{"@type":"ListItem","position":2,"name":"Continuing Education","item":"https:\/\/dil-ev.de\/en\/?page_id=10086909"},{"@type":"ListItem","position":3,"name":"Quality Manager, Food and Feed"}]},{"@type":"WebSite","@id":"https:\/\/dil-ev.de\/en\/#website","url":"https:\/\/dil-ev.de\/en\/","name":"DIL Deutsches Institut f\u00fcr Lebensmitteltechnik e.V.","description":"Forschungsinstitut f\u00fcr Lebensmitteltechnik in Quakenbr\u00fcck","publisher":{"@id":"https:\/\/dil-ev.de\/en\/#organization"},"potentialAction":[{"@type":"SearchAction","target":{"@type":"EntryPoint","urlTemplate":"https:\/\/dil-ev.de\/en\/?s={search_term_string}"},"query-input":{"@type":"PropertyValueSpecification","valueRequired":true,"valueName":"search_term_string"}}],"inLanguage":"en-US"},{"@type":"Organization","@id":"https:\/\/dil-ev.de\/en\/#organization","name":"DIL Deutsches Institut f\u00fcr Lebensmitteltechnik e.V.","alternateName":"DIL e. V.","url":"https:\/\/dil-ev.de\/en\/","logo":{"@type":"ImageObject","inLanguage":"en-US","@id":"https:\/\/dil-ev.de\/en\/#\/schema\/logo\/image\/","url":"https:\/\/dil-ev.de\/wp-content\/uploads\/2026\/02\/Dil-ev-favicon-yost-small.jpg","contentUrl":"https:\/\/dil-ev.de\/wp-content\/uploads\/2026\/02\/Dil-ev-favicon-yost-small.jpg","width":696,"height":696,"caption":"DIL Deutsches Institut f\u00fcr Lebensmitteltechnik e.V."},"image":{"@id":"https:\/\/dil-ev.de\/en\/#\/schema\/logo\/image\/"},"sameAs":["https:\/\/www.instagram.com\/dil_e.v\/","https:\/\/www.linkedin.com\/company\/deutsches-institut-f-r-lebensmitteltechnik-e-v-\/posts\/?feedView=all"]}]}},"_links":{"self":[{"href":"https:\/\/dil-ev.de\/en\/wp-json\/wp\/v2\/pages\/10086540","targetHints":{"allow":["GET"]}}],"collection":[{"href":"https:\/\/dil-ev.de\/en\/wp-json\/wp\/v2\/pages"}],"about":[{"href":"https:\/\/dil-ev.de\/en\/wp-json\/wp\/v2\/types\/page"}],"author":[{"embeddable":true,"href":"https:\/\/dil-ev.de\/en\/wp-json\/wp\/v2\/users\/1"}],"replies":[{"embeddable":true,"href":"https:\/\/dil-ev.de\/en\/wp-json\/wp\/v2\/comments?post=10086540"}],"version-history":[{"count":8,"href":"https:\/\/dil-ev.de\/en\/wp-json\/wp\/v2\/pages\/10086540\/revisions"}],"predecessor-version":[{"id":10087477,"href":"https:\/\/dil-ev.de\/en\/wp-json\/wp\/v2\/pages\/10086540\/revisions\/10087477"}],"up":[{"embeddable":true,"href":"https:\/\/dil-ev.de\/en\/wp-json\/wp\/v2\/pages\/10086909"}],"wp:featuredmedia":[{"embeddable":true,"href":"https:\/\/dil-ev.de\/en\/wp-json\/wp\/v2\/media\/10085374"}],"wp:attachment":[{"href":"https:\/\/dil-ev.de\/en\/wp-json\/wp\/v2\/media?parent=10086540"}],"curies":[{"name":"wp","href":"https:\/\/api.w.org\/{rel}","templated":true}]}}