{"id":10086545,"date":"2025-12-27T09:15:06","date_gmt":"2025-12-27T08:15:06","guid":{"rendered":"https:\/\/dil-ev.de\/dil-technology-day\/"},"modified":"2026-07-26T17:01:04","modified_gmt":"2026-07-26T15:01:04","slug":"dil-technology-day","status":"publish","type":"page","link":"https:\/\/dil-ev.de\/en\/events\/dil-technology-day\/","title":{"rendered":"DIL Technology Day"},"content":{"rendered":"<div class=\"wpb-content-wrapper\">[vc_row full_width=&#8221;stretch_row_content_no_spaces&#8221;][vc_column el_class=&#8221;padding-top-first padding-left-right-less&#8221;][vc_row_inner equal_height=&#8221;yes&#8221; content_placement=&#8221;middle&#8221;][vc_column_inner width=&#8221;2\/3&#8243;][vc_column_text css=&#8221;&#8221; el_class=&#8221;h1-custom-font uberschrift&#8221;]\n<h1 class=\"stroke-pink\" style=\"text-align: left;\"><span class=\"fade\"><span style=\"color: #008000;\">DIL Technology Day 26<\/span><br \/>\nTwo Days of Cutting-Edge Food Technology<\/span><\/h1>\n[\/vc_column_text][\/vc_column_inner][vc_column_inner width=&#8221;1\/3&#8243;][\/vc_column_inner][\/vc_row_inner][\/vc_column][\/vc_row][vc_row full_width=&#8221;stretch_row_content_no_spaces&#8221;][vc_column el_class=&#8221;padding-left-right-tinypic corner-mask-left-white hero-img-top-mobile&#8221; css=&#8221;.vc_custom_1771414674165{background-image: url(https:\/\/dil-ev.de\/wp-content\/uploads\/2025\/09\/dil-ev-veranstaltungen-dil-technology-day.jpg?id=1009098) !important;background-position: center !important;background-repeat: no-repeat !important;background-size: cover !important;}&#8221;][vc_row_inner el_class=&#8221;paddinginnen-more&#8221;][vc_column_inner width=&#8221;1\/2&#8243; offset=&#8221;vc_hidden-xs&#8221;][\/vc_column_inner][vc_column_inner el_class=&#8221;specific-container hero-card-4-3-col&#8221; width=&#8221;1\/2&#8243;][vc_single_image image=&#8221;10084326&#8243; img_size=&#8221;300&#215;300&#8243; css=&#8221;&#8221; el_class=&#8221;uberschriftviel scale-with-padding hide-under-991&#8243;][vc_column_text css=&#8221;.vc_custom_1777277333359{padding-right: 1vw !important;padding-left: 1vw !important;}&#8221; el_class=&#8221;uberschrift&#8221;]\n<h2 class=\"stroke-pink\" style=\"text-align: left;\"><span class=\"fade\">Powerful Food Technology at the 26th DIL Technology Day on June 9\u201310, 2026, in Quakenbr\u00fcck<\/span><\/h2>\n[\/vc_column_text][\/vc_column_inner][\/vc_row_inner][\/vc_column][\/vc_row][vc_row full_width=&#8221;stretch_row_content_no_spaces&#8221;][vc_column el_class=&#8221;padding-top padding-left-right-less&#8221;][vc_row_inner equal_height=&#8221;yes&#8221; content_placement=&#8221;middle&#8221;][vc_column_inner][vc_column_text css=&#8221;&#8221; el_class=&#8221;uberschrift&#8221;]\n<h3 class=\"stroke-pink\" style=\"text-align: left;\">The DIL Technology Day will focus on \u201cPowerful Food Technology,\u201d featuring keynotes, panel discussions, and live demonstrations<\/h3>\n[\/vc_column_text][vc_separator color=&#8221;custom&#8221; border_width=&#8221;5&#8243; el_width=&#8221;10&#8243; css=&#8221;&#8221; accent_color=&#8221;#E4F2D0&#8243; el_class=&#8221;uberschrift hide-under-991&#8243;][\/vc_column_inner][\/vc_row_inner][vc_row_inner el_class=&#8221;padding-top-less padding-left-right-moretiny&#8221;][vc_column_inner][vc_column_text css=&#8221;&#8221; el_class=&#8221;uberschrift&#8221;]\n<p class=\"p1\"><strong>DIL Technology Day<\/strong> is a biennial professional event organized by the DIL (German Institute of Food Technology, e. V.) that takes place at the DIL in Quakenbr\u00fcck and brings together experts from industry, research, and technology development. The event provides impetus for the food technologies of tomorrow and offers a high-caliber platform for knowledge transfer, discussions, and technological exchange. <\/p>\n[\/vc_column_text][vc_column_text css=&#8221;&#8221;]\n<p class=\"p1\">The two-day \u201cPowerful Food Technology\u201d event will feature inspiring keynote speeches, technical presentations, interactive panels, and live demonstrations. The event will highlight current challenges and solutions across the entire value chain\u2014from automation and processing to food biotechnology and ingredients. <\/p>\n[\/vc_column_text][\/vc_column_inner][\/vc_row_inner][\/vc_column][\/vc_row][vc_row full_width=&#8221;stretch_row_content_no_spaces&#8221;][vc_column el_class=&#8221;padding-top padding-left-right-tiny&#8221;][vc_row_inner equal_height=&#8221;yes&#8221; content_placement=&#8221;middle&#8221; el_class=&#8221;padding-top-less padding-bottom-less carousel-row white-cut-right&#8221;][vc_column_inner el_class=&#8221;paddinginnen-more specific-container&#8221; width=&#8221;1\/2&#8243;][vc_single_image image=&#8221;10080181&#8243; img_size=&#8221;300&#215;300&#8243; css=&#8221;&#8221; el_class=&#8221;uberschriftviel&#8221;][vc_column_text css=&#8221;&#8221; el_class=&#8221;h2-custom-font-zitat uberschrift&#8221;]\n<h2 class=\"stroke-pink\" style=\"text-align: left;\">DIL Technology Day brings fresh ideas, open discussions, and innovations that we continue to develop in collaboration with researchers and practitioners.<\/h2>\n[\/vc_column_text][vc_column_text css=&#8221;&#8221; el_class=&#8221;uberschrift&#8221;]\n<h5 class=\"stroke-pink\" style=\"text-align: left;\">Want to learn more about DIL Technology Day?<\/h5>\n[\/vc_column_text]<div class=\"gusta-align-left  \"><a href=\"https:\/\/dil-technology-day.com\/\" target=\"_blank\" title=\"DIL Technology Day\" class=\"el-2567764546939501e3bc79  ss-element gusta-read-more-button gusta-icon-link gusta-has-span show-show ani-fade linked\"><i class=\"vc-material vc-material-arrow_forward\" aria-hidden=\"true\"><\/i> <span>Hier geht\u2019s zur Webseite<\/span> <\/a><\/div><div class=\"gusta-clear gusta-mobile-clear\"><\/div>[\/vc_column_inner][vc_column_inner width=&#8221;1\/2&#8243;]<div id=\"ult-carousel-42329343596a9a78fce2ee1\" class=\"ult-carousel-wrapper   ult_horizontal\" data-gutter=\"0\" data-rtl=\"false\" ><div class=\"ult-carousel-41480772336a9a78fce2e19 \" >[vc_single_image image=&#8221;10083624&#8243; img_size=&#8221;1280&#215;720&#8243; alignment=&#8221;center&#8221; css=&#8221;&#8221;][vc_single_image image=&#8221;10083620&#8243; img_size=&#8221;1280&#215;720&#8243; alignment=&#8221;center&#8221; css=&#8221;&#8221;][vc_single_image image=&#8221;10083622&#8243; img_size=&#8221;1280&#215;720&#8243; alignment=&#8221;center&#8221; css=&#8221;&#8221;][vc_single_image image=&#8221;10083626&#8243; img_size=&#8221;1280&#215;720&#8243; alignment=&#8221;center&#8221; css=&#8221;&#8221;][vc_single_image image=&#8221;10083628&#8243; img_size=&#8221;1280&#215;720&#8243; alignment=&#8221;center&#8221; css=&#8221;&#8221;][vc_single_image image=&#8221;10083632&#8243; img_size=&#8221;1280&#215;720&#8243; alignment=&#8221;center&#8221; css=&#8221;&#8221;]<\/div><\/div>\t\t\t<script type=\"text\/javascript\">\n\t\t\t\tjQuery(document).ready(function ($) {\n\t\t\t\t\tif( typeof jQuery('.ult-carousel-41480772336a9a78fce2e19').slick == \"function\"){\n\t\t\t\t\t\t$('.ult-carousel-41480772336a9a78fce2e19').slick({dots: true,autoplay: true,autoplaySpeed: \"2500\",speed: \"500\",infinite: true,arrows: false,slidesToScroll:1,slidesToShow:1,swipe: true,draggable: true,touchMove: true,pauseOnHover: true,pauseOnFocus: false,responsive: [\n\t\t\t\t\t\t\t{\n\t\t\t\t\t\t\t  breakpoint: 1026,\n\t\t\t\t\t\t\t  settings: {\n\t\t\t\t\t\t\t\tslidesToShow: 1,\n\t\t\t\t\t\t\t\tslidesToScroll: 1,  \n\t\t\t\t\t\t\t  }\n\t\t\t\t\t\t\t},\n\t\t\t\t\t\t\t{\n\t\t\t\t\t\t\t  breakpoint: 1025,\n\t\t\t\t\t\t\t  settings: {\n\t\t\t\t\t\t\t\tslidesToShow: 1,\n\t\t\t\t\t\t\t\tslidesToScroll: 1\n\t\t\t\t\t\t\t  }\n\t\t\t\t\t\t\t},\n\t\t\t\t\t\t\t{\n\t\t\t\t\t\t\t  breakpoint: 760,\n\t\t\t\t\t\t\t  settings: {\n\t\t\t\t\t\t\t\tslidesToShow: 1,\n\t\t\t\t\t\t\t\tslidesToScroll: 1\n\t\t\t\t\t\t\t  }\n\t\t\t\t\t\t\t}\n\t\t\t\t\t\t],pauseOnDotsHover: true,customPaging: function(slider, i) {\n                   return '<i type=\"button\" style= \"color:#333333;\" class=\"ultsl-record\" data-role=\"none\"><\/i>';\n                },});\n\t\t\t\t\t}\n\t\t\t\t});\n\t\t\t<\/script>\n\t\t\t[\/vc_column_inner][\/vc_row_inner][\/vc_column][\/vc_row][vc_row full_width=&#8221;stretch_row_content_no_spaces&#8221;][vc_column el_class=&#8221;padding-top padding-left-right-tiny&#8221;][vc_row_inner equal_height=&#8221;yes&#8221; content_placement=&#8221;middle&#8221;][vc_column_inner][vc_single_image image=&#8221;10086142&#8243; img_size=&#8221;1920&#215;540&#8243; alignment=&#8221;center&#8221; onclick=&#8221;custom_link&#8221; img_link_target=&#8221;_blank&#8221; css=&#8221;&#8221; link=&#8221;https:\/\/pretix.eu\/dil\/dtd26\/&#8221; el_class=&#8221;actionlink&#8221;][\/vc_column_inner][\/vc_row_inner][\/vc_column][\/vc_row][vc_row full_width=&#8221;stretch_row_content_no_spaces&#8221;][vc_column el_class=&#8221;padding-top padding-left-right-less&#8221;][vc_row_inner equal_height=&#8221;yes&#8221; content_placement=&#8221;top&#8221;][vc_column_inner][vc_column_text css=&#8221;&#8221; el_class=&#8221;uberschrift&#8221;]\n<h3 class=\"stroke-pink\" style=\"text-align: left;\">The focus is on connecting specialists and managers, exchanging ideas with development teams, and networking<\/h3>\n[\/vc_column_text][vc_separator color=&#8221;custom&#8221; border_width=&#8221;5&#8243; el_width=&#8221;10&#8243; css=&#8221;&#8221; accent_color=&#8221;#E4F2D0&#8243; el_class=&#8221;uberschrift hide-under-991&#8243;][\/vc_column_inner][\/vc_row_inner][vc_row_inner el_class=&#8221;padding-top-less padding-left-right-moretiny&#8221;][vc_column_inner][vc_column_text css=&#8221;&#8221; el_class=&#8221;uberschrift&#8221;]\n<p class=\"p1\">A distinctive feature of the DIL Technology Day is its combination of expert insights and practical relevance: In addition to presentations by renowned speakers, participants can experience innovative technologies firsthand, exchange ideas with development teams, and network with decision-makers, research partners, and technology providers from Germany and abroad.<\/p>\n[\/vc_column_text][vc_column_text css=&#8221;&#8221;]\n<p class=\"p1\">DIL Technology Day is aimed at specialists and executives in the food industry, technological innovators, representatives from academia and startups, as well as anyone involved in current and forward-looking food technologies. Through the DIL Technology Day, the DIL helps strengthen the technological dialogue between research and industry, promotes the exchange of information on the latest developments, and creates a platform where innovations can be showcased and further explored. <\/p>\n[\/vc_column_text][\/vc_column_inner][\/vc_row_inner][\/vc_column][\/vc_row][vc_row full_width=&#8221;stretch_row_content_no_spaces&#8221;][vc_column el_class=&#8221;padding-top padding-left-right-less&#8221;][vc_row_inner][vc_column_inner el_class=&#8221;padding-left-right-moretiny&#8221;][vc_column_text css=&#8221;&#8221; el_class=&#8221;uberschrift&#8221;]\n<p style=\"text-align: left;\"><strong>An Overview of DIL Technology Day<\/strong><\/p>\n[\/vc_column_text][\/vc_column_inner][\/vc_row_inner][\/vc_column][\/vc_row][vc_row full_width=&#8221;stretch_row_content_no_spaces&#8221;][vc_column el_class=&#8221;padding-left-right-tiny corner-mask-left-white&#8221; css=&#8221;.vc_custom_1768150100098{background-color: #E4F2D0 !important;}&#8221;][vc_tta_accordion title_tag=&#8221;p&#8221; section_title_tag=&#8221;p&#8221; shape=&#8221;square&#8221; color=&#8221;purple&#8221; active_section=&#8221;10&#8243; no_fill=&#8221;true&#8221; collapsible_all=&#8221;true&#8221; el_class=&#8221;padding-top padding-bottom padding-left-right-normal&#8221;][vc_tta_section title=&#8221;Event Profile&#8221; tab_id=&#8221;1765208793226-9aa95986-dd411769076321162&#8243;][vc_row_inner][vc_column_inner el_class=&#8221;padding-top-less padding-bottom-less padding-left-right-tiny&#8221;][vc_column_text css=&#8221;&#8221; el_class=&#8221;bulletpoints&#8221;]\n<ul>\n<li>Biennial conference organized by the DIL (German Institute for Food Technology, e. V.)<\/li>\n<li>Venue: DIL in Quakenbr\u00fcck<\/li>\n<li>Brings together experts from industry, research, and technology development<\/li>\n<\/ul>\n[\/vc_column_text][\/vc_column_inner][\/vc_row_inner][\/vc_tta_section][vc_tta_section title=&#8221;Objective &#038; Added Value&#8221; tab_id=&#8221;1765208793273-696cee98-d6b41769076321162&#8243;][vc_row_inner][vc_column_inner el_class=&#8221;padding-top-less padding-bottom-less padding-left-right-tiny&#8221;][vc_column_text css=&#8221;&#8221; el_class=&#8221;bulletpoints&#8221;]\n<ul>\n<li>Drives innovation in the food technologies of tomorrow<\/li>\n<li>A platform for knowledge transfer, discussions, and technological exchange<\/li>\n<li>Highlights innovations and encourages further reflection<\/li>\n<\/ul>\n[\/vc_column_text][\/vc_column_inner][\/vc_row_inner][\/vc_tta_section][vc_tta_section title=&#8221;Format &#038; Procedure&#8221; tab_id=&#8221;1765208793326-7742485d-2d9b1769076321162&#8243;][vc_row_inner][vc_column_inner el_class=&#8221;padding-top-less padding-bottom-less padding-left-right-tiny&#8221;][vc_column_text css=&#8221;&#8221; el_class=&#8221;bulletpoints&#8221;]\n<ul>\n<li>Two days under the theme \u201cPowerful Food Technology\u201d<\/li>\n<li>Keynote speeches, technical presentations, interactive panels<\/li>\n<li>Live demonstrations of innovative technologies<\/li>\n<\/ul>\n[\/vc_column_text][\/vc_column_inner][\/vc_row_inner][\/vc_tta_section][vc_tta_section title=&#8221;Topic Areas&#8221; tab_id=&#8221;1765208793373-e7b90c26-b9a61769076321162&#8243;][vc_row_inner][vc_column_inner el_class=&#8221;padding-top-less padding-bottom-less padding-left-right-tiny&#8221;][vc_column_text css=&#8221;&#8221; el_class=&#8221;bulletpoints&#8221;]\n<ul>\n<li>Challenges and Solutions Along the Value Chain<\/li>\n<li>Key Areas: Automation, Processing, Food Biotechnology, Ingredients<\/li>\n<\/ul>\n[\/vc_column_text][\/vc_column_inner][\/vc_row_inner][\/vc_tta_section][vc_tta_section title=&#8221;Practical Experience &#038; Networking&#8221; tab_id=&#8221;1765208793426-3204a059-78cc1769076321162&#8243;][vc_row_inner][vc_column_inner el_class=&#8221;padding-top-less padding-bottom-less padding-left-right-tiny&#8221;][vc_column_text css=&#8221;&#8221; el_class=&#8221;bulletpoints&#8221;]\n<ul>\n<li>Combining Expert Input with Practical Relevance<\/li>\n<li>Direct communication with development teams<\/li>\n<li>Networking with decision-makers, research partners, and technology providers (national and international)<\/li>\n<\/ul>\n[\/vc_column_text][\/vc_column_inner][\/vc_row_inner][\/vc_tta_section][vc_tta_section title=&#8221;Target Audiences&#8221; tab_id=&#8221;1765208793476-5808b2b7-8e771769076321162&#8243;][vc_row_inner][vc_column_inner el_class=&#8221;padding-top-less padding-bottom-less padding-left-right-tiny&#8221;][vc_column_text css=&#8221;&#8221; el_class=&#8221;bulletpoints&#8221;]\n<ul>\n<li>Specialists and Executives in the Food Industry<\/li>\n<li>Technological Innovators<\/li>\n<li>Representatives from academia and startups<\/li>\n<li>Everyone working on current and cutting-edge food technologies<\/li>\n<\/ul>\n[\/vc_column_text][\/vc_column_inner][\/vc_row_inner][\/vc_tta_section][\/vc_tta_accordion][vc_empty_space height=&#8221;4vh&#8221;][\/vc_column][\/vc_row][vc_row full_width=&#8221;stretch_row_content_no_spaces&#8221;][vc_column el_class=&#8221;padding-top padding-bottom padding-left-right-tiny&#8221;][vc_row_inner equal_height=&#8221;yes&#8221; content_placement=&#8221;middle&#8221; el_class=&#8221;padding-top padding-bottom carousel-row white-cut-left&#8221;][vc_column_inner width=&#8221;1\/2&#8243;][vc_single_image image=&#8221;10085069&#8243; img_size=&#8221;1024&#215;576&#8243; alignment=&#8221;center&#8221; css=&#8221;&#8221;][\/vc_column_inner][vc_column_inner el_class=&#8221;paddinginnen-more&#8221; width=&#8221;1\/2&#8243;][vc_column_text css=&#8221;&#8221; el_class=&#8221;uberschrift&#8221;]\n<p class=\"stroke-pink\" style=\"text-align: center;\">Your Contact Person<\/p>\n[\/vc_column_text][vc_column_text css=&#8221;&#8221;]\n<h4 class=\"stroke-pink\" style=\"text-align: center;\"><span style=\"color: #12a15d;\">Aaron Dickerhoff<\/span><\/h4>\n[\/vc_column_text][vc_column_text css=&#8221;&#8221; el_class=&#8221;uberschrift&#8221;]\n<p class=\"p1\" style=\"text-align: center;\"><strong>Head of Communications and Marketing | Executive Office<\/strong><\/p>\n[\/vc_column_text]<div class=\"gusta-align-center  \"><a href=\"https:\/\/dil-ev.de\/kontakt-ansprechpartner\/\" title=\"Kontakt Ansprechpartner\" class=\"el-1362684521693c4ab11e2f8  ss-element gusta-read-more-button gusta-icon-link gusta-has-span show-show ani-fade linked\"><i class=\"vc-material vc-material-arrow_forward\" aria-hidden=\"true\"><\/i> <span>Kontaktieren Sie mich<\/span> <\/a><\/div><div class=\"gusta-clear gusta-mobile-clear\"><\/div>[\/vc_column_inner][\/vc_row_inner][\/vc_column][\/vc_row]\n<\/div>","protected":false},"excerpt":{"rendered":"<p>[vc_row full_width=&#8221;stretch_row_content_no_spaces&#8221;][vc_column el_class=&#8221;padding-top-first padding-left-right-less&#8221;][vc_row_inner equal_height=&#8221;yes&#8221; content_placement=&#8221;middle&#8221;][vc_column_inner width=&#8221;2\/3&#8243;][vc_column_text css=&#8221;&#8221; el_class=&#8221;h1-custom-font uberschrift&#8221;] DIL Technology Day 26 Two Days of Cutting-Edge Food Technology [\/vc_column_text][\/vc_column_inner][vc_column_inner width=&#8221;1\/3&#8243;][\/vc_column_inner][\/vc_row_inner][\/vc_column][\/vc_row][vc_row full_width=&#8221;stretch_row_content_no_spaces&#8221;][vc_column el_class=&#8221;padding-left-right-tinypic corner-mask-left-white hero-img-top-mobile&#8221;<span class=\"excerpt-hellip\"> [\u2026]<\/span><\/p>\n","protected":false},"author":1,"featured_media":1009099,"parent":10086848,"menu_order":1,"comment_status":"closed","ping_status":"closed","template":"","meta":{"_acf_changed":false,"footnotes":""},"class_list":["post-10086545","page","type-page","status-publish","has-post-thumbnail","hentry"],"acf":[],"yoast_head":"<!-- This site is optimized with the Yoast SEO plugin v27.9 - https:\/\/yoast.com\/product\/yoast-seo-wordpress\/ -->\n<title>DIL Technology Day 26 | Two Days of Powerful Food Technology<\/title>\n<meta name=\"description\" content=\"Keynotes, panels, live demos, and networking\u2014connecting specialists and executives and fostering dialogue with development teams\" \/>\n<meta name=\"robots\" content=\"index, follow, max-snippet:-1, max-image-preview:large, max-video-preview:-1\" \/>\n<link rel=\"canonical\" href=\"https:\/\/dil-ev.de\/en\/events\/dil-technology-day\/\" \/>\n<meta property=\"og:locale\" content=\"en_US\" \/>\n<meta property=\"og:type\" content=\"article\" \/>\n<meta property=\"og:title\" content=\"DIL Technology Day 26 | Two Days of Powerful Food Technology\" \/>\n<meta property=\"og:description\" content=\"Keynotes, panels, live demos, and networking\u2014connecting specialists and executives and fostering dialogue with development teams\" \/>\n<meta property=\"og:url\" content=\"https:\/\/dil-ev.de\/en\/events\/dil-technology-day\/\" \/>\n<meta property=\"og:site_name\" content=\"DIL Deutsches Institut f\u00fcr Lebensmitteltechnik e. V.\" \/>\n<meta property=\"article:modified_time\" content=\"2026-07-26T15:01:04+00:00\" \/>\n<meta property=\"og:image\" content=\"https:\/\/dil-ev.de\/wp-content\/uploads\/2025\/09\/dil-ev-veranstaltungen-dil-technology-day.jpg\" \/>\n\t<meta property=\"og:image:width\" content=\"1920\" \/>\n\t<meta property=\"og:image:height\" content=\"1080\" \/>\n\t<meta property=\"og:image:type\" content=\"image\/jpeg\" \/>\n<meta name=\"twitter:card\" content=\"summary_large_image\" \/>\n<meta name=\"twitter:label1\" content=\"Est. reading time\" \/>\n\t<meta name=\"twitter:data1\" content=\"9 minutes\" \/>\n<script type=\"application\/ld+json\" class=\"yoast-schema-graph\">{\"@context\":\"https:\\\/\\\/schema.org\",\"@graph\":[{\"@type\":\"WebPage\",\"@id\":\"https:\\\/\\\/dil-ev.de\\\/en\\\/events\\\/dil-technology-day\\\/\",\"url\":\"https:\\\/\\\/dil-ev.de\\\/en\\\/events\\\/dil-technology-day\\\/\",\"name\":\"DIL Technology Day 26 | Two Days of Powerful Food Technology\",\"isPartOf\":{\"@id\":\"https:\\\/\\\/dil-ev.de\\\/en\\\/#website\"},\"primaryImageOfPage\":{\"@id\":\"https:\\\/\\\/dil-ev.de\\\/en\\\/events\\\/dil-technology-day\\\/#primaryimage\"},\"image\":{\"@id\":\"https:\\\/\\\/dil-ev.de\\\/en\\\/events\\\/dil-technology-day\\\/#primaryimage\"},\"thumbnailUrl\":\"https:\\\/\\\/dil-ev.de\\\/wp-content\\\/uploads\\\/2025\\\/09\\\/dil-ev-veranstaltungen-dil-technology-day.jpg\",\"datePublished\":\"2025-12-27T08:15:06+00:00\",\"dateModified\":\"2026-07-26T15:01:04+00:00\",\"description\":\"Keynotes, panels, live demos, and networking\u2014connecting specialists and executives and fostering dialogue with development teams\",\"breadcrumb\":{\"@id\":\"https:\\\/\\\/dil-ev.de\\\/en\\\/events\\\/dil-technology-day\\\/#breadcrumb\"},\"inLanguage\":\"en-US\",\"potentialAction\":[{\"@type\":\"ReadAction\",\"target\":[\"https:\\\/\\\/dil-ev.de\\\/en\\\/events\\\/dil-technology-day\\\/\"]}]},{\"@type\":\"ImageObject\",\"inLanguage\":\"en-US\",\"@id\":\"https:\\\/\\\/dil-ev.de\\\/en\\\/events\\\/dil-technology-day\\\/#primaryimage\",\"url\":\"https:\\\/\\\/dil-ev.de\\\/wp-content\\\/uploads\\\/2025\\\/09\\\/dil-ev-veranstaltungen-dil-technology-day.jpg\",\"contentUrl\":\"https:\\\/\\\/dil-ev.de\\\/wp-content\\\/uploads\\\/2025\\\/09\\\/dil-ev-veranstaltungen-dil-technology-day.jpg\",\"width\":1920,\"height\":1080,\"caption\":\"Konferenzszene beim DIL Technology Day: Zahlreiche Teilnehmende sitzen im gro\u00dfen Eventzelt vor der B\u00fchne und verfolgen das Programm. Auf dem LED-Screen steht \u201eDIL Technology Day 24 \u2013 Two Days of Powerful Food Technology (June 11\u201312, 2024)\u201c. Das Bild zeigt die Tagungsatmosph\u00e4re mit Vortragsformat, Sponsorenwand und Fokus auf Food Technology, Innovation und Austausch zwischen Wissenschaft und Industrie.\"},{\"@type\":\"BreadcrumbList\",\"@id\":\"https:\\\/\\\/dil-ev.de\\\/en\\\/events\\\/dil-technology-day\\\/#breadcrumb\",\"itemListElement\":[{\"@type\":\"ListItem\",\"position\":1,\"name\":\"Startseite\",\"item\":\"https:\\\/\\\/dil-ev.de\\\/en\\\/\"},{\"@type\":\"ListItem\",\"position\":2,\"name\":\"Events\",\"item\":\"https:\\\/\\\/dil-ev.de\\\/en\\\/?page_id=10086848\"},{\"@type\":\"ListItem\",\"position\":3,\"name\":\"DIL Technology Day\"}]},{\"@type\":\"WebSite\",\"@id\":\"https:\\\/\\\/dil-ev.de\\\/en\\\/#website\",\"url\":\"https:\\\/\\\/dil-ev.de\\\/en\\\/\",\"name\":\"DIL Deutsches Institut f\u00fcr Lebensmitteltechnik e.V.\",\"description\":\"Forschungsinstitut f\u00fcr Lebensmitteltechnik in Quakenbr\u00fcck\",\"publisher\":{\"@id\":\"https:\\\/\\\/dil-ev.de\\\/en\\\/#organization\"},\"potentialAction\":[{\"@type\":\"SearchAction\",\"target\":{\"@type\":\"EntryPoint\",\"urlTemplate\":\"https:\\\/\\\/dil-ev.de\\\/en\\\/?s={search_term_string}\"},\"query-input\":{\"@type\":\"PropertyValueSpecification\",\"valueRequired\":true,\"valueName\":\"search_term_string\"}}],\"inLanguage\":\"en-US\"},{\"@type\":\"Organization\",\"@id\":\"https:\\\/\\\/dil-ev.de\\\/en\\\/#organization\",\"name\":\"DIL Deutsches Institut f\u00fcr Lebensmitteltechnik e.V.\",\"alternateName\":\"DIL e. V.\",\"url\":\"https:\\\/\\\/dil-ev.de\\\/en\\\/\",\"logo\":{\"@type\":\"ImageObject\",\"inLanguage\":\"en-US\",\"@id\":\"https:\\\/\\\/dil-ev.de\\\/en\\\/#\\\/schema\\\/logo\\\/image\\\/\",\"url\":\"https:\\\/\\\/dil-ev.de\\\/wp-content\\\/uploads\\\/2026\\\/02\\\/Dil-ev-favicon-yost-small.jpg\",\"contentUrl\":\"https:\\\/\\\/dil-ev.de\\\/wp-content\\\/uploads\\\/2026\\\/02\\\/Dil-ev-favicon-yost-small.jpg\",\"width\":696,\"height\":696,\"caption\":\"DIL Deutsches Institut f\u00fcr Lebensmitteltechnik e.V.\"},\"image\":{\"@id\":\"https:\\\/\\\/dil-ev.de\\\/en\\\/#\\\/schema\\\/logo\\\/image\\\/\"},\"sameAs\":[\"https:\\\/\\\/www.instagram.com\\\/dil_e.v\\\/\",\"https:\\\/\\\/www.linkedin.com\\\/company\\\/deutsches-institut-f-r-lebensmitteltechnik-e-v-\\\/posts\\\/?feedView=all\"]}]}<\/script>\n<!-- \/ Yoast SEO plugin. -->","yoast_head_json":{"title":"DIL Technology Day 26 | Two Days of Powerful Food Technology","description":"Keynotes, panels, live demos, and networking\u2014connecting specialists and executives and fostering dialogue with development teams","robots":{"index":"index","follow":"follow","max-snippet":"max-snippet:-1","max-image-preview":"max-image-preview:large","max-video-preview":"max-video-preview:-1"},"canonical":"https:\/\/dil-ev.de\/en\/events\/dil-technology-day\/","og_locale":"en_US","og_type":"article","og_title":"DIL Technology Day 26 | Two Days of Powerful Food Technology","og_description":"Keynotes, panels, live demos, and networking\u2014connecting specialists and executives and fostering dialogue with development teams","og_url":"https:\/\/dil-ev.de\/en\/events\/dil-technology-day\/","og_site_name":"DIL Deutsches Institut f\u00fcr Lebensmitteltechnik e. V.","article_modified_time":"2026-07-26T15:01:04+00:00","og_image":[{"width":1920,"height":1080,"url":"https:\/\/dil-ev.de\/wp-content\/uploads\/2025\/09\/dil-ev-veranstaltungen-dil-technology-day.jpg","type":"image\/jpeg"}],"twitter_card":"summary_large_image","twitter_misc":{"Est. reading time":"9 minutes"},"schema":{"@context":"https:\/\/schema.org","@graph":[{"@type":"WebPage","@id":"https:\/\/dil-ev.de\/en\/events\/dil-technology-day\/","url":"https:\/\/dil-ev.de\/en\/events\/dil-technology-day\/","name":"DIL Technology Day 26 | Two Days of Powerful Food Technology","isPartOf":{"@id":"https:\/\/dil-ev.de\/en\/#website"},"primaryImageOfPage":{"@id":"https:\/\/dil-ev.de\/en\/events\/dil-technology-day\/#primaryimage"},"image":{"@id":"https:\/\/dil-ev.de\/en\/events\/dil-technology-day\/#primaryimage"},"thumbnailUrl":"https:\/\/dil-ev.de\/wp-content\/uploads\/2025\/09\/dil-ev-veranstaltungen-dil-technology-day.jpg","datePublished":"2025-12-27T08:15:06+00:00","dateModified":"2026-07-26T15:01:04+00:00","description":"Keynotes, panels, live demos, and networking\u2014connecting specialists and executives and fostering dialogue with development teams","breadcrumb":{"@id":"https:\/\/dil-ev.de\/en\/events\/dil-technology-day\/#breadcrumb"},"inLanguage":"en-US","potentialAction":[{"@type":"ReadAction","target":["https:\/\/dil-ev.de\/en\/events\/dil-technology-day\/"]}]},{"@type":"ImageObject","inLanguage":"en-US","@id":"https:\/\/dil-ev.de\/en\/events\/dil-technology-day\/#primaryimage","url":"https:\/\/dil-ev.de\/wp-content\/uploads\/2025\/09\/dil-ev-veranstaltungen-dil-technology-day.jpg","contentUrl":"https:\/\/dil-ev.de\/wp-content\/uploads\/2025\/09\/dil-ev-veranstaltungen-dil-technology-day.jpg","width":1920,"height":1080,"caption":"Konferenzszene beim DIL Technology Day: Zahlreiche Teilnehmende sitzen im gro\u00dfen Eventzelt vor der B\u00fchne und verfolgen das Programm. Auf dem LED-Screen steht \u201eDIL Technology Day 24 \u2013 Two Days of Powerful Food Technology (June 11\u201312, 2024)\u201c. Das Bild zeigt die Tagungsatmosph\u00e4re mit Vortragsformat, Sponsorenwand und Fokus auf Food Technology, Innovation und Austausch zwischen Wissenschaft und Industrie."},{"@type":"BreadcrumbList","@id":"https:\/\/dil-ev.de\/en\/events\/dil-technology-day\/#breadcrumb","itemListElement":[{"@type":"ListItem","position":1,"name":"Startseite","item":"https:\/\/dil-ev.de\/en\/"},{"@type":"ListItem","position":2,"name":"Events","item":"https:\/\/dil-ev.de\/en\/?page_id=10086848"},{"@type":"ListItem","position":3,"name":"DIL Technology Day"}]},{"@type":"WebSite","@id":"https:\/\/dil-ev.de\/en\/#website","url":"https:\/\/dil-ev.de\/en\/","name":"DIL Deutsches Institut f\u00fcr Lebensmitteltechnik e.V.","description":"Forschungsinstitut f\u00fcr Lebensmitteltechnik in Quakenbr\u00fcck","publisher":{"@id":"https:\/\/dil-ev.de\/en\/#organization"},"potentialAction":[{"@type":"SearchAction","target":{"@type":"EntryPoint","urlTemplate":"https:\/\/dil-ev.de\/en\/?s={search_term_string}"},"query-input":{"@type":"PropertyValueSpecification","valueRequired":true,"valueName":"search_term_string"}}],"inLanguage":"en-US"},{"@type":"Organization","@id":"https:\/\/dil-ev.de\/en\/#organization","name":"DIL Deutsches Institut f\u00fcr Lebensmitteltechnik e.V.","alternateName":"DIL e. V.","url":"https:\/\/dil-ev.de\/en\/","logo":{"@type":"ImageObject","inLanguage":"en-US","@id":"https:\/\/dil-ev.de\/en\/#\/schema\/logo\/image\/","url":"https:\/\/dil-ev.de\/wp-content\/uploads\/2026\/02\/Dil-ev-favicon-yost-small.jpg","contentUrl":"https:\/\/dil-ev.de\/wp-content\/uploads\/2026\/02\/Dil-ev-favicon-yost-small.jpg","width":696,"height":696,"caption":"DIL Deutsches Institut f\u00fcr Lebensmitteltechnik e.V."},"image":{"@id":"https:\/\/dil-ev.de\/en\/#\/schema\/logo\/image\/"},"sameAs":["https:\/\/www.instagram.com\/dil_e.v\/","https:\/\/www.linkedin.com\/company\/deutsches-institut-f-r-lebensmitteltechnik-e-v-\/posts\/?feedView=all"]}]}},"_links":{"self":[{"href":"https:\/\/dil-ev.de\/en\/wp-json\/wp\/v2\/pages\/10086545","targetHints":{"allow":["GET"]}}],"collection":[{"href":"https:\/\/dil-ev.de\/en\/wp-json\/wp\/v2\/pages"}],"about":[{"href":"https:\/\/dil-ev.de\/en\/wp-json\/wp\/v2\/types\/page"}],"author":[{"embeddable":true,"href":"https:\/\/dil-ev.de\/en\/wp-json\/wp\/v2\/users\/1"}],"replies":[{"embeddable":true,"href":"https:\/\/dil-ev.de\/en\/wp-json\/wp\/v2\/comments?post=10086545"}],"version-history":[{"count":8,"href":"https:\/\/dil-ev.de\/en\/wp-json\/wp\/v2\/pages\/10086545\/revisions"}],"predecessor-version":[{"id":10087498,"href":"https:\/\/dil-ev.de\/en\/wp-json\/wp\/v2\/pages\/10086545\/revisions\/10087498"}],"up":[{"embeddable":true,"href":"https:\/\/dil-ev.de\/en\/wp-json\/wp\/v2\/pages\/10086848"}],"wp:featuredmedia":[{"embeddable":true,"href":"https:\/\/dil-ev.de\/en\/wp-json\/wp\/v2\/media\/1009099"}],"wp:attachment":[{"href":"https:\/\/dil-ev.de\/en\/wp-json\/wp\/v2\/media?parent=10086545"}],"curies":[{"name":"wp","href":"https:\/\/api.w.org\/{rel}","templated":true}]}}