{"id":10086581,"date":"2025-12-17T12:13:06","date_gmt":"2025-12-17T11:13:06","guid":{"rendered":"https:\/\/dil-ev.de\/international-summer-university\/"},"modified":"2026-07-21T19:55:52","modified_gmt":"2026-07-21T17:55:52","slug":"international-summer-university","status":"publish","type":"page","link":"https:\/\/dil-ev.de\/en\/continuing-education\/international-summer-university\/","title":{"rendered":"International Summer University"},"content":{"rendered":"<div class=\"wpb-content-wrapper\">[vc_row full_width=&#8221;stretch_row_content_no_spaces&#8221;][vc_column el_class=&#8221;padding-top-first padding-left-right-less&#8221;][vc_row_inner equal_height=&#8221;yes&#8221; content_placement=&#8221;middle&#8221;][vc_column_inner width=&#8221;2\/3&#8243;][vc_column_text css=&#8221;&#8221; el_class=&#8221;h1-custom-font uberschrift&#8221;]\n<h1 class=\"stroke-pink\" style=\"text-align: left;\"><span class=\"fade\"><span style=\"color: #008000;\">International Summer University<\/span><br \/>\n Food Technologies<\/span><\/h1>\n[\/vc_column_text][\/vc_column_inner][vc_column_inner width=&#8221;1\/3&#8243;][\/vc_column_inner][\/vc_row_inner][\/vc_column][\/vc_row][vc_row full_width=&#8221;stretch_row_content_no_spaces&#8221;][vc_column el_class=&#8221;padding-left-right-tinypic corner-mask-left-white hero-img-top-mobile&#8221; css=&#8221;.vc_custom_1771413239258{background-image: url(https:\/\/dil-ev.de\/wp-content\/uploads\/2026\/02\/dil-ev-weiterbildung-international-summerlab.jpg?id=10084909) !important;background-position: center !important;background-repeat: no-repeat !important;background-size: cover !important;}&#8221;][vc_row_inner el_class=&#8221;paddinginnen-more&#8221;][vc_column_inner width=&#8221;1\/2&#8243; offset=&#8221;vc_hidden-xs&#8221;][\/vc_column_inner][vc_column_inner el_class=&#8221;specific-container hero-card-4-3-col&#8221; width=&#8221;1\/2&#8243;][vc_single_image image=&#8221;10084296&#8243; img_size=&#8221;300&#215;300&#8243; css=&#8221;&#8221; el_class=&#8221;uberschriftviel scale-with-padding hide-under-991&#8243;][vc_column_text css=&#8221;.vc_custom_1770637047621{padding-right: 1vw !important;padding-left: 1vw !important;}&#8221; el_class=&#8221;uberschrift&#8221;]\n<h2 class=\"stroke-pink\" style=\"text-align: left;\">From Science to Application: The Food Technologies Course at the International Summer University<\/h2>\n[\/vc_column_text][\/vc_column_inner][\/vc_row_inner][\/vc_column][\/vc_row][vc_row full_width=&#8221;stretch_row_content_no_spaces&#8221;][vc_column el_class=&#8221;padding-top padding-left-right-less&#8221;][vc_row_inner equal_height=&#8221;yes&#8221; content_placement=&#8221;middle&#8221;][vc_column_inner][vc_column_text css=&#8221;&#8221; el_class=&#8221;uberschrift&#8221;]\n<h3 class=\"stroke-pink\">Applied Food Technology in an International Context<\/h3>\n[\/vc_column_text][vc_separator color=&#8221;custom&#8221; border_width=&#8221;5&#8243; el_width=&#8221;10&#8243; css=&#8221;&#8221; accent_color=&#8221;#E4F2D0&#8243; el_class=&#8221;uberschrift hide-under-991&#8243;][\/vc_column_inner][\/vc_row_inner][vc_row_inner el_class=&#8221;padding-top-less padding-left-right-moretiny&#8221;][vc_column_inner][vc_column_text css=&#8221;&#8221; el_class=&#8221;uberschrift&#8221;]\n<p class=\"p1\">The Course <a href=\"https:\/\/www.hs-osnabrueck.de\/en\/study\/international\/summer-and-winter-programs\/isu-course-food-technologies\/\" target=\"_blank\" rel=\"noopener\"><strong>&#8220;Food Technologies&#8221;<\/strong><\/a> is part of the <a href=\"https:\/\/www.hs-osnabrueck.de\/en\/study\/international\/summer-and-winter-programs\/international-summer-university\/\" target=\"_blank\" rel=\"noopener\"><strong>International Summer University<\/strong><\/a> at Osnabr\u00fcck University of Applied Sciences and is held annually in close cooperation with the DIL (German Institute of Food Technology). The English-language summer program is aimed at international and domestic students (Bachelor\u2019s\/Master\u2019s) in food technology and related fields. As part of the three-week program, participants combine the scientific fundamentals of food processing with hands-on laboratory and technology sessions, some of which take place at the DIL.  <\/p>\n[\/vc_column_text][vc_column_text css=&#8221;&#8221;]\n<p class=\"p1\">A central component of the course is direct collaboration with researchers at the DIL. Students gain insights into applied research projects, modern technical infrastructure, and practical issues relevant to the food industry. Through practical exercises and supervised assignments, theoretical knowledge is deepened and applied to real-world contexts. Topics covered include modern food production processes, current technological developments, and selected issues from research and industrial applications.   <\/p>\n[\/vc_column_text][\/vc_column_inner][\/vc_row_inner][\/vc_column][\/vc_row][vc_row full_width=&#8221;stretch_row_content_no_spaces&#8221;][vc_column el_class=&#8221;padding-top padding-left-right-tiny&#8221;][vc_row_inner equal_height=&#8221;yes&#8221; content_placement=&#8221;middle&#8221; el_class=&#8221;padding-top-less padding-bottom-less carousel-row white-cut-right&#8221;][vc_column_inner el_class=&#8221;paddinginnen-more specific-container&#8221; width=&#8221;1\/2&#8243;][vc_single_image image=&#8221;10080181&#8243; img_size=&#8221;300&#215;300&#8243; css=&#8221;&#8221; el_class=&#8221;uberschriftviel&#8221;][vc_column_text css=&#8221;&#8221; el_class=&#8221;h2-custom-font-zitat uberschrift&#8221;]\n<h2 class=\"stroke-pink\" style=\"text-align: left;\">The &#8220;Food Technologies&#8221; course, offered as part of the International Summer University at Osnabr\u00fcck University of Applied Sciences.<\/h2>\n[\/vc_column_text][vc_column_text css=&#8221;&#8221; el_class=&#8221;uberschrift&#8221;]\n<h5 class=\"stroke-pink\">Want to learn more about the \u201cFood Technologies\u201d course?<\/h5>\n[\/vc_column_text]<div class=\"gusta-align-left  \"><a href=\"https:\/\/www.hs-osnabrueck.de\/en\/study\/international\/summer-and-winter-programs\/isu-course-food-technologies\" target=\"_blank\" title=\"International Summer University\" class=\"el-2567764546939501e3bc79  ss-element gusta-read-more-button gusta-icon-link gusta-has-span show-show ani-fade linked\"><i class=\"vc-material vc-material-arrow_forward\" aria-hidden=\"true\"><\/i> <span>Hier geht\u2019s zur Webseite<\/span> <\/a><\/div><div class=\"gusta-clear gusta-mobile-clear\"><\/div>[\/vc_column_inner][vc_column_inner width=&#8221;1\/2&#8243;]<div id=\"ult-carousel-10534681516a9a7962eb87d\" class=\"ult-carousel-wrapper   ult_horizontal\" data-gutter=\"0\" data-rtl=\"false\" ><div class=\"ult-carousel-26135325776a9a7962eb7b3 \" >[vc_single_image image=&#8221;10084913&#8243; img_size=&#8221;1280&#215;720&#8243; alignment=&#8221;center&#8221; css=&#8221;&#8221;][vc_single_image image=&#8221;10084915&#8243; img_size=&#8221;1280&#215;720&#8243; alignment=&#8221;center&#8221; css=&#8221;&#8221;]<\/div><\/div>\t\t\t<script type=\"text\/javascript\">\n\t\t\t\tjQuery(document).ready(function ($) {\n\t\t\t\t\tif( typeof jQuery('.ult-carousel-26135325776a9a7962eb7b3').slick == \"function\"){\n\t\t\t\t\t\t$('.ult-carousel-26135325776a9a7962eb7b3').slick({dots: true,autoplay: true,autoplaySpeed: \"2500\",speed: \"500\",infinite: true,arrows: false,slidesToScroll:1,slidesToShow:1,swipe: true,draggable: true,touchMove: true,pauseOnHover: true,pauseOnFocus: false,responsive: [\n\t\t\t\t\t\t\t{\n\t\t\t\t\t\t\t  breakpoint: 1026,\n\t\t\t\t\t\t\t  settings: {\n\t\t\t\t\t\t\t\tslidesToShow: 1,\n\t\t\t\t\t\t\t\tslidesToScroll: 1,  \n\t\t\t\t\t\t\t  }\n\t\t\t\t\t\t\t},\n\t\t\t\t\t\t\t{\n\t\t\t\t\t\t\t  breakpoint: 1025,\n\t\t\t\t\t\t\t  settings: {\n\t\t\t\t\t\t\t\tslidesToShow: 1,\n\t\t\t\t\t\t\t\tslidesToScroll: 1\n\t\t\t\t\t\t\t  }\n\t\t\t\t\t\t\t},\n\t\t\t\t\t\t\t{\n\t\t\t\t\t\t\t  breakpoint: 760,\n\t\t\t\t\t\t\t  settings: {\n\t\t\t\t\t\t\t\tslidesToShow: 1,\n\t\t\t\t\t\t\t\tslidesToScroll: 1\n\t\t\t\t\t\t\t  }\n\t\t\t\t\t\t\t}\n\t\t\t\t\t\t],pauseOnDotsHover: true,customPaging: function(slider, i) {\n                   return '<i type=\"button\" style= \"color:#333333;\" class=\"ultsl-record\" data-role=\"none\"><\/i>';\n                },});\n\t\t\t\t\t}\n\t\t\t\t});\n\t\t\t<\/script>\n\t\t\t[\/vc_column_inner][\/vc_row_inner][\/vc_column][\/vc_row][vc_row full_width=&#8221;stretch_row_content_no_spaces&#8221;][vc_column el_class=&#8221;padding-top padding-left-right-less&#8221;][vc_row_inner equal_height=&#8221;yes&#8221; content_placement=&#8221;top&#8221;][vc_column_inner][vc_column_text css=&#8221;&#8221; el_class=&#8221;uberschrift&#8221;]\n<h3 class=\"stroke-pink\" style=\"text-align: left;\">Osnabr\u00fcck University of Applied Sciences and the DIL are strengthening international education and supporting the next generation of researchers through \u201cFood Technologies\u201d<\/h3>\n[\/vc_column_text][vc_separator color=&#8221;custom&#8221; border_width=&#8221;5&#8243; el_width=&#8221;10&#8243; css=&#8221;&#8221; accent_color=&#8221;#E4F2D0&#8243; el_class=&#8221;uberschrift hide-under-991&#8243;][\/vc_column_inner][\/vc_row_inner][vc_row_inner el_class=&#8221;padding-top-less padding-left-right-moretiny&#8221;][vc_column_inner][vc_column_text css=&#8221;&#8221;]\n<p class=\"p1\">In addition to the academic content, the International Summer University offers an intercultural and cultural support program designed to foster exchange among participants and provide insights into German culture and society. ECTS credits are awarded for successful participation. Participation in the program is subject to an application process. Interested students can find information on the International Summer University website regarding eligibility requirements, deadlines, fees, and language requirements, as well as the online application portal for <a href=\"https:\/\/www.hs-osnabrueck.de\/en\/study\/international\/summer-and-winter-programs\/isu-course-food-technologies\/\" target=\"_blank\" rel=\"noopener\"><strong>Osnabr\u00fcck University of Applied Sciences<\/strong>.<\/a>   <\/p>\n[\/vc_column_text][\/vc_column_inner][\/vc_row_inner][\/vc_column][\/vc_row][vc_row full_width=&#8221;stretch_row_content_no_spaces&#8221;][vc_column el_class=&#8221;padding-top padding-left-right-less&#8221;][vc_row_inner][vc_column_inner el_class=&#8221;padding-left-right-moretiny&#8221;][vc_column_text css=&#8221;&#8221; el_class=&#8221;uberschrift&#8221;]\n<p style=\"text-align: left;\"><strong>Course Information<\/strong><\/p>\n[\/vc_column_text][\/vc_column_inner][\/vc_row_inner][\/vc_column][\/vc_row][vc_row full_width=&#8221;stretch_row_content_no_spaces&#8221;][vc_column el_class=&#8221;padding-left-right-tiny corner-mask-left-white&#8221; css=&#8221;.vc_custom_1768150679433{background-color: #E4F2D0 !important;}&#8221;][vc_tta_accordion title_tag=&#8221;p&#8221; section_title_tag=&#8221;p&#8221; shape=&#8221;square&#8221; color=&#8221;purple&#8221; active_section=&#8221;10&#8243; no_fill=&#8221;true&#8221; collapsible_all=&#8221;true&#8221; el_class=&#8221;padding-top padding-bottom padding-left-right-normal&#8221;][vc_tta_section title=&#8221;Collaboration &#038; Curriculum Framework&#8221; tab_id=&#8221;1765208793226-9aa95986-dd4117654672337581765961416501176596776079917668508220681769069518583&#8243;][vc_row_inner][vc_column_inner el_class=&#8221;padding-top-less padding-bottom-less padding-left-right-tiny&#8221;][vc_column_text css=&#8221;&#8221; el_class=&#8221;bulletpoints&#8221;]\n<ul>\n<li data-start=\"31\" data-end=\"96\">Part of the International Summer University<\/li>\n<li data-start=\"31\" data-end=\"96\">Held annually in close cooperation with Osnabr\u00fcck University of Applied Sciences<\/li>\n<li data-start=\"31\" data-end=\"96\">English-language program<\/li>\n<\/ul>\n[\/vc_column_text][\/vc_column_inner][\/vc_row_inner][\/vc_tta_section][vc_tta_section title=&#8221;Target Audience&#8221; tab_id=&#8221;1765208793273-696cee98-d6b417654672337581765961416501176596776079917668508220681769069518583&#8243;][vc_row_inner][vc_column_inner el_class=&#8221;padding-top-less padding-bottom-less padding-left-right-tiny&#8221;][vc_column_text css=&#8221;&#8221; el_class=&#8221;bulletpoints&#8221;]\n<ul>\n<li>International and Domestic Students (Bachelor&#8217;s\/Master&#8217;s)<\/li>\n<li>Food Technology and Related Fields<\/li>\n<\/ul>\n[\/vc_column_text][\/vc_column_inner][\/vc_row_inner][\/vc_tta_section][vc_tta_section title=&#8221;Schedule &#038; Format&#8221; tab_id=&#8221;1765208793326-7742485d-2d9b17654672337581765961416501176596776079917668508220681769069518583&#8243;][vc_row_inner][vc_column_inner el_class=&#8221;padding-top-less padding-bottom-less padding-left-right-tiny&#8221;][vc_column_text css=&#8221;&#8221; el_class=&#8221;bulletpoints&#8221;]\n<ul>\n<li>Course duration: three weeks<\/li>\n<li>A mix of theory, lab work, and technology sessions<\/li>\n<li>Partial implementation at the DIL<\/li>\n<\/ul>\n[\/vc_column_text][\/vc_column_inner][\/vc_row_inner][\/vc_tta_section][vc_tta_section title=&#8221;Contents&#8221; tab_id=&#8221;1765208793373-e7b90c26-b9a617654672337581765961416501176596776079917668508220681769069518583&#8243;][vc_row_inner][vc_column_inner el_class=&#8221;padding-top-less padding-bottom-less padding-left-right-tiny&#8221;][vc_column_text css=&#8221;&#8221; el_class=&#8221;bulletpoints&#8221;]\n<ul>\n<li>Modern Methods of Food Processing and Production<\/li>\n<li>Current Technological Developments<\/li>\n<li>Research &#038; Industrial Applications (Case Studies\/Research Questions)<\/li>\n<\/ul>\n[\/vc_column_text][\/vc_column_inner][\/vc_row_inner][\/vc_tta_section][vc_tta_section title=&#8221;Practice &#038; Expertise&#8221; tab_id=&#8221;1765208793426-3204a059-78cc17654672337581765961416501176596776079917668508220681769069518583&#8243;][vc_row_inner][vc_column_inner el_class=&#8221;padding-top-less padding-bottom-less padding-left-right-tiny&#8221;][vc_column_text css=&#8221;&#8221; el_class=&#8221;bulletpoints&#8221;]\n<ul>\n<li>Collaboration with DIL Researchers: Insights into Infrastructure and Projects<\/li>\n<li>Hands-on exercises, supervised assignments, working in international teams<\/li>\n<li>Promoting Professional and Intercultural Skills<\/li>\n<\/ul>\n[\/vc_column_text][\/vc_column_inner][\/vc_row_inner][\/vc_tta_section][vc_tta_section title=&#8221;Application &#038; Graduation&#8221; tab_id=&#8221;1765963223600-b68b4b95-5af6176596776079917668508220681769069518583&#8243;][vc_row_inner][vc_column_inner el_class=&#8221;padding-top-less padding-bottom-less padding-left-right-tiny&#8221;][vc_column_text css=&#8221;&#8221; el_class=&#8221;bulletpoints&#8221;]\n<ul>\n<li>Application via the Osnabr\u00fcck University of Applied Sciences online portal<\/li>\n<li>ECTS credits upon successful completion<\/li>\n<li>Contribution to Internationalization, Supporting Young Talent, and Knowledge Transfer<\/li>\n<\/ul>\n[\/vc_column_text][\/vc_column_inner][\/vc_row_inner][\/vc_tta_section][\/vc_tta_accordion][vc_empty_space height=&#8221;4vh&#8221;][\/vc_column][\/vc_row][vc_row full_width=&#8221;stretch_row_content_no_spaces&#8221;][vc_column el_class=&#8221;padding-top padding-left-right-tiny&#8221;][vc_row_inner equal_height=&#8221;yes&#8221; content_placement=&#8221;middle&#8221; el_class=&#8221;padding-top padding-bottom carousel-row white-cut-left&#8221;][vc_column_inner width=&#8221;1\/2&#8243;][vc_single_image image=&#8221;10081096&#8243; img_size=&#8221;1024&#215;576&#8243; alignment=&#8221;center&#8221; css=&#8221;&#8221;][\/vc_column_inner][vc_column_inner el_class=&#8221;paddinginnen-more&#8221; width=&#8221;1\/2&#8243;][vc_column_text css=&#8221;&#8221; el_class=&#8221;uberschrift&#8221;]\n<p class=\"stroke-pink\" style=\"text-align: center;\">Your Contact Person<\/p>\n[\/vc_column_text][vc_column_text css=&#8221;&#8221;]\n<h4 class=\"stroke-pink\" style=\"text-align: center;\"><span style=\"color: #12a15d;\">Dr. Karin Wiesotzki<\/span><\/h4>\n[\/vc_column_text][vc_column_text css=&#8221;&#8221; el_class=&#8221;uberschrift&#8221;]\n<p class=\"p1\" style=\"text-align: center;\"><strong>Head of Program Coordination<\/strong><\/p>\n[\/vc_column_text]<div class=\"gusta-align-center  \"><a href=\"https:\/\/dil-ev.de\/kontakt-ansprechpartner\/\" title=\"Kontakt Ansprechpartner\" class=\"el-1362684521693c4ab11e2f8  ss-element gusta-read-more-button gusta-icon-link gusta-has-span show-show ani-fade linked\"><i class=\"vc-material vc-material-arrow_forward\" aria-hidden=\"true\"><\/i> <span>Kontaktieren Sie mich<\/span> <\/a><\/div><div class=\"gusta-clear gusta-mobile-clear\"><\/div>[\/vc_column_inner][\/vc_row_inner][\/vc_column][\/vc_row][vc_row full_width=&#8221;stretch_row_content_no_spaces&#8221;][vc_column el_class=&#8221;padding-top padding-left-right-less&#8221;][vc_column_text css=&#8221;&#8221; el_class=&#8221;uberschrift&#8221;]\n<p class=\"stroke-pink\" style=\"text-align: left;\"><strong>Download Flyer<\/strong><\/p>\n[\/vc_column_text][\/vc_column][\/vc_row][vc_row full_width=&#8221;stretch_row_content_no_spaces&#8221;][vc_column el_class=&#8221;padding-bottom padding-left-right-less&#8221;][vc_row_inner][vc_column_inner el_class=&#8221;actionlink&#8221;][vc_btn title=&#8221;International Summer and Winter Programs: Food Technologies Course&#8221; css=&#8221;&#8221; el_class=&#8221;dil-file-button&#8221; media_file=&#8221;https:\/\/dil-ev.de\/wp-content\/uploads\/2026\/02\/Flyer-ISU-2026-international-summer-and-winter-programs-isu-course-food-technologies.pdf&#8221;][\/vc_column_inner][\/vc_row_inner][\/vc_column][\/vc_row]\n<\/div>","protected":false},"excerpt":{"rendered":"<p>[vc_row full_width=&#8221;stretch_row_content_no_spaces&#8221;][vc_column el_class=&#8221;padding-top-first padding-left-right-less&#8221;][vc_row_inner equal_height=&#8221;yes&#8221; content_placement=&#8221;middle&#8221;][vc_column_inner width=&#8221;2\/3&#8243;][vc_column_text css=&#8221;&#8221; el_class=&#8221;h1-custom-font uberschrift&#8221;] International Summer University Food Technologies [\/vc_column_text][\/vc_column_inner][vc_column_inner width=&#8221;1\/3&#8243;][\/vc_column_inner][\/vc_row_inner][\/vc_column][\/vc_row][vc_row full_width=&#8221;stretch_row_content_no_spaces&#8221;][vc_column el_class=&#8221;padding-left-right-tinypic corner-mask-left-white hero-img-top-mobile&#8221; css=&#8221;.vc_custom_1771413239258{background-image: url(https:\/\/dil-ev.de\/wp-content\/uploads\/2026\/02\/dil-ev-weiterbildung-international-summerlab.jpg?id=10084909) !important;background-position: center !important;background-repeat:<span class=\"excerpt-hellip\"> [\u2026]<\/span><\/p>\n","protected":false},"author":1,"featured_media":10084910,"parent":10086909,"menu_order":2,"comment_status":"closed","ping_status":"closed","template":"","meta":{"_acf_changed":false,"footnotes":""},"class_list":["post-10086581","page","type-page","status-publish","has-post-thumbnail","hentry"],"acf":[],"yoast_head":"<!-- This site is optimized with the Yoast SEO plugin v27.9 - https:\/\/yoast.com\/product\/yoast-seo-wordpress\/ -->\n<title>International Summer University | Food Technologies<\/title>\n<meta name=\"description\" content=\"International Summer University \u201cFood Technologies\u201d: Osnabr\u00fcck University of Applied Sciences and DIL Strengthen International Education and Support the Next Generation.\" \/>\n<meta name=\"robots\" content=\"index, follow, max-snippet:-1, max-image-preview:large, max-video-preview:-1\" \/>\n<link rel=\"canonical\" href=\"https:\/\/dil-ev.de\/en\/continuing-education\/international-summer-university\/\" \/>\n<meta property=\"og:locale\" content=\"en_US\" \/>\n<meta property=\"og:type\" content=\"article\" \/>\n<meta property=\"og:title\" content=\"International Summer University | Food Technologies\" \/>\n<meta property=\"og:description\" content=\"International Summer University \u201cFood Technologies\u201d: Osnabr\u00fcck University of Applied Sciences and DIL Strengthen International Education and Support the Next Generation.\" \/>\n<meta property=\"og:url\" content=\"https:\/\/dil-ev.de\/en\/continuing-education\/international-summer-university\/\" \/>\n<meta property=\"og:site_name\" content=\"DIL Deutsches Institut f\u00fcr Lebensmitteltechnik e. V.\" \/>\n<meta property=\"article:modified_time\" content=\"2026-07-21T17:55:52+00:00\" \/>\n<meta property=\"og:image\" content=\"https:\/\/dil-ev.de\/wp-content\/uploads\/2026\/02\/dil-ev-weiterbildung-international-summerlab.jpg\" \/>\n\t<meta property=\"og:image:width\" content=\"1440\" \/>\n\t<meta property=\"og:image:height\" content=\"810\" \/>\n\t<meta property=\"og:image:type\" content=\"image\/jpeg\" \/>\n<meta name=\"twitter:card\" content=\"summary_large_image\" \/>\n<meta name=\"twitter:label1\" content=\"Est. reading time\" \/>\n\t<meta name=\"twitter:data1\" content=\"9 minutes\" \/>\n<script type=\"application\/ld+json\" class=\"yoast-schema-graph\">{\"@context\":\"https:\\\/\\\/schema.org\",\"@graph\":[{\"@type\":\"WebPage\",\"@id\":\"https:\\\/\\\/dil-ev.de\\\/en\\\/continuing-education\\\/international-summer-university\\\/\",\"url\":\"https:\\\/\\\/dil-ev.de\\\/en\\\/continuing-education\\\/international-summer-university\\\/\",\"name\":\"International Summer University | Food Technologies\",\"isPartOf\":{\"@id\":\"https:\\\/\\\/dil-ev.de\\\/en\\\/#website\"},\"primaryImageOfPage\":{\"@id\":\"https:\\\/\\\/dil-ev.de\\\/en\\\/continuing-education\\\/international-summer-university\\\/#primaryimage\"},\"image\":{\"@id\":\"https:\\\/\\\/dil-ev.de\\\/en\\\/continuing-education\\\/international-summer-university\\\/#primaryimage\"},\"thumbnailUrl\":\"https:\\\/\\\/dil-ev.de\\\/wp-content\\\/uploads\\\/2026\\\/02\\\/dil-ev-weiterbildung-international-summerlab.jpg\",\"datePublished\":\"2025-12-17T11:13:06+00:00\",\"dateModified\":\"2026-07-21T17:55:52+00:00\",\"description\":\"International Summer University \u201cFood Technologies\u201d: Osnabr\u00fcck University of Applied Sciences and DIL Strengthen International Education and Support the Next Generation.\",\"breadcrumb\":{\"@id\":\"https:\\\/\\\/dil-ev.de\\\/en\\\/continuing-education\\\/international-summer-university\\\/#breadcrumb\"},\"inLanguage\":\"en-US\",\"potentialAction\":[{\"@type\":\"ReadAction\",\"target\":[\"https:\\\/\\\/dil-ev.de\\\/en\\\/continuing-education\\\/international-summer-university\\\/\"]}]},{\"@type\":\"ImageObject\",\"inLanguage\":\"en-US\",\"@id\":\"https:\\\/\\\/dil-ev.de\\\/en\\\/continuing-education\\\/international-summer-university\\\/#primaryimage\",\"url\":\"https:\\\/\\\/dil-ev.de\\\/wp-content\\\/uploads\\\/2026\\\/02\\\/dil-ev-weiterbildung-international-summerlab.jpg\",\"contentUrl\":\"https:\\\/\\\/dil-ev.de\\\/wp-content\\\/uploads\\\/2026\\\/02\\\/dil-ev-weiterbildung-international-summerlab.jpg\",\"width\":1440,\"height\":810},{\"@type\":\"BreadcrumbList\",\"@id\":\"https:\\\/\\\/dil-ev.de\\\/en\\\/continuing-education\\\/international-summer-university\\\/#breadcrumb\",\"itemListElement\":[{\"@type\":\"ListItem\",\"position\":1,\"name\":\"Startseite\",\"item\":\"https:\\\/\\\/dil-ev.de\\\/en\\\/\"},{\"@type\":\"ListItem\",\"position\":2,\"name\":\"Continuing Education\",\"item\":\"https:\\\/\\\/dil-ev.de\\\/en\\\/?page_id=10086909\"},{\"@type\":\"ListItem\",\"position\":3,\"name\":\"International Summer University\"}]},{\"@type\":\"WebSite\",\"@id\":\"https:\\\/\\\/dil-ev.de\\\/en\\\/#website\",\"url\":\"https:\\\/\\\/dil-ev.de\\\/en\\\/\",\"name\":\"DIL Deutsches Institut f\u00fcr Lebensmitteltechnik e.V.\",\"description\":\"Forschungsinstitut f\u00fcr Lebensmitteltechnik in Quakenbr\u00fcck\",\"publisher\":{\"@id\":\"https:\\\/\\\/dil-ev.de\\\/en\\\/#organization\"},\"potentialAction\":[{\"@type\":\"SearchAction\",\"target\":{\"@type\":\"EntryPoint\",\"urlTemplate\":\"https:\\\/\\\/dil-ev.de\\\/en\\\/?s={search_term_string}\"},\"query-input\":{\"@type\":\"PropertyValueSpecification\",\"valueRequired\":true,\"valueName\":\"search_term_string\"}}],\"inLanguage\":\"en-US\"},{\"@type\":\"Organization\",\"@id\":\"https:\\\/\\\/dil-ev.de\\\/en\\\/#organization\",\"name\":\"DIL Deutsches Institut f\u00fcr Lebensmitteltechnik e.V.\",\"alternateName\":\"DIL e. V.\",\"url\":\"https:\\\/\\\/dil-ev.de\\\/en\\\/\",\"logo\":{\"@type\":\"ImageObject\",\"inLanguage\":\"en-US\",\"@id\":\"https:\\\/\\\/dil-ev.de\\\/en\\\/#\\\/schema\\\/logo\\\/image\\\/\",\"url\":\"https:\\\/\\\/dil-ev.de\\\/wp-content\\\/uploads\\\/2026\\\/02\\\/Dil-ev-favicon-yost-small.jpg\",\"contentUrl\":\"https:\\\/\\\/dil-ev.de\\\/wp-content\\\/uploads\\\/2026\\\/02\\\/Dil-ev-favicon-yost-small.jpg\",\"width\":696,\"height\":696,\"caption\":\"DIL Deutsches Institut f\u00fcr Lebensmitteltechnik e.V.\"},\"image\":{\"@id\":\"https:\\\/\\\/dil-ev.de\\\/en\\\/#\\\/schema\\\/logo\\\/image\\\/\"},\"sameAs\":[\"https:\\\/\\\/www.instagram.com\\\/dil_e.v\\\/\",\"https:\\\/\\\/www.linkedin.com\\\/company\\\/deutsches-institut-f-r-lebensmitteltechnik-e-v-\\\/posts\\\/?feedView=all\"]}]}<\/script>\n<!-- \/ Yoast SEO plugin. -->","yoast_head_json":{"title":"International Summer University | Food Technologies","description":"International Summer University \u201cFood Technologies\u201d: Osnabr\u00fcck University of Applied Sciences and DIL Strengthen International Education and Support the Next Generation.","robots":{"index":"index","follow":"follow","max-snippet":"max-snippet:-1","max-image-preview":"max-image-preview:large","max-video-preview":"max-video-preview:-1"},"canonical":"https:\/\/dil-ev.de\/en\/continuing-education\/international-summer-university\/","og_locale":"en_US","og_type":"article","og_title":"International Summer University | Food Technologies","og_description":"International Summer University \u201cFood Technologies\u201d: Osnabr\u00fcck University of Applied Sciences and DIL Strengthen International Education and Support the Next Generation.","og_url":"https:\/\/dil-ev.de\/en\/continuing-education\/international-summer-university\/","og_site_name":"DIL Deutsches Institut f\u00fcr Lebensmitteltechnik e. V.","article_modified_time":"2026-07-21T17:55:52+00:00","og_image":[{"width":1440,"height":810,"url":"https:\/\/dil-ev.de\/wp-content\/uploads\/2026\/02\/dil-ev-weiterbildung-international-summerlab.jpg","type":"image\/jpeg"}],"twitter_card":"summary_large_image","twitter_misc":{"Est. reading time":"9 minutes"},"schema":{"@context":"https:\/\/schema.org","@graph":[{"@type":"WebPage","@id":"https:\/\/dil-ev.de\/en\/continuing-education\/international-summer-university\/","url":"https:\/\/dil-ev.de\/en\/continuing-education\/international-summer-university\/","name":"International Summer University | Food Technologies","isPartOf":{"@id":"https:\/\/dil-ev.de\/en\/#website"},"primaryImageOfPage":{"@id":"https:\/\/dil-ev.de\/en\/continuing-education\/international-summer-university\/#primaryimage"},"image":{"@id":"https:\/\/dil-ev.de\/en\/continuing-education\/international-summer-university\/#primaryimage"},"thumbnailUrl":"https:\/\/dil-ev.de\/wp-content\/uploads\/2026\/02\/dil-ev-weiterbildung-international-summerlab.jpg","datePublished":"2025-12-17T11:13:06+00:00","dateModified":"2026-07-21T17:55:52+00:00","description":"International Summer University \u201cFood Technologies\u201d: Osnabr\u00fcck University of Applied Sciences and DIL Strengthen International Education and Support the Next Generation.","breadcrumb":{"@id":"https:\/\/dil-ev.de\/en\/continuing-education\/international-summer-university\/#breadcrumb"},"inLanguage":"en-US","potentialAction":[{"@type":"ReadAction","target":["https:\/\/dil-ev.de\/en\/continuing-education\/international-summer-university\/"]}]},{"@type":"ImageObject","inLanguage":"en-US","@id":"https:\/\/dil-ev.de\/en\/continuing-education\/international-summer-university\/#primaryimage","url":"https:\/\/dil-ev.de\/wp-content\/uploads\/2026\/02\/dil-ev-weiterbildung-international-summerlab.jpg","contentUrl":"https:\/\/dil-ev.de\/wp-content\/uploads\/2026\/02\/dil-ev-weiterbildung-international-summerlab.jpg","width":1440,"height":810},{"@type":"BreadcrumbList","@id":"https:\/\/dil-ev.de\/en\/continuing-education\/international-summer-university\/#breadcrumb","itemListElement":[{"@type":"ListItem","position":1,"name":"Startseite","item":"https:\/\/dil-ev.de\/en\/"},{"@type":"ListItem","position":2,"name":"Continuing Education","item":"https:\/\/dil-ev.de\/en\/?page_id=10086909"},{"@type":"ListItem","position":3,"name":"International Summer University"}]},{"@type":"WebSite","@id":"https:\/\/dil-ev.de\/en\/#website","url":"https:\/\/dil-ev.de\/en\/","name":"DIL Deutsches Institut f\u00fcr Lebensmitteltechnik e.V.","description":"Forschungsinstitut f\u00fcr Lebensmitteltechnik in Quakenbr\u00fcck","publisher":{"@id":"https:\/\/dil-ev.de\/en\/#organization"},"potentialAction":[{"@type":"SearchAction","target":{"@type":"EntryPoint","urlTemplate":"https:\/\/dil-ev.de\/en\/?s={search_term_string}"},"query-input":{"@type":"PropertyValueSpecification","valueRequired":true,"valueName":"search_term_string"}}],"inLanguage":"en-US"},{"@type":"Organization","@id":"https:\/\/dil-ev.de\/en\/#organization","name":"DIL Deutsches Institut f\u00fcr Lebensmitteltechnik e.V.","alternateName":"DIL e. V.","url":"https:\/\/dil-ev.de\/en\/","logo":{"@type":"ImageObject","inLanguage":"en-US","@id":"https:\/\/dil-ev.de\/en\/#\/schema\/logo\/image\/","url":"https:\/\/dil-ev.de\/wp-content\/uploads\/2026\/02\/Dil-ev-favicon-yost-small.jpg","contentUrl":"https:\/\/dil-ev.de\/wp-content\/uploads\/2026\/02\/Dil-ev-favicon-yost-small.jpg","width":696,"height":696,"caption":"DIL Deutsches Institut f\u00fcr Lebensmitteltechnik e.V."},"image":{"@id":"https:\/\/dil-ev.de\/en\/#\/schema\/logo\/image\/"},"sameAs":["https:\/\/www.instagram.com\/dil_e.v\/","https:\/\/www.linkedin.com\/company\/deutsches-institut-f-r-lebensmitteltechnik-e-v-\/posts\/?feedView=all"]}]}},"_links":{"self":[{"href":"https:\/\/dil-ev.de\/en\/wp-json\/wp\/v2\/pages\/10086581","targetHints":{"allow":["GET"]}}],"collection":[{"href":"https:\/\/dil-ev.de\/en\/wp-json\/wp\/v2\/pages"}],"about":[{"href":"https:\/\/dil-ev.de\/en\/wp-json\/wp\/v2\/types\/page"}],"author":[{"embeddable":true,"href":"https:\/\/dil-ev.de\/en\/wp-json\/wp\/v2\/users\/1"}],"replies":[{"embeddable":true,"href":"https:\/\/dil-ev.de\/en\/wp-json\/wp\/v2\/comments?post=10086581"}],"version-history":[{"count":4,"href":"https:\/\/dil-ev.de\/en\/wp-json\/wp\/v2\/pages\/10086581\/revisions"}],"predecessor-version":[{"id":10086585,"href":"https:\/\/dil-ev.de\/en\/wp-json\/wp\/v2\/pages\/10086581\/revisions\/10086585"}],"up":[{"embeddable":true,"href":"https:\/\/dil-ev.de\/en\/wp-json\/wp\/v2\/pages\/10086909"}],"wp:featuredmedia":[{"embeddable":true,"href":"https:\/\/dil-ev.de\/en\/wp-json\/wp\/v2\/media\/10084910"}],"wp:attachment":[{"href":"https:\/\/dil-ev.de\/en\/wp-json\/wp\/v2\/media?parent=10086581"}],"curies":[{"name":"wp","href":"https:\/\/api.w.org\/{rel}","templated":true}]}}