{"id":10086818,"date":"2026-01-19T18:25:30","date_gmt":"2026-01-19T17:25:30","guid":{"rendered":"https:\/\/dil-ev.de\/news\/"},"modified":"2026-07-21T19:56:23","modified_gmt":"2026-07-21T17:56:23","slug":"news","status":"publish","type":"page","link":"https:\/\/dil-ev.de\/en\/institute\/news\/","title":{"rendered":"News"},"content":{"rendered":"<div class=\"wpb-content-wrapper\">[vc_row full_width=&#8221;stretch_row_content_no_spaces&#8221;][vc_column el_class=&#8221;padding-top padding-bottom padding-left-right-moretinymediahub&#8221;]<div id=\"post-listing-544262829696e69aa807b5\" class=\"news-equal-cards card-10077509 ss-element gusta-post-listing\" data-query_vars=\"YSUzQTklM0ElN0JzJTNBMTQlM0ElMjJwb3N0c19wZXJfcGFnZSUyMiUzQnMlM0EyJTNBJTIyMTAlMjIlM0JzJTNBNiUzQSUyMm9mZnNldCUyMiUzQnMlM0EwJTNBJTIyJTIyJTNCcyUzQTclM0ElMjJvcmRlcmJ5JTIyJTNCcyUzQTQlM0ElMjJkYXRlJTIyJTNCcyUzQTUlM0ElMjJvcmRlciUyMiUzQnMlM0E0JTNBJTIyREVTQyUyMiUzQnMlM0ExMSUzQSUyMnBvc3Rfc3RhdHVzJTIyJTNCcyUzQTclM0ElMjJwdWJsaXNoJTIyJTNCcyUzQTklM0ElMjJwb3N0X3R5cGUlMjIlM0JzJTNBNCUzQSUyMnBvc3QlMjIlM0JzJTNBOSUzQSUyMnRheF9xdWVyeSUyMiUzQmElM0EyJTNBJTdCcyUzQTglM0ElMjJyZWxhdGlvbiUyMiUzQnMlM0EzJTNBJTIyQU5EJTIyJTNCaSUzQTAlM0JhJTNBMiUzQSU3QnMlM0E4JTNBJTIydGF4b25vbXklMjIlM0JzJTNBOCUzQSUyMmNhdGVnb3J5JTIyJTNCcyUzQTUlM0ElMjJ0ZXJtcyUyMiUzQmElM0ExJTNBJTdCaSUzQTAlM0JzJTNBMiUzQSUyMjE3JTIyJTNCJTdEJTdEJTdEcyUzQTE5JTNBJTIyaWdub3JlX3N0aWNreV9wb3N0cyUyMiUzQmIlM0ExJTNCcyUzQTUlM0ElMjJwYWdlZCUyMiUzQmklM0ExJTNCJTdE\" data-page=\"2\" data-total=\"15\" data-card_design=\"10077509\" data-tax=\"0\"><div class=\"gusta-grid\" data-columns><div class=\"post-listing-container\" id=\"gusta-post-10086638\" style=\"-webkit-animation-delay: 100ms; animation-delay: 100ms;\">[vc_row equal_height=\"yes\" content_placement=\"top\" css=\".vc_custom_1770548699071{padding-right: 1vw !important;}\"][vc_column][vc_empty_space height=\"2vh\"][vc_row_inner][vc_column_inner]<div class=\"gusta-align-left  \"><a class=\"el-79440314668e3d5559d179  ss-element gusta-read-more-button gusta-icon-link gusta-has-span gusta-small show-show ani-fade linked\" href=\"https:\/\/dil-ev.de\/en\/\"> <span>News<\/span> <\/a><\/div><div class=\"gusta-clear gusta-mobile-clear\"><\/div>[vc_empty_space height=\"32vh\"]<div class=\"el-146650946568d3ff00e134b ss-element gusta-image-as-background show-show  ani-fade gusta-cover-column\" style=\"background:url(https:\/\/dil-ev.de\/wp-content\/uploads\/2026\/05\/Design-ohne-Titel-scaled-1280x720.png);\"><\/div><a class=\"gusta-image-as-background\"href=\"https:\/\/dil-ev.de\/en\/\">&nbsp;<\/a>[\/vc_column_inner][\/vc_row_inner]<div class=\"container-1532522974696cab1448cfc ss-element gusta-container gusta-relative gusta-cover-column \">[vc_row_inner][vc_column_inner el_class=\"paddinginnen-less\"]<div class=\"gusta-post-meta gusta-align-left  \"><p class=\"el-179102555168e3cf1d31550 ss-element gusta-post-date show-show \"><a href=\"https:\/\/dil-ev.de\/en\/\">21 Jul 2026<\/a><\/p><\/div><div class=\"gusta-clear gusta-mobile-clear\"><\/div>[vc_separator color=\"custom\" border_width=\"10\" el_width=\"10\" css=\"\" accent_color=\"#E4F2D000\" el_class=\"uberschrift-less hide-under-991\"]<div class=\"gusta-post-meta gusta-align-left  \"><p class=\"el-167011295468d0fadfd949b gusta-post-custom-field ss-element p-custom-font-news-titel ani-fade show-show\"><span class=\"ss-element-item\"><a href=\"https:\/\/dil-ev.de\/en\/\">We're Celebrating an Anniversary: 40 Years of DIL e. V.  <\/a><\/span><\/p><\/div><div class=\"gusta-clear gusta-mobile-clear\"><\/div>[vc_separator color=\"custom\" el_width=\"10\" css=\"\" accent_color=\"#E4F2D000\" el_class=\"uberschrift-less hide-under-991\"]<div class=\"gusta-post-meta gusta-align-left  \"><p class=\"custom-field-304216868696ca63ca2764 gusta-post-custom-field ss-element p-custom-font-news-untertitel ani-fade show-show\"><span class=\"ss-element-item\"><a href=\"https:\/\/dil-ev.de\/en\/\">On May 22, 2026, the German Institute of Food Technology will host a celebratory event<\/a><\/span><\/p><\/div><div class=\"gusta-clear gusta-mobile-clear\"><\/div>[vc_separator color=\"custom\" border_width=\"10\" el_width=\"10\" css=\"\" accent_color=\"#E4F2D0\" el_class=\"uberschrift hide-under-991\"][\/vc_column_inner][\/vc_row_inner]<\/div>[\/vc_column][\/vc_row]<\/div><div class=\"post-listing-container\" id=\"gusta-post-10086631\" style=\"-webkit-animation-delay: 200ms; animation-delay: 200ms;\">[vc_row equal_height=\"yes\" content_placement=\"top\" css=\".vc_custom_1770548699071{padding-right: 1vw !important;}\"][vc_column][vc_empty_space height=\"2vh\"][vc_row_inner][vc_column_inner]<div class=\"gusta-align-left  \"><a class=\"el-79440314668e3d5559d179  ss-element gusta-read-more-button gusta-icon-link gusta-has-span gusta-small show-show ani-fade linked\" href=\"https:\/\/dil-ev.de\/en\/etti-marketsprint-2026-opens-application-period-for-europes-foodtech-startups\/\"> <span>News<\/span> <\/a><\/div><div class=\"gusta-clear gusta-mobile-clear\"><\/div>[vc_empty_space height=\"32vh\"]<div class=\"el-146650946568d3ff00e134b ss-element gusta-image-as-background show-show  ani-fade gusta-cover-column\" style=\"background:url(https:\/\/dil-ev.de\/wp-content\/uploads\/2026\/07\/dil-ev-news-ETTI-MarketSprint-2026-startet-Bewerbungsphase-fuer-Europas-FoodTech-Startups-1280x720.jpg);\"><\/div><a class=\"gusta-image-as-background\"href=\"https:\/\/dil-ev.de\/en\/etti-marketsprint-2026-opens-application-period-for-europes-foodtech-startups\/\">&nbsp;<\/a>[\/vc_column_inner][\/vc_row_inner]<div class=\"container-1532522974696cab1448cfc ss-element gusta-container gusta-relative gusta-cover-column \">[vc_row_inner][vc_column_inner el_class=\"paddinginnen-less\"]<div class=\"gusta-post-meta gusta-align-left  \"><p class=\"el-179102555168e3cf1d31550 ss-element gusta-post-date show-show \"><a href=\"https:\/\/dil-ev.de\/en\/etti-marketsprint-2026-opens-application-period-for-europes-foodtech-startups\/\">9 Jul 2026<\/a><\/p><\/div><div class=\"gusta-clear gusta-mobile-clear\"><\/div>[vc_separator color=\"custom\" border_width=\"10\" el_width=\"10\" css=\"\" accent_color=\"#E4F2D000\" el_class=\"uberschrift-less hide-under-991\"]<div class=\"gusta-post-meta gusta-align-left  \"><p class=\"el-167011295468d0fadfd949b gusta-post-custom-field ss-element p-custom-font-news-titel ani-fade show-show\"><span class=\"ss-element-item\"><a href=\"https:\/\/dil-ev.de\/en\/etti-marketsprint-2026-opens-application-period-for-europes-foodtech-startups\/\">ETTI MarketSprint 2026<\/a><\/span><\/p><\/div><div class=\"gusta-clear gusta-mobile-clear\"><\/div>[vc_separator color=\"custom\" el_width=\"10\" css=\"\" accent_color=\"#E4F2D000\" el_class=\"uberschrift-less hide-under-991\"]<div class=\"gusta-post-meta gusta-align-left  \"><p class=\"custom-field-304216868696ca63ca2764 gusta-post-custom-field ss-element p-custom-font-news-untertitel ani-fade show-show\"><span class=\"ss-element-item\"><a href=\"https:\/\/dil-ev.de\/en\/etti-marketsprint-2026-opens-application-period-for-europes-foodtech-startups\/\">Application Period Opens for FoodTech Startups from Europe<\/a><\/span><\/p><\/div><div class=\"gusta-clear gusta-mobile-clear\"><\/div>[vc_separator color=\"custom\" border_width=\"10\" el_width=\"10\" css=\"\" accent_color=\"#E4F2D0\" el_class=\"uberschrift hide-under-991\"][\/vc_column_inner][\/vc_row_inner]<\/div>[\/vc_column][\/vc_row]<\/div><div class=\"post-listing-container\" id=\"gusta-post-10086639\" style=\"-webkit-animation-delay: 300ms; animation-delay: 300ms;\">[vc_row equal_height=\"yes\" content_placement=\"top\" css=\".vc_custom_1770548699071{padding-right: 1vw !important;}\"][vc_column][vc_empty_space height=\"2vh\"][vc_row_inner][vc_column_inner]<div class=\"gusta-align-left  \"><a class=\"el-79440314668e3d5559d179  ss-element gusta-read-more-button gusta-icon-link gusta-has-span gusta-small show-show ani-fade linked\" href=\"https:\/\/dil-ev.de\/en\/dil-technology-day-brings-departments-together\/\"> <span>News<\/span> <\/a><\/div><div class=\"gusta-clear gusta-mobile-clear\"><\/div>[vc_empty_space height=\"32vh\"]<div class=\"el-146650946568d3ff00e134b ss-element gusta-image-as-background show-show  ani-fade gusta-cover-column\" style=\"background:url(https:\/\/dil-ev.de\/wp-content\/uploads\/2026\/06\/DIL-Technology-Day-2026-bringt-Fachbereiche-zusammen-1280x720.jpg);\"><\/div><a class=\"gusta-image-as-background\"href=\"https:\/\/dil-ev.de\/en\/dil-technology-day-brings-departments-together\/\">&nbsp;<\/a>[\/vc_column_inner][\/vc_row_inner]<div class=\"container-1532522974696cab1448cfc ss-element gusta-container gusta-relative gusta-cover-column \">[vc_row_inner][vc_column_inner el_class=\"paddinginnen-less\"]<div class=\"gusta-post-meta gusta-align-left  \"><p class=\"el-179102555168e3cf1d31550 ss-element gusta-post-date show-show \"><a href=\"https:\/\/dil-ev.de\/en\/dil-technology-day-brings-departments-together\/\">29 Jun 2026<\/a><\/p><\/div><div class=\"gusta-clear gusta-mobile-clear\"><\/div>[vc_separator color=\"custom\" border_width=\"10\" el_width=\"10\" css=\"\" accent_color=\"#E4F2D000\" el_class=\"uberschrift-less hide-under-991\"]<div class=\"gusta-post-meta gusta-align-left  \"><p class=\"el-167011295468d0fadfd949b gusta-post-custom-field ss-element p-custom-font-news-titel ani-fade show-show\"><span class=\"ss-element-item\"><a href=\"https:\/\/dil-ev.de\/en\/dil-technology-day-brings-departments-together\/\">DIL Technology Day Brings Departments Together<\/a><\/span><\/p><\/div><div class=\"gusta-clear gusta-mobile-clear\"><\/div>[vc_separator color=\"custom\" el_width=\"10\" css=\"\" accent_color=\"#E4F2D000\" el_class=\"uberschrift-less hide-under-991\"]<div class=\"gusta-post-meta gusta-align-left  \"><p class=\"custom-field-304216868696ca63ca2764 gusta-post-custom-field ss-element p-custom-font-news-untertitel ani-fade show-show\"><span class=\"ss-element-item\"><a href=\"https:\/\/dil-ev.de\/en\/dil-technology-day-brings-departments-together\/\">Building Resilience in the Food Supply Chain<\/a><\/span><\/p><\/div><div class=\"gusta-clear gusta-mobile-clear\"><\/div>[vc_separator color=\"custom\" border_width=\"10\" el_width=\"10\" css=\"\" accent_color=\"#E4F2D0\" el_class=\"uberschrift hide-under-991\"][\/vc_column_inner][\/vc_row_inner]<\/div>[\/vc_column][\/vc_row]<\/div><div class=\"post-listing-container\" id=\"gusta-post-10086650\" style=\"-webkit-animation-delay: 400ms; animation-delay: 400ms;\">[vc_row equal_height=\"yes\" content_placement=\"top\" css=\".vc_custom_1770548699071{padding-right: 1vw !important;}\"][vc_column][vc_empty_space height=\"2vh\"][vc_row_inner][vc_column_inner]<div class=\"gusta-align-left  \"><a class=\"el-79440314668e3d5559d179  ss-element gusta-read-more-button gusta-icon-link gusta-has-span gusta-small show-show ani-fade linked\" href=\"https:\/\/dil-ev.de\/en\/40-years-of-dil-the-german-institute-of-food-technology-celebrates-its-anniversary-in-quakenbrueck\/\"> <span>News<\/span> <\/a><\/div><div class=\"gusta-clear gusta-mobile-clear\"><\/div>[vc_empty_space height=\"32vh\"]<div class=\"el-146650946568d3ff00e134b ss-element gusta-image-as-background show-show  ani-fade gusta-cover-column\" style=\"background:url(https:\/\/dil-ev.de\/wp-content\/uploads\/2026\/06\/dil-ev-Deutsches-Institut-fuer-Lebensmitteltechnik-feiert-Jubilaeum-in-Quakenbrueck-1280x720.jpg);\"><\/div><a class=\"gusta-image-as-background\"href=\"https:\/\/dil-ev.de\/en\/40-years-of-dil-the-german-institute-of-food-technology-celebrates-its-anniversary-in-quakenbrueck\/\">&nbsp;<\/a>[\/vc_column_inner][\/vc_row_inner]<div class=\"container-1532522974696cab1448cfc ss-element gusta-container gusta-relative gusta-cover-column \">[vc_row_inner][vc_column_inner el_class=\"paddinginnen-less\"]<div class=\"gusta-post-meta gusta-align-left  \"><p class=\"el-179102555168e3cf1d31550 ss-element gusta-post-date show-show \"><a href=\"https:\/\/dil-ev.de\/en\/40-years-of-dil-the-german-institute-of-food-technology-celebrates-its-anniversary-in-quakenbrueck\/\">29 Jun 2026<\/a><\/p><\/div><div class=\"gusta-clear gusta-mobile-clear\"><\/div>[vc_separator color=\"custom\" border_width=\"10\" el_width=\"10\" css=\"\" accent_color=\"#E4F2D000\" el_class=\"uberschrift-less hide-under-991\"]<div class=\"gusta-post-meta gusta-align-left  \"><p class=\"el-167011295468d0fadfd949b gusta-post-custom-field ss-element p-custom-font-news-titel ani-fade show-show\"><span class=\"ss-element-item\"><a href=\"https:\/\/dil-ev.de\/en\/40-years-of-dil-the-german-institute-of-food-technology-celebrates-its-anniversary-in-quakenbrueck\/\">40 Years of DIL: The German Institute of Food Technology Celebrates Its Anniversary in Quakenbr\u00fcck<\/a><\/span><\/p><\/div><div class=\"gusta-clear gusta-mobile-clear\"><\/div>[vc_separator color=\"custom\" el_width=\"10\" css=\"\" accent_color=\"#E4F2D000\" el_class=\"uberschrift-less hide-under-991\"]<div class=\"gusta-post-meta gusta-align-left  \"><p class=\"custom-field-304216868696ca63ca2764 gusta-post-custom-field ss-element p-custom-font-news-untertitel ani-fade show-show\"><span class=\"ss-element-item\"><a href=\"https:\/\/dil-ev.de\/en\/40-years-of-dil-the-german-institute-of-food-technology-celebrates-its-anniversary-in-quakenbrueck\/\">Prime Minister Olaf Lies and about 300 visitors at the ceremony<\/a><\/span><\/p><\/div><div class=\"gusta-clear gusta-mobile-clear\"><\/div>[vc_separator color=\"custom\" border_width=\"10\" el_width=\"10\" css=\"\" accent_color=\"#E4F2D0\" el_class=\"uberschrift hide-under-991\"][\/vc_column_inner][\/vc_row_inner]<\/div>[\/vc_column][\/vc_row]<\/div><div class=\"post-listing-container\" id=\"gusta-post-10086673\" style=\"-webkit-animation-delay: 500ms; animation-delay: 500ms;\">[vc_row equal_height=\"yes\" content_placement=\"top\" css=\".vc_custom_1770548699071{padding-right: 1vw !important;}\"][vc_column][vc_empty_space height=\"2vh\"][vc_row_inner][vc_column_inner]<div class=\"gusta-align-left  \"><a class=\"el-79440314668e3d5559d179  ss-element gusta-read-more-button gusta-icon-link gusta-has-span gusta-small show-show ani-fade linked\" href=\"https:\/\/dil-ev.de\/en\/development-of-an-innovative-process-for-extracting-protein-from-grasslands-for-food\/\"> <span>News<\/span> <\/a><\/div><div class=\"gusta-clear gusta-mobile-clear\"><\/div>[vc_empty_space height=\"32vh\"]<div class=\"el-146650946568d3ff00e134b ss-element gusta-image-as-background show-show  ani-fade gusta-cover-column\" style=\"background:url(https:\/\/dil-ev.de\/wp-content\/uploads\/2026\/04\/P1190386.1-scaled-1280x720.jpg);\"><\/div><a class=\"gusta-image-as-background\"href=\"https:\/\/dil-ev.de\/en\/development-of-an-innovative-process-for-extracting-protein-from-grasslands-for-food\/\">&nbsp;<\/a>[\/vc_column_inner][\/vc_row_inner]<div class=\"container-1532522974696cab1448cfc ss-element gusta-container gusta-relative gusta-cover-column \">[vc_row_inner][vc_column_inner el_class=\"paddinginnen-less\"]<div class=\"gusta-post-meta gusta-align-left  \"><p class=\"el-179102555168e3cf1d31550 ss-element gusta-post-date show-show \"><a href=\"https:\/\/dil-ev.de\/en\/development-of-an-innovative-process-for-extracting-protein-from-grasslands-for-food\/\">29 Apr 2026<\/a><\/p><\/div><div class=\"gusta-clear gusta-mobile-clear\"><\/div>[vc_separator color=\"custom\" border_width=\"10\" el_width=\"10\" css=\"\" accent_color=\"#E4F2D000\" el_class=\"uberschrift-less hide-under-991\"]<div class=\"gusta-post-meta gusta-align-left  \"><p class=\"el-167011295468d0fadfd949b gusta-post-custom-field ss-element p-custom-font-news-titel ani-fade show-show\"><span class=\"ss-element-item\"><a href=\"https:\/\/dil-ev.de\/en\/development-of-an-innovative-process-for-extracting-protein-from-grasslands-for-food\/\">Development of an Innovative Process for Extracting Protein from Grasslands for Food Use<\/a><\/span><\/p><\/div><div class=\"gusta-clear gusta-mobile-clear\"><\/div>[vc_separator color=\"custom\" el_width=\"10\" css=\"\" accent_color=\"#E4F2D000\" el_class=\"uberschrift-less hide-under-991\"]<div class=\"gusta-post-meta gusta-align-left  \"><p class=\"custom-field-304216868696ca63ca2764 gusta-post-custom-field ss-element p-custom-font-news-untertitel ani-fade show-show\"><span class=\"ss-element-item\"><a href=\"https:\/\/dil-ev.de\/en\/development-of-an-innovative-process-for-extracting-protein-from-grasslands-for-food\/\">How can the production process for grassland protein be improved?  <\/a><\/span><\/p><\/div><div class=\"gusta-clear gusta-mobile-clear\"><\/div>[vc_separator color=\"custom\" border_width=\"10\" el_width=\"10\" css=\"\" accent_color=\"#E4F2D0\" el_class=\"uberschrift hide-under-991\"][\/vc_column_inner][\/vc_row_inner]<\/div>[\/vc_column][\/vc_row]<\/div><div class=\"post-listing-container\" id=\"gusta-post-10086697\" style=\"-webkit-animation-delay: 600ms; animation-delay: 600ms;\">[vc_row equal_height=\"yes\" content_placement=\"top\" css=\".vc_custom_1770548699071{padding-right: 1vw !important;}\"][vc_column][vc_empty_space height=\"2vh\"][vc_row_inner][vc_column_inner]<div class=\"gusta-align-left  \"><a class=\"el-79440314668e3d5559d179  ss-element gusta-read-more-button gusta-icon-link gusta-has-span gusta-small show-show ani-fade linked\" href=\"https:\/\/dil-ev.de\/en\/reduction-of-listeria-monocytogenes-in-meat-products-through-a-combination-of-high-pressure-and-bacteriophages\/\"> <span>News<\/span> <\/a><\/div><div class=\"gusta-clear gusta-mobile-clear\"><\/div>[vc_empty_space height=\"32vh\"]<div class=\"el-146650946568d3ff00e134b ss-element gusta-image-as-background show-show  ani-fade gusta-cover-column\" style=\"background:url(https:\/\/dil-ev.de\/wp-content\/uploads\/2026\/03\/dil-ev-news-Reduktion-von-Listeria-monocytogenes-in-Fleischerzeugnissen-durch-Kombination-von-Hochdruck-und-Bakteriophagen-1280x720.jpg);\"><\/div><a class=\"gusta-image-as-background\"href=\"https:\/\/dil-ev.de\/en\/reduction-of-listeria-monocytogenes-in-meat-products-through-a-combination-of-high-pressure-and-bacteriophages\/\">&nbsp;<\/a>[\/vc_column_inner][\/vc_row_inner]<div class=\"container-1532522974696cab1448cfc ss-element gusta-container gusta-relative gusta-cover-column \">[vc_row_inner][vc_column_inner el_class=\"paddinginnen-less\"]<div class=\"gusta-post-meta gusta-align-left  \"><p class=\"el-179102555168e3cf1d31550 ss-element gusta-post-date show-show \"><a href=\"https:\/\/dil-ev.de\/en\/reduction-of-listeria-monocytogenes-in-meat-products-through-a-combination-of-high-pressure-and-bacteriophages\/\">20 Mar 2026<\/a><\/p><\/div><div class=\"gusta-clear gusta-mobile-clear\"><\/div>[vc_separator color=\"custom\" border_width=\"10\" el_width=\"10\" css=\"\" accent_color=\"#E4F2D000\" el_class=\"uberschrift-less hide-under-991\"]<div class=\"gusta-post-meta gusta-align-left  \"><p class=\"el-167011295468d0fadfd949b gusta-post-custom-field ss-element p-custom-font-news-titel ani-fade show-show\"><span class=\"ss-element-item\"><a href=\"https:\/\/dil-ev.de\/en\/reduction-of-listeria-monocytogenes-in-meat-products-through-a-combination-of-high-pressure-and-bacteriophages\/\">Reduction of Listeria monocytogenes in Meat Products Through a Combination of High Pressure and Bacteriophages<\/a><\/span><\/p><\/div><div class=\"gusta-clear gusta-mobile-clear\"><\/div>[vc_separator color=\"custom\" el_width=\"10\" css=\"\" accent_color=\"#E4F2D000\" el_class=\"uberschrift-less hide-under-991\"]<div class=\"gusta-post-meta gusta-align-left  \"><p class=\"custom-field-304216868696ca63ca2764 gusta-post-custom-field ss-element p-custom-font-news-untertitel ani-fade show-show\"><span class=\"ss-element-item\"><a href=\"https:\/\/dil-ev.de\/en\/reduction-of-listeria-monocytogenes-in-meat-products-through-a-combination-of-high-pressure-and-bacteriophages\/\">New Methods for Reducing Listeria in Meat Products<\/a><\/span><\/p><\/div><div class=\"gusta-clear gusta-mobile-clear\"><\/div>[vc_separator color=\"custom\" border_width=\"10\" el_width=\"10\" css=\"\" accent_color=\"#E4F2D0\" el_class=\"uberschrift hide-under-991\"][\/vc_column_inner][\/vc_row_inner]<\/div>[\/vc_column][\/vc_row]<\/div><div class=\"post-listing-container\" id=\"gusta-post-10086726\" style=\"-webkit-animation-delay: 700ms; animation-delay: 700ms;\">[vc_row equal_height=\"yes\" content_placement=\"top\" css=\".vc_custom_1770548699071{padding-right: 1vw !important;}\"][vc_column][vc_empty_space height=\"2vh\"][vc_row_inner][vc_column_inner]<div class=\"gusta-align-left  \"><a class=\"el-79440314668e3d5559d179  ss-element gusta-read-more-button gusta-icon-link gusta-has-span gusta-small show-show ani-fade linked\" href=\"https:\/\/dil-ev.de\/en\/development-of-a-process-for-the-production-of-nitrite-nitrate-and-salt-reduced-raw-ham\/\"> <span>News<\/span> <\/a><\/div><div class=\"gusta-clear gusta-mobile-clear\"><\/div>[vc_empty_space height=\"32vh\"]<div class=\"el-146650946568d3ff00e134b ss-element gusta-image-as-background show-show  ani-fade gusta-cover-column\" style=\"background:url(https:\/\/dil-ev.de\/wp-content\/uploads\/2026\/02\/dil-ev-news-Entwicklung-eines-Verfahrens-zur-Herstellung-von-nitrit-nitrat-salzreduziertem-Rohschinken-1280x720.jpg);\"><\/div><a class=\"gusta-image-as-background\"href=\"https:\/\/dil-ev.de\/en\/development-of-a-process-for-the-production-of-nitrite-nitrate-and-salt-reduced-raw-ham\/\">&nbsp;<\/a>[\/vc_column_inner][\/vc_row_inner]<div class=\"container-1532522974696cab1448cfc ss-element gusta-container gusta-relative gusta-cover-column \">[vc_row_inner][vc_column_inner el_class=\"paddinginnen-less\"]<div class=\"gusta-post-meta gusta-align-left  \"><p class=\"el-179102555168e3cf1d31550 ss-element gusta-post-date show-show \"><a href=\"https:\/\/dil-ev.de\/en\/development-of-a-process-for-the-production-of-nitrite-nitrate-and-salt-reduced-raw-ham\/\">12 Feb 2026<\/a><\/p><\/div><div class=\"gusta-clear gusta-mobile-clear\"><\/div>[vc_separator color=\"custom\" border_width=\"10\" el_width=\"10\" css=\"\" accent_color=\"#E4F2D000\" el_class=\"uberschrift-less hide-under-991\"]<div class=\"gusta-post-meta gusta-align-left  \"><p class=\"el-167011295468d0fadfd949b gusta-post-custom-field ss-element p-custom-font-news-titel ani-fade show-show\"><span class=\"ss-element-item\"><a href=\"https:\/\/dil-ev.de\/en\/development-of-a-process-for-the-production-of-nitrite-nitrate-and-salt-reduced-raw-ham\/\">Development of a Process for the Production of Nitrite-, Nitrate-, and Salt-Reduced Raw Ham<\/a><\/span><\/p><\/div><div class=\"gusta-clear gusta-mobile-clear\"><\/div>[vc_separator color=\"custom\" el_width=\"10\" css=\"\" accent_color=\"#E4F2D000\" el_class=\"uberschrift-less hide-under-991\"]<div class=\"gusta-post-meta gusta-align-left  \"><p class=\"custom-field-304216868696ca63ca2764 gusta-post-custom-field ss-element p-custom-font-news-untertitel ani-fade show-show\"><span class=\"ss-element-item\"><a href=\"https:\/\/dil-ev.de\/en\/development-of-a-process-for-the-production-of-nitrite-nitrate-and-salt-reduced-raw-ham\/\">How can the high salt content of cured raw ham be significantly reduced?<\/a><\/span><\/p><\/div><div class=\"gusta-clear gusta-mobile-clear\"><\/div>[vc_separator color=\"custom\" border_width=\"10\" el_width=\"10\" css=\"\" accent_color=\"#E4F2D0\" el_class=\"uberschrift hide-under-991\"][\/vc_column_inner][\/vc_row_inner]<\/div>[\/vc_column][\/vc_row]<\/div><div class=\"post-listing-container\" id=\"gusta-post-10086727\" style=\"-webkit-animation-delay: 800ms; animation-delay: 800ms;\">[vc_row equal_height=\"yes\" content_placement=\"top\" css=\".vc_custom_1770548699071{padding-right: 1vw !important;}\"][vc_column][vc_empty_space height=\"2vh\"][vc_row_inner][vc_column_inner]<div class=\"gusta-align-left  \"><a class=\"el-79440314668e3d5559d179  ss-element gusta-read-more-button gusta-icon-link gusta-has-span gusta-small show-show ani-fade linked\" href=\"https:\/\/dil-ev.de\/en\/a-boost-for-germany-as-a-business-location\/\"> <span>News<\/span> <\/a><\/div><div class=\"gusta-clear gusta-mobile-clear\"><\/div>[vc_empty_space height=\"32vh\"]<div class=\"el-146650946568d3ff00e134b ss-element gusta-image-as-background show-show  ani-fade gusta-cover-column\" style=\"background:url(https:\/\/dil-ev.de\/wp-content\/uploads\/2026\/02\/dil-ev-news-ernaehrungsindustrie-1280x720.jpg);\"><\/div><a class=\"gusta-image-as-background\"href=\"https:\/\/dil-ev.de\/en\/a-boost-for-germany-as-a-business-location\/\">&nbsp;<\/a>[\/vc_column_inner][\/vc_row_inner]<div class=\"container-1532522974696cab1448cfc ss-element gusta-container gusta-relative gusta-cover-column \">[vc_row_inner][vc_column_inner el_class=\"paddinginnen-less\"]<div class=\"gusta-post-meta gusta-align-left  \"><p class=\"el-179102555168e3cf1d31550 ss-element gusta-post-date show-show \"><a href=\"https:\/\/dil-ev.de\/en\/a-boost-for-germany-as-a-business-location\/\">2 Feb 2026<\/a><\/p><\/div><div class=\"gusta-clear gusta-mobile-clear\"><\/div>[vc_separator color=\"custom\" border_width=\"10\" el_width=\"10\" css=\"\" accent_color=\"#E4F2D000\" el_class=\"uberschrift-less hide-under-991\"]<div class=\"gusta-post-meta gusta-align-left  \"><p class=\"el-167011295468d0fadfd949b gusta-post-custom-field ss-element p-custom-font-news-titel ani-fade show-show\"><span class=\"ss-element-item\"><a href=\"https:\/\/dil-ev.de\/en\/a-boost-for-germany-as-a-business-location\/\">A Boost for Germany as a Business Location<\/a><\/span><\/p><\/div><div class=\"gusta-clear gusta-mobile-clear\"><\/div>[vc_separator color=\"custom\" el_width=\"10\" css=\"\" accent_color=\"#E4F2D000\" el_class=\"uberschrift-less hide-under-991\"]<div class=\"gusta-post-meta gusta-align-left  \"><p class=\"custom-field-304216868696ca63ca2764 gusta-post-custom-field ss-element p-custom-font-news-untertitel ani-fade show-show\"><span class=\"ss-element-item\"><a href=\"https:\/\/dil-ev.de\/en\/a-boost-for-germany-as-a-business-location\/\">With this publication on Anuga 2025, the Federation of the German Food and Beverage Industry and the DIL demonstrate how companies can specifically leverage the potential of the circular economy.<\/a><\/span><\/p><\/div><div class=\"gusta-clear gusta-mobile-clear\"><\/div>[vc_separator color=\"custom\" border_width=\"10\" el_width=\"10\" css=\"\" accent_color=\"#E4F2D0\" el_class=\"uberschrift hide-under-991\"][\/vc_column_inner][\/vc_row_inner]<\/div>[\/vc_column][\/vc_row]<\/div><div class=\"post-listing-container\" id=\"gusta-post-10086736\" style=\"-webkit-animation-delay: 900ms; animation-delay: 900ms;\">[vc_row equal_height=\"yes\" content_placement=\"top\" css=\".vc_custom_1770548699071{padding-right: 1vw !important;}\"][vc_column][vc_empty_space height=\"2vh\"][vc_row_inner][vc_column_inner]<div class=\"gusta-align-left  \"><a class=\"el-79440314668e3d5559d179  ss-element gusta-read-more-button gusta-icon-link gusta-has-span gusta-small show-show ani-fade linked\" href=\"https:\/\/dil-ev.de\/en\/agritechnica-2025\/\"> <span>News<\/span> <\/a><\/div><div class=\"gusta-clear gusta-mobile-clear\"><\/div>[vc_empty_space height=\"32vh\"]<div class=\"el-146650946568d3ff00e134b ss-element gusta-image-as-background show-show  ani-fade gusta-cover-column\" style=\"background:url(https:\/\/dil-ev.de\/wp-content\/uploads\/2026\/02\/dil-ev-news-AGRITECHNICA-2025-1-1280x720.jpg);\"><\/div><a class=\"gusta-image-as-background\"href=\"https:\/\/dil-ev.de\/en\/agritechnica-2025\/\">&nbsp;<\/a>[\/vc_column_inner][\/vc_row_inner]<div class=\"container-1532522974696cab1448cfc ss-element gusta-container gusta-relative gusta-cover-column \">[vc_row_inner][vc_column_inner el_class=\"paddinginnen-less\"]<div class=\"gusta-post-meta gusta-align-left  \"><p class=\"el-179102555168e3cf1d31550 ss-element gusta-post-date show-show \"><a href=\"https:\/\/dil-ev.de\/en\/agritechnica-2025\/\">2 Feb 2026<\/a><\/p><\/div><div class=\"gusta-clear gusta-mobile-clear\"><\/div>[vc_separator color=\"custom\" border_width=\"10\" el_width=\"10\" css=\"\" accent_color=\"#E4F2D000\" el_class=\"uberschrift-less hide-under-991\"]<div class=\"gusta-post-meta gusta-align-left  \"><p class=\"el-167011295468d0fadfd949b gusta-post-custom-field ss-element p-custom-font-news-titel ani-fade show-show\"><span class=\"ss-element-item\"><a href=\"https:\/\/dil-ev.de\/en\/agritechnica-2025\/\">AGRITECHNICA 2025<\/a><\/span><\/p><\/div><div class=\"gusta-clear gusta-mobile-clear\"><\/div>[vc_separator color=\"custom\" el_width=\"10\" css=\"\" accent_color=\"#E4F2D000\" el_class=\"uberschrift-less hide-under-991\"]<div class=\"gusta-post-meta gusta-align-left  \"><p class=\"custom-field-304216868696ca63ca2764 gusta-post-custom-field ss-element p-custom-font-news-untertitel ani-fade show-show\"><span class=\"ss-element-item\"><a href=\"https:\/\/dil-ev.de\/en\/agritechnica-2025\/\">ERNTEpreneurship made in Lower Saxony. The big get-together for startups, investors, and key players in the agri-food scene. This issue focuses on our Lower Saxony-based de:hub AgriFood.  <\/a><\/span><\/p><\/div><div class=\"gusta-clear gusta-mobile-clear\"><\/div>[vc_separator color=\"custom\" border_width=\"10\" el_width=\"10\" css=\"\" accent_color=\"#E4F2D0\" el_class=\"uberschrift hide-under-991\"][\/vc_column_inner][\/vc_row_inner]<\/div>[\/vc_column][\/vc_row]<\/div><div class=\"post-listing-container\" id=\"gusta-post-10086747\" style=\"-webkit-animation-delay: 1000ms; animation-delay: 1000ms;\">[vc_row equal_height=\"yes\" content_placement=\"top\" css=\".vc_custom_1770548699071{padding-right: 1vw !important;}\"][vc_column][vc_empty_space height=\"2vh\"][vc_row_inner][vc_column_inner]<div class=\"gusta-align-left  \"><a class=\"el-79440314668e3d5559d179  ss-element gusta-read-more-button gusta-icon-link gusta-has-span gusta-small show-show ani-fade linked\" href=\"https:\/\/dil-ev.de\/en\/dr-greta-bischof-wins-the-2025-stockmeyer-science-prize\/\"> <span>News<\/span> <\/a><\/div><div class=\"gusta-clear gusta-mobile-clear\"><\/div>[vc_empty_space height=\"32vh\"]<div class=\"el-146650946568d3ff00e134b ss-element gusta-image-as-background show-show  ani-fade gusta-cover-column\" style=\"background:url(https:\/\/dil-ev.de\/wp-content\/uploads\/2026\/02\/dil-ev-news-stockmeyer-stiftung-1-1280x720.jpg);\"><\/div><a class=\"gusta-image-as-background\"href=\"https:\/\/dil-ev.de\/en\/dr-greta-bischof-wins-the-2025-stockmeyer-science-prize\/\">&nbsp;<\/a>[\/vc_column_inner][\/vc_row_inner]<div class=\"container-1532522974696cab1448cfc ss-element gusta-container gusta-relative gusta-cover-column \">[vc_row_inner][vc_column_inner el_class=\"paddinginnen-less\"]<div class=\"gusta-post-meta gusta-align-left  \"><p class=\"el-179102555168e3cf1d31550 ss-element gusta-post-date show-show \"><a href=\"https:\/\/dil-ev.de\/en\/dr-greta-bischof-wins-the-2025-stockmeyer-science-prize\/\">2 Feb 2026<\/a><\/p><\/div><div class=\"gusta-clear gusta-mobile-clear\"><\/div>[vc_separator color=\"custom\" border_width=\"10\" el_width=\"10\" css=\"\" accent_color=\"#E4F2D000\" el_class=\"uberschrift-less hide-under-991\"]<div class=\"gusta-post-meta gusta-align-left  \"><p class=\"el-167011295468d0fadfd949b gusta-post-custom-field ss-element p-custom-font-news-titel ani-fade show-show\"><span class=\"ss-element-item\"><a href=\"https:\/\/dil-ev.de\/en\/dr-greta-bischof-wins-the-2025-stockmeyer-science-prize\/\">Dr. Greta Bischof Wins the 2025 Stockmeyer Science Prize<\/a><\/span><\/p><\/div><div class=\"gusta-clear gusta-mobile-clear\"><\/div>[vc_separator color=\"custom\" el_width=\"10\" css=\"\" accent_color=\"#E4F2D000\" el_class=\"uberschrift-less hide-under-991\"]<div class=\"gusta-post-meta gusta-align-left  \"><p class=\"custom-field-304216868696ca63ca2764 gusta-post-custom-field ss-element p-custom-font-news-untertitel ani-fade show-show\"><span class=\"ss-element-item\"><a href=\"https:\/\/dil-ev.de\/en\/dr-greta-bischof-wins-the-2025-stockmeyer-science-prize\/\">The 2025 Stockmeyer Science Prize, worth 20,000 euros, for research on methods of verifying the authenticity of beef.<\/a><\/span><\/p><\/div><div class=\"gusta-clear gusta-mobile-clear\"><\/div>[vc_separator color=\"custom\" border_width=\"10\" el_width=\"10\" css=\"\" accent_color=\"#E4F2D0\" el_class=\"uberschrift hide-under-991\"][\/vc_column_inner][\/vc_row_inner]<\/div>[\/vc_column][\/vc_row]<\/div><\/div><div class=\"clear\"><\/div><div class=\"gusta-load-more gusta-align-center\"><button id=\"gusta-load-more-post-listing-544262829696e69aa807b5\" class=\"load-more-button btn\">Weitere News laden<\/button><\/div><\/div>[\/vc_column][\/vc_row]\n<\/div>","protected":false},"excerpt":{"rendered":"<p>[vc_row full_width=&#8221;stretch_row_content_no_spaces&#8221;][vc_column el_class=&#8221;padding-top padding-bottom padding-left-right-moretinymediahub&#8221;][\/vc_column][\/vc_row]<\/p>\n","protected":false},"author":1,"featured_media":10081100,"parent":10087020,"menu_order":5,"comment_status":"closed","ping_status":"closed","template":"","meta":{"_acf_changed":false,"footnotes":""},"class_list":["post-10086818","page","type-page","status-publish","has-post-thumbnail","hentry"],"acf":[],"yoast_head":"<!-- This site is optimized with the Yoast SEO plugin v27.9 - https:\/\/yoast.com\/product\/yoast-seo-wordpress\/ -->\n<title>Latest News<\/title>\n<meta name=\"description\" content=\"Latest News from the DIL: Research findings and innovations related to food, processes, and sustainability.\" \/>\n<meta name=\"robots\" content=\"index, follow, max-snippet:-1, max-image-preview:large, max-video-preview:-1\" \/>\n<link rel=\"canonical\" href=\"https:\/\/dil-ev.de\/en\/institute\/news\/\" \/>\n<meta property=\"og:locale\" content=\"en_US\" \/>\n<meta property=\"og:type\" content=\"article\" \/>\n<meta property=\"og:title\" content=\"Latest News\" \/>\n<meta property=\"og:description\" content=\"Latest News from the DIL: Research findings and innovations related to food, processes, and sustainability.\" \/>\n<meta property=\"og:url\" content=\"https:\/\/dil-ev.de\/en\/institute\/news\/\" \/>\n<meta property=\"og:site_name\" content=\"DIL Deutsches Institut f\u00fcr Lebensmitteltechnik e. V.\" \/>\n<meta property=\"article:modified_time\" content=\"2026-07-21T17:56:23+00:00\" \/>\n<meta property=\"og:image\" content=\"https:\/\/dil-ev.de\/wp-content\/uploads\/2025\/12\/dil-ev-weiterbildung-masterstudiengang-Food-Process-and-Product-Engineering.jpg\" \/>\n\t<meta property=\"og:image:width\" content=\"1440\" \/>\n\t<meta property=\"og:image:height\" content=\"811\" \/>\n\t<meta property=\"og:image:type\" content=\"image\/jpeg\" \/>\n<meta name=\"twitter:card\" content=\"summary_large_image\" \/>\n<script type=\"application\/ld+json\" class=\"yoast-schema-graph\">{\"@context\":\"https:\\\/\\\/schema.org\",\"@graph\":[{\"@type\":\"WebPage\",\"@id\":\"https:\\\/\\\/dil-ev.de\\\/en\\\/institute\\\/news\\\/\",\"url\":\"https:\\\/\\\/dil-ev.de\\\/en\\\/institute\\\/news\\\/\",\"name\":\"Latest News\",\"isPartOf\":{\"@id\":\"https:\\\/\\\/dil-ev.de\\\/en\\\/#website\"},\"primaryImageOfPage\":{\"@id\":\"https:\\\/\\\/dil-ev.de\\\/en\\\/institute\\\/news\\\/#primaryimage\"},\"image\":{\"@id\":\"https:\\\/\\\/dil-ev.de\\\/en\\\/institute\\\/news\\\/#primaryimage\"},\"thumbnailUrl\":\"https:\\\/\\\/dil-ev.de\\\/wp-content\\\/uploads\\\/2025\\\/12\\\/dil-ev-weiterbildung-masterstudiengang-Food-Process-and-Product-Engineering.jpg\",\"datePublished\":\"2026-01-19T17:25:30+00:00\",\"dateModified\":\"2026-07-21T17:56:23+00:00\",\"description\":\"Latest News from the DIL: Research findings and innovations related to food, processes, and sustainability.\",\"breadcrumb\":{\"@id\":\"https:\\\/\\\/dil-ev.de\\\/en\\\/institute\\\/news\\\/#breadcrumb\"},\"inLanguage\":\"en-US\",\"potentialAction\":[{\"@type\":\"ReadAction\",\"target\":[\"https:\\\/\\\/dil-ev.de\\\/en\\\/institute\\\/news\\\/\"]}]},{\"@type\":\"ImageObject\",\"inLanguage\":\"en-US\",\"@id\":\"https:\\\/\\\/dil-ev.de\\\/en\\\/institute\\\/news\\\/#primaryimage\",\"url\":\"https:\\\/\\\/dil-ev.de\\\/wp-content\\\/uploads\\\/2025\\\/12\\\/dil-ev-weiterbildung-masterstudiengang-Food-Process-and-Product-Engineering.jpg\",\"contentUrl\":\"https:\\\/\\\/dil-ev.de\\\/wp-content\\\/uploads\\\/2025\\\/12\\\/dil-ev-weiterbildung-masterstudiengang-Food-Process-and-Product-Engineering.jpg\",\"width\":1440,\"height\":811,\"caption\":\"Drei junge Wissenschaftlerinnen im Labor pipettieren Proben und tragen Schutzbrillen \u2013 praktische Weiterbildung im Masterstudiengang Food Processing and Product Engineering (FPPE) am DIL e.V.\"},{\"@type\":\"BreadcrumbList\",\"@id\":\"https:\\\/\\\/dil-ev.de\\\/en\\\/institute\\\/news\\\/#breadcrumb\",\"itemListElement\":[{\"@type\":\"ListItem\",\"position\":1,\"name\":\"Startseite\",\"item\":\"https:\\\/\\\/dil-ev.de\\\/en\\\/\"},{\"@type\":\"ListItem\",\"position\":2,\"name\":\"Institute\",\"item\":\"https:\\\/\\\/dil-ev.de\\\/en\\\/institute\\\/\"},{\"@type\":\"ListItem\",\"position\":3,\"name\":\"News\"}]},{\"@type\":\"WebSite\",\"@id\":\"https:\\\/\\\/dil-ev.de\\\/en\\\/#website\",\"url\":\"https:\\\/\\\/dil-ev.de\\\/en\\\/\",\"name\":\"DIL Deutsches Institut f\u00fcr Lebensmitteltechnik e.V.\",\"description\":\"Forschungsinstitut f\u00fcr Lebensmitteltechnik in Quakenbr\u00fcck\",\"publisher\":{\"@id\":\"https:\\\/\\\/dil-ev.de\\\/en\\\/#organization\"},\"potentialAction\":[{\"@type\":\"SearchAction\",\"target\":{\"@type\":\"EntryPoint\",\"urlTemplate\":\"https:\\\/\\\/dil-ev.de\\\/en\\\/?s={search_term_string}\"},\"query-input\":{\"@type\":\"PropertyValueSpecification\",\"valueRequired\":true,\"valueName\":\"search_term_string\"}}],\"inLanguage\":\"en-US\"},{\"@type\":\"Organization\",\"@id\":\"https:\\\/\\\/dil-ev.de\\\/en\\\/#organization\",\"name\":\"DIL Deutsches Institut f\u00fcr Lebensmitteltechnik e.V.\",\"alternateName\":\"DIL e. V.\",\"url\":\"https:\\\/\\\/dil-ev.de\\\/en\\\/\",\"logo\":{\"@type\":\"ImageObject\",\"inLanguage\":\"en-US\",\"@id\":\"https:\\\/\\\/dil-ev.de\\\/en\\\/#\\\/schema\\\/logo\\\/image\\\/\",\"url\":\"https:\\\/\\\/dil-ev.de\\\/wp-content\\\/uploads\\\/2026\\\/02\\\/Dil-ev-favicon-yost-small.jpg\",\"contentUrl\":\"https:\\\/\\\/dil-ev.de\\\/wp-content\\\/uploads\\\/2026\\\/02\\\/Dil-ev-favicon-yost-small.jpg\",\"width\":696,\"height\":696,\"caption\":\"DIL Deutsches Institut f\u00fcr Lebensmitteltechnik e.V.\"},\"image\":{\"@id\":\"https:\\\/\\\/dil-ev.de\\\/en\\\/#\\\/schema\\\/logo\\\/image\\\/\"},\"sameAs\":[\"https:\\\/\\\/www.instagram.com\\\/dil_e.v\\\/\",\"https:\\\/\\\/www.linkedin.com\\\/company\\\/deutsches-institut-f-r-lebensmitteltechnik-e-v-\\\/posts\\\/?feedView=all\"]}]}<\/script>\n<!-- \/ Yoast SEO plugin. -->","yoast_head_json":{"title":"Latest News","description":"Latest News from the DIL: Research findings and innovations related to food, processes, and sustainability.","robots":{"index":"index","follow":"follow","max-snippet":"max-snippet:-1","max-image-preview":"max-image-preview:large","max-video-preview":"max-video-preview:-1"},"canonical":"https:\/\/dil-ev.de\/en\/institute\/news\/","og_locale":"en_US","og_type":"article","og_title":"Latest News","og_description":"Latest News from the DIL: Research findings and innovations related to food, processes, and sustainability.","og_url":"https:\/\/dil-ev.de\/en\/institute\/news\/","og_site_name":"DIL Deutsches Institut f\u00fcr Lebensmitteltechnik e. V.","article_modified_time":"2026-07-21T17:56:23+00:00","og_image":[{"width":1440,"height":811,"url":"https:\/\/dil-ev.de\/wp-content\/uploads\/2025\/12\/dil-ev-weiterbildung-masterstudiengang-Food-Process-and-Product-Engineering.jpg","type":"image\/jpeg"}],"twitter_card":"summary_large_image","schema":{"@context":"https:\/\/schema.org","@graph":[{"@type":"WebPage","@id":"https:\/\/dil-ev.de\/en\/institute\/news\/","url":"https:\/\/dil-ev.de\/en\/institute\/news\/","name":"Latest News","isPartOf":{"@id":"https:\/\/dil-ev.de\/en\/#website"},"primaryImageOfPage":{"@id":"https:\/\/dil-ev.de\/en\/institute\/news\/#primaryimage"},"image":{"@id":"https:\/\/dil-ev.de\/en\/institute\/news\/#primaryimage"},"thumbnailUrl":"https:\/\/dil-ev.de\/wp-content\/uploads\/2025\/12\/dil-ev-weiterbildung-masterstudiengang-Food-Process-and-Product-Engineering.jpg","datePublished":"2026-01-19T17:25:30+00:00","dateModified":"2026-07-21T17:56:23+00:00","description":"Latest News from the DIL: Research findings and innovations related to food, processes, and sustainability.","breadcrumb":{"@id":"https:\/\/dil-ev.de\/en\/institute\/news\/#breadcrumb"},"inLanguage":"en-US","potentialAction":[{"@type":"ReadAction","target":["https:\/\/dil-ev.de\/en\/institute\/news\/"]}]},{"@type":"ImageObject","inLanguage":"en-US","@id":"https:\/\/dil-ev.de\/en\/institute\/news\/#primaryimage","url":"https:\/\/dil-ev.de\/wp-content\/uploads\/2025\/12\/dil-ev-weiterbildung-masterstudiengang-Food-Process-and-Product-Engineering.jpg","contentUrl":"https:\/\/dil-ev.de\/wp-content\/uploads\/2025\/12\/dil-ev-weiterbildung-masterstudiengang-Food-Process-and-Product-Engineering.jpg","width":1440,"height":811,"caption":"Drei junge Wissenschaftlerinnen im Labor pipettieren Proben und tragen Schutzbrillen \u2013 praktische Weiterbildung im Masterstudiengang Food Processing and Product Engineering (FPPE) am DIL e.V."},{"@type":"BreadcrumbList","@id":"https:\/\/dil-ev.de\/en\/institute\/news\/#breadcrumb","itemListElement":[{"@type":"ListItem","position":1,"name":"Startseite","item":"https:\/\/dil-ev.de\/en\/"},{"@type":"ListItem","position":2,"name":"Institute","item":"https:\/\/dil-ev.de\/en\/institute\/"},{"@type":"ListItem","position":3,"name":"News"}]},{"@type":"WebSite","@id":"https:\/\/dil-ev.de\/en\/#website","url":"https:\/\/dil-ev.de\/en\/","name":"DIL Deutsches Institut f\u00fcr Lebensmitteltechnik e.V.","description":"Forschungsinstitut f\u00fcr Lebensmitteltechnik in Quakenbr\u00fcck","publisher":{"@id":"https:\/\/dil-ev.de\/en\/#organization"},"potentialAction":[{"@type":"SearchAction","target":{"@type":"EntryPoint","urlTemplate":"https:\/\/dil-ev.de\/en\/?s={search_term_string}"},"query-input":{"@type":"PropertyValueSpecification","valueRequired":true,"valueName":"search_term_string"}}],"inLanguage":"en-US"},{"@type":"Organization","@id":"https:\/\/dil-ev.de\/en\/#organization","name":"DIL Deutsches Institut f\u00fcr Lebensmitteltechnik e.V.","alternateName":"DIL e. V.","url":"https:\/\/dil-ev.de\/en\/","logo":{"@type":"ImageObject","inLanguage":"en-US","@id":"https:\/\/dil-ev.de\/en\/#\/schema\/logo\/image\/","url":"https:\/\/dil-ev.de\/wp-content\/uploads\/2026\/02\/Dil-ev-favicon-yost-small.jpg","contentUrl":"https:\/\/dil-ev.de\/wp-content\/uploads\/2026\/02\/Dil-ev-favicon-yost-small.jpg","width":696,"height":696,"caption":"DIL Deutsches Institut f\u00fcr Lebensmitteltechnik e.V."},"image":{"@id":"https:\/\/dil-ev.de\/en\/#\/schema\/logo\/image\/"},"sameAs":["https:\/\/www.instagram.com\/dil_e.v\/","https:\/\/www.linkedin.com\/company\/deutsches-institut-f-r-lebensmitteltechnik-e-v-\/posts\/?feedView=all"]}]}},"_links":{"self":[{"href":"https:\/\/dil-ev.de\/en\/wp-json\/wp\/v2\/pages\/10086818","targetHints":{"allow":["GET"]}}],"collection":[{"href":"https:\/\/dil-ev.de\/en\/wp-json\/wp\/v2\/pages"}],"about":[{"href":"https:\/\/dil-ev.de\/en\/wp-json\/wp\/v2\/types\/page"}],"author":[{"embeddable":true,"href":"https:\/\/dil-ev.de\/en\/wp-json\/wp\/v2\/users\/1"}],"replies":[{"embeddable":true,"href":"https:\/\/dil-ev.de\/en\/wp-json\/wp\/v2\/comments?post=10086818"}],"version-history":[{"count":2,"href":"https:\/\/dil-ev.de\/en\/wp-json\/wp\/v2\/pages\/10086818\/revisions"}],"predecessor-version":[{"id":10086822,"href":"https:\/\/dil-ev.de\/en\/wp-json\/wp\/v2\/pages\/10086818\/revisions\/10086822"}],"up":[{"embeddable":true,"href":"https:\/\/dil-ev.de\/en\/wp-json\/wp\/v2\/pages\/10087020"}],"wp:featuredmedia":[{"embeddable":true,"href":"https:\/\/dil-ev.de\/en\/wp-json\/wp\/v2\/media\/10081100"}],"wp:attachment":[{"href":"https:\/\/dil-ev.de\/en\/wp-json\/wp\/v2\/media?parent=10086818"}],"curies":[{"name":"wp","href":"https:\/\/api.w.org\/{rel}","templated":true}]}}