{"id":10086826,"date":"2025-12-27T09:16:09","date_gmt":"2025-12-27T08:16:09","guid":{"rendered":"https:\/\/dil-ev.de\/meat-industry-forum\/"},"modified":"2026-07-22T11:04:39","modified_gmt":"2026-07-22T09:04:39","slug":"meat-industry-forum","status":"publish","type":"page","link":"https:\/\/dil-ev.de\/en\/events\/meat-industry-forum\/","title":{"rendered":"Meat Industry Forum"},"content":{"rendered":"<div class=\"wpb-content-wrapper\">[vc_row full_width=&#8221;stretch_row_content_no_spaces&#8221;][vc_column el_class=&#8221;padding-top-first padding-left-right-less&#8221;][vc_row_inner equal_height=&#8221;yes&#8221; content_placement=&#8221;middle&#8221;][vc_column_inner width=&#8221;2\/3&#8243;][vc_column_text css=&#8221;&#8221; el_class=&#8221;h1-custom-font uberschrift&#8221;]\n<h1 class=\"stroke-pink\" style=\"text-align: left;\"><span class=\"fade\"><span style=\"color: #008000;\">Forum of the Meat Industry<\/span><br \/>\n Practice meets science<\/span><\/h1>\n[\/vc_column_text][\/vc_column_inner][vc_column_inner width=&#8221;1\/3&#8243;][\/vc_column_inner][\/vc_row_inner][\/vc_column][\/vc_row][vc_row full_width=&#8221;stretch_row_content_no_spaces&#8221;][vc_column el_class=&#8221;padding-left-right-tinypic corner-mask-left-white hero-img-top-mobile&#8221; css=&#8221;.vc_custom_1783408897470{background-image: url(https:\/\/dil-ev.de\/wp-content\/uploads\/2026\/02\/dil-ev-forum-der-fleischwirtschaft-03.jpg?id=10084875) !important;background-position: center !important;background-repeat: no-repeat !important;background-size: cover !important;}&#8221;][vc_row_inner el_class=&#8221;paddinginnen-more&#8221;][vc_column_inner width=&#8221;1\/2&#8243; offset=&#8221;vc_hidden-xs&#8221;][\/vc_column_inner][vc_column_inner el_class=&#8221;specific-container hero-card-4-3-col&#8221; width=&#8221;1\/2&#8243;][vc_single_image image=&#8221;10084326&#8243; img_size=&#8221;300&#215;300&#8243; css=&#8221;&#8221; el_class=&#8221;uberschriftviel scale-with-padding hide-under-991&#8243;][vc_column_text css=&#8221;.vc_custom_1769082379074{padding-right: 1vw !important;padding-left: 1vw !important;}&#8221; el_class=&#8221;uberschrift&#8221;]\n<h2 class=\"stroke-pink\" style=\"text-align: left;\">A Platform for Exchange in the Meat Industry<\/h2>\n[\/vc_column_text][\/vc_column_inner][\/vc_row_inner][\/vc_column][\/vc_row][vc_row full_width=&#8221;stretch_row_content_no_spaces&#8221;][vc_column el_class=&#8221;padding-top padding-left-right-less&#8221;][vc_row_inner equal_height=&#8221;yes&#8221; content_placement=&#8221;middle&#8221;][vc_column_inner][vc_column_text css=&#8221;&#8221; el_class=&#8221;uberschrift&#8221;]\n<h3 class=\"stroke-pink\" style=\"text-align: left;\">The Meat Industry Forum brings industry stakeholders together to discuss current issues<\/h3>\n[\/vc_column_text][vc_separator color=&#8221;custom&#8221; border_width=&#8221;5&#8243; el_width=&#8221;10&#8243; css=&#8221;&#8221; accent_color=&#8221;#E4F2D0&#8243; el_class=&#8221;uberschrift hide-under-991&#8243;][\/vc_column_inner][\/vc_row_inner][vc_row_inner el_class=&#8221;padding-top-less padding-left-right-moretiny&#8221;][vc_column_inner][vc_column_text css=&#8221;&#8221; el_class=&#8221;uberschrift&#8221;]\n<p class=\"p1\">The <strong>Meat Industry Forum<\/strong> is an annual, multi-day trade event organized by <strong>the trade journal *Fleischwirtschaft*<\/strong> in cooperation with the <strong>DIL (German Institute of Food Technology)<\/strong> and held at the DIL in Quakenbr\u00fcck. The event addresses current issues in the meat and protein industry and is aimed at representatives from industry, trade, academia, associations, and related fields. <\/p>\n[\/vc_column_text][vc_column_text css=&#8221;&#8221;]\n<p class=\"p1\">The focus is on the technological, economic, and social challenges facing the meat industry. Expert presentations and panel discussions will address topics such as processing technologies, quality assurance, food safety, sustainability, raw material availability, and regulatory frameworks. Both scientific findings and practical experience will be taken into account.  <\/p>\n[\/vc_column_text][\/vc_column_inner][\/vc_row_inner][\/vc_column][\/vc_row][vc_row full_width=&#8221;stretch_row_content_no_spaces&#8221;][vc_column el_class=&#8221;padding-top padding-left-right-less&#8221;][vc_row_inner equal_height=&#8221;yes&#8221; content_placement=&#8221;middle&#8221; el_class=&#8221;padding-left-right-moretiny&#8221;][vc_column_inner][vc_single_image image=&#8221;10086486&#8243; img_size=&#8221;1920\u00d7676&#8243; alignment=&#8221;center&#8221; onclick=&#8221;custom_link&#8221; img_link_target=&#8221;_blank&#8221; css=&#8221;&#8221; link=&#8221;https:\/\/www.fleischwirtschaft.de\/events\/forum-der-fleischwirtschaft-2026-246&#8243; el_class=&#8221;actionlink&#8221;][\/vc_column_inner][\/vc_row_inner][\/vc_column][\/vc_row][vc_row full_width=&#8221;stretch_row_content_no_spaces&#8221;][vc_column el_class=&#8221;padding-top padding-left-right-tiny&#8221;][vc_row_inner equal_height=&#8221;yes&#8221; content_placement=&#8221;middle&#8221; el_class=&#8221;padding-top-less padding-bottom-less carousel-row white-cut-right&#8221;][vc_column_inner el_class=&#8221;paddinginnen-more specific-container&#8221; width=&#8221;1\/2&#8243;][vc_single_image image=&#8221;10080181&#8243; img_size=&#8221;300&#215;300&#8243; css=&#8221;&#8221; el_class=&#8221;uberschriftviel&#8221;][vc_column_text css=&#8221;&#8221; el_class=&#8221;h2-custom-font-zitat uberschrift&#8221;]\n<h2 class=\"stroke-pink\" style=\"text-align: left;\">Through the Meat Industry Forum, we contribute scientific and technological expertise and promote dialogue between research and industry.<\/h2>\n[\/vc_column_text][vc_column_text css=&#8221;&#8221; el_class=&#8221;uberschrift&#8221;]\n<h5 class=\"stroke-pink\" style=\"text-align: left;\">Want to learn more about the Meat Industry Forum?<\/h5>\n[\/vc_column_text]<div class=\"gusta-align-left  \"><a href=\"https:\/\/www.fleischwirtschaft.de\/events\/forum-der-fleischwirtschaft-2026-246\" target=\"_blank\" title=\"Forum der Fleischwirtschaft\" class=\"el-2567764546939501e3bc79  ss-element gusta-read-more-button gusta-icon-link gusta-has-span show-show ani-fade linked\"><i class=\"vc-material vc-material-arrow_forward\" aria-hidden=\"true\"><\/i> <span>Hier geht\u2019s zur Webseite<\/span> <\/a><\/div><div class=\"gusta-clear gusta-mobile-clear\"><\/div>[\/vc_column_inner][vc_column_inner width=&#8221;1\/2&#8243;]<div id=\"ult-carousel-41935133826a9a77f3b0f7e\" class=\"ult-carousel-wrapper   ult_horizontal\" data-gutter=\"0\" data-rtl=\"false\" ><div class=\"ult-carousel-39936064956a9a77f3b0e8e \" >[vc_single_image image=&#8221;10084876&#8243; img_size=&#8221;1440&#215;810&#8243; alignment=&#8221;center&#8221; css=&#8221;&#8221;][vc_single_image image=&#8221;10084872&#8243; img_size=&#8221;1440&#215;810&#8243; alignment=&#8221;center&#8221; css=&#8221;&#8221;][vc_single_image image=&#8221;10084874&#8243; img_size=&#8221;1440&#215;810&#8243; alignment=&#8221;center&#8221; css=&#8221;&#8221;][vc_single_image image=&#8221;10084878&#8243; img_size=&#8221;1440&#215;810&#8243; alignment=&#8221;center&#8221; css=&#8221;&#8221;][vc_single_image image=&#8221;10084886&#8243; img_size=&#8221;1440&#215;810&#8243; alignment=&#8221;center&#8221; css=&#8221;&#8221;][vc_single_image image=&#8221;10084880&#8243; img_size=&#8221;1440&#215;810&#8243; alignment=&#8221;center&#8221; css=&#8221;&#8221;][vc_single_image image=&#8221;10084882&#8243; img_size=&#8221;1440&#215;810&#8243; alignment=&#8221;center&#8221; css=&#8221;&#8221;]<\/div><\/div>\t\t\t<script type=\"text\/javascript\">\n\t\t\t\tjQuery(document).ready(function ($) {\n\t\t\t\t\tif( typeof jQuery('.ult-carousel-39936064956a9a77f3b0e8e').slick == \"function\"){\n\t\t\t\t\t\t$('.ult-carousel-39936064956a9a77f3b0e8e').slick({dots: true,autoplay: true,autoplaySpeed: \"2500\",speed: \"500\",infinite: true,arrows: false,slidesToScroll:1,slidesToShow:1,swipe: true,draggable: true,touchMove: true,pauseOnHover: true,pauseOnFocus: false,responsive: [\n\t\t\t\t\t\t\t{\n\t\t\t\t\t\t\t  breakpoint: 1026,\n\t\t\t\t\t\t\t  settings: {\n\t\t\t\t\t\t\t\tslidesToShow: 1,\n\t\t\t\t\t\t\t\tslidesToScroll: 1,  \n\t\t\t\t\t\t\t  }\n\t\t\t\t\t\t\t},\n\t\t\t\t\t\t\t{\n\t\t\t\t\t\t\t  breakpoint: 1025,\n\t\t\t\t\t\t\t  settings: {\n\t\t\t\t\t\t\t\tslidesToShow: 1,\n\t\t\t\t\t\t\t\tslidesToScroll: 1\n\t\t\t\t\t\t\t  }\n\t\t\t\t\t\t\t},\n\t\t\t\t\t\t\t{\n\t\t\t\t\t\t\t  breakpoint: 760,\n\t\t\t\t\t\t\t  settings: {\n\t\t\t\t\t\t\t\tslidesToShow: 1,\n\t\t\t\t\t\t\t\tslidesToScroll: 1\n\t\t\t\t\t\t\t  }\n\t\t\t\t\t\t\t}\n\t\t\t\t\t\t],pauseOnDotsHover: true,customPaging: function(slider, i) {\n                   return '<i type=\"button\" style= \"color:#333333;\" class=\"ultsl-record\" data-role=\"none\"><\/i>';\n                },});\n\t\t\t\t\t}\n\t\t\t\t});\n\t\t\t<\/script>\n\t\t\t[\/vc_column_inner][\/vc_row_inner][\/vc_column][\/vc_row][vc_row full_width=&#8221;stretch_row_content_no_spaces&#8221;][vc_column el_class=&#8221;padding-top padding-left-right-less&#8221;][vc_row_inner equal_height=&#8221;yes&#8221; content_placement=&#8221;top&#8221;][vc_column_inner][vc_column_text css=&#8221;&#8221; el_class=&#8221;uberschrift&#8221;]\n<h3 class=\"stroke-pink\" style=\"text-align: left;\">The forum brings together perspectives from across the value chain and identifies future areas of action<\/h3>\n[\/vc_column_text][vc_separator color=&#8221;custom&#8221; border_width=&#8221;5&#8243; el_width=&#8221;10&#8243; css=&#8221;&#8221; accent_color=&#8221;#E4F2D0&#8243; el_class=&#8221;uberschrift hide-under-991&#8243;][\/vc_column_inner][\/vc_row_inner][vc_row_inner el_class=&#8221;padding-top-less padding-left-right-moretiny&#8221;][vc_column_inner][vc_column_text css=&#8221;&#8221; el_class=&#8221;uberschrift&#8221;]\n<p class=\"p1\">The forum provides a space for open and technically sound exchange. It brings together diverse perspectives along the value chain to contextualize current developments and identify future areas of action. The dialogue between research and industry plays a central role in this process. Through its participation, the DIL contributes its scientific and technological expertise to the Meat Industry Forum and supports the transfer of knowledge between research and industrial application. The event helps foster discussion of sustainable solutions for a changing meat and protein industry.    <\/p>\n[\/vc_column_text][\/vc_column_inner][\/vc_row_inner][\/vc_column][\/vc_row][vc_row full_width=&#8221;stretch_row_content_no_spaces&#8221;][vc_column el_class=&#8221;padding-top padding-left-right-less&#8221;][vc_row_inner][vc_column_inner el_class=&#8221;padding-left-right-moretiny&#8221;][vc_column_text css=&#8221;&#8221; el_class=&#8221;uberschrift&#8221;]\n<p style=\"text-align: left;\"><strong>The Forum at a Glance<\/strong><\/p>\n[\/vc_column_text][\/vc_column_inner][\/vc_row_inner][\/vc_column][\/vc_row][vc_row full_width=&#8221;stretch_row_content_no_spaces&#8221;][vc_column el_class=&#8221;padding-left-right-tiny corner-mask-left-white&#8221; css=&#8221;.vc_custom_1768150100098{background-color: #E4F2D0 !important;}&#8221;][vc_tta_accordion title_tag=&#8221;p&#8221; section_title_tag=&#8221;p&#8221; shape=&#8221;square&#8221; color=&#8221;purple&#8221; active_section=&#8221;10&#8243; no_fill=&#8221;true&#8221; collapsible_all=&#8221;true&#8221; el_class=&#8221;padding-top padding-bottom padding-left-right-normal&#8221;][vc_tta_section title=&#8221;Event Profile&#8221; tab_id=&#8221;1765208793226-9aa95986-dd411769082161186&#8243;][vc_row_inner][vc_column_inner el_class=&#8221;padding-top-less padding-bottom-less padding-left-right-tiny&#8221;][vc_column_text css=&#8221;&#8221; el_class=&#8221;bulletpoints&#8221;]\n<ul>\n<li>An annual professional event lasting several days<\/li>\n<li>Partnership: The trade journal *Fleischwirtschaft* and DIL (German Institute for Food Technology, e. V.)<\/li>\n<li>Venue: DIL in Quakenbr\u00fcck<\/li>\n<li>Focus on Current Issues in the Meat and Protein Industry<\/li>\n<\/ul>\n[\/vc_column_text][\/vc_column_inner][\/vc_row_inner][\/vc_tta_section][vc_tta_section title=&#8221;Target Audiences&#8221; tab_id=&#8221;1765208793273-696cee98-d6b41769082161186&#8243;][vc_row_inner][vc_column_inner el_class=&#8221;padding-top-less padding-bottom-less padding-left-right-tiny&#8221;][vc_column_text css=&#8221;&#8221; el_class=&#8221;bulletpoints&#8221;]\n<ul>\n<li>Representatives from industry and the skilled trades<\/li>\n<li>Science and Research<\/li>\n<li>Associations and Related Fields<\/li>\n<\/ul>\n[\/vc_column_text][\/vc_column_inner][\/vc_row_inner][\/vc_tta_section][vc_tta_section title=&#8221;Key Areas &#038; Topics&#8221; tab_id=&#8221;1765208793326-7742485d-2d9b1769082161186&#8243;][vc_row_inner][vc_column_inner el_class=&#8221;padding-top-less padding-bottom-less padding-left-right-tiny&#8221;][vc_column_text css=&#8221;&#8221; el_class=&#8221;bulletpoints&#8221;]\n<ul>\n<li>Technological, Economic, and Social Challenges<\/li>\n<li>Processing Technologies<\/li>\n<li>Quality Assurance and Food Safety<\/li>\n<li>Sustainability and Availability of Raw Materials<\/li>\n<li>Legal\/Regulatory Framework<\/li>\n<\/ul>\n[\/vc_column_text][\/vc_column_inner][\/vc_row_inner][\/vc_tta_section][vc_tta_section title=&#8221;Exchange &#038; Perspectives&#8221; tab_id=&#8221;1765208793373-e7b90c26-b9a61769082161186&#8243;][vc_row_inner][vc_column_inner el_class=&#8221;padding-top-less padding-bottom-less padding-left-right-tiny&#8221;][vc_column_text css=&#8221;&#8221; el_class=&#8221;bulletpoints&#8221;]\n<ul>\n<li>Open, fact-based dialogue<\/li>\n<li>Bringing Together Different Perspectives Along the Value Chain<\/li>\n<li>Analysis of Current Developments<\/li>\n<li>Identifying Future Areas of Action<\/li>\n<\/ul>\n[\/vc_column_text][\/vc_column_inner][\/vc_row_inner][\/vc_tta_section][\/vc_tta_accordion][vc_empty_space height=&#8221;4vh&#8221;][\/vc_column][\/vc_row][vc_row full_width=&#8221;stretch_row_content_no_spaces&#8221;][vc_column el_class=&#8221;padding-top padding-bottom padding-left-right-tiny&#8221;][vc_row_inner equal_height=&#8221;yes&#8221; content_placement=&#8221;middle&#8221; el_class=&#8221;padding-top padding-bottom carousel-row white-cut-left&#8221;][vc_column_inner width=&#8221;1\/2&#8243;][vc_single_image image=&#8221;10085069&#8243; img_size=&#8221;1024&#215;576&#8243; alignment=&#8221;center&#8221; css=&#8221;&#8221;][\/vc_column_inner][vc_column_inner el_class=&#8221;paddinginnen-more&#8221; width=&#8221;1\/2&#8243;][vc_column_text css=&#8221;&#8221; el_class=&#8221;uberschrift&#8221;]\n<p class=\"stroke-pink\" style=\"text-align: center;\">Your Contact Person<\/p>\n[\/vc_column_text][vc_column_text css=&#8221;&#8221;]\n<h4 class=\"stroke-pink\" style=\"text-align: center;\"><span style=\"color: #12a15d;\">Aaron Dickerhoff<\/span><\/h4>\n[\/vc_column_text][vc_column_text css=&#8221;&#8221; el_class=&#8221;uberschrift&#8221;]\n<p class=\"p1\" style=\"text-align: center;\"><strong>Head of Communications and Marketing | Executive Office<\/strong><\/p>\n[\/vc_column_text]<div class=\"gusta-align-center  \"><a href=\"https:\/\/dil-ev.de\/kontakt-ansprechpartner\/\" title=\"Kontakt Ansprechpartner\" class=\"el-1362684521693c4ab11e2f8  ss-element gusta-read-more-button gusta-icon-link gusta-has-span show-show ani-fade linked\"><i class=\"vc-material vc-material-arrow_forward\" aria-hidden=\"true\"><\/i> <span>Kontaktieren Sie mich<\/span> <\/a><\/div><div class=\"gusta-clear gusta-mobile-clear\"><\/div>[\/vc_column_inner][\/vc_row_inner][\/vc_column][\/vc_row]\n<\/div>","protected":false},"excerpt":{"rendered":"<p>[vc_row full_width=&#8221;stretch_row_content_no_spaces&#8221;][vc_column el_class=&#8221;padding-top-first padding-left-right-less&#8221;][vc_row_inner equal_height=&#8221;yes&#8221; content_placement=&#8221;middle&#8221;][vc_column_inner width=&#8221;2\/3&#8243;][vc_column_text css=&#8221;&#8221; el_class=&#8221;h1-custom-font uberschrift&#8221;] Forum of the Meat Industry Practice meets science [\/vc_column_text][\/vc_column_inner][vc_column_inner width=&#8221;1\/3&#8243;][\/vc_column_inner][\/vc_row_inner][\/vc_column][\/vc_row][vc_row full_width=&#8221;stretch_row_content_no_spaces&#8221;][vc_column el_class=&#8221;padding-left-right-tinypic corner-mask-left-white hero-img-top-mobile&#8221; css=&#8221;.vc_custom_1783408897470{background-image: url(https:\/\/dil-ev.de\/wp-content\/uploads\/2026\/02\/dil-ev-forum-der-fleischwirtschaft-03.jpg?id=10084875)<span class=\"excerpt-hellip\"> [\u2026]<\/span><\/p>\n","protected":false},"author":1,"featured_media":10084876,"parent":10086848,"menu_order":3,"comment_status":"closed","ping_status":"closed","template":"","meta":{"_acf_changed":false,"footnotes":""},"class_list":["post-10086826","page","type-page","status-publish","has-post-thumbnail","hentry"],"acf":[],"yoast_head":"<!-- This site is optimized with the Yoast SEO plugin v27.9 - https:\/\/yoast.com\/product\/yoast-seo-wordpress\/ -->\n<title>Meat Industry Forum | Practice Meets Science<\/title>\n<meta name=\"description\" content=\"The forum brings together perspectives from across the value chain and identifies future areas of action.\" \/>\n<meta name=\"robots\" content=\"index, follow, max-snippet:-1, max-image-preview:large, max-video-preview:-1\" \/>\n<link rel=\"canonical\" href=\"https:\/\/dil-ev.de\/en\/events\/meat-industry-forum\/\" \/>\n<meta property=\"og:locale\" content=\"en_US\" \/>\n<meta property=\"og:type\" content=\"article\" \/>\n<meta property=\"og:title\" content=\"Meat Industry Forum | Practice Meets Science\" \/>\n<meta property=\"og:description\" content=\"The forum brings together perspectives from across the value chain and identifies future areas of action.\" \/>\n<meta property=\"og:url\" content=\"https:\/\/dil-ev.de\/en\/events\/meat-industry-forum\/\" \/>\n<meta property=\"og:site_name\" content=\"DIL Deutsches Institut f\u00fcr Lebensmitteltechnik e. V.\" \/>\n<meta property=\"article:modified_time\" content=\"2026-07-22T09:04:39+00:00\" \/>\n<meta property=\"og:image\" content=\"https:\/\/dil-ev.de\/wp-content\/uploads\/2026\/02\/dil-ev-forum-der-fleischwirtschaft-03.jpg\" \/>\n\t<meta property=\"og:image:width\" content=\"1440\" \/>\n\t<meta property=\"og:image:height\" content=\"810\" \/>\n\t<meta property=\"og:image:type\" content=\"image\/jpeg\" \/>\n<meta name=\"twitter:card\" content=\"summary_large_image\" \/>\n<meta name=\"twitter:label1\" content=\"Est. reading time\" \/>\n\t<meta name=\"twitter:data1\" content=\"8 minutes\" \/>\n<script type=\"application\/ld+json\" class=\"yoast-schema-graph\">{\"@context\":\"https:\\\/\\\/schema.org\",\"@graph\":[{\"@type\":\"WebPage\",\"@id\":\"https:\\\/\\\/dil-ev.de\\\/en\\\/events\\\/meat-industry-forum\\\/\",\"url\":\"https:\\\/\\\/dil-ev.de\\\/en\\\/events\\\/meat-industry-forum\\\/\",\"name\":\"Meat Industry Forum | Practice Meets Science\",\"isPartOf\":{\"@id\":\"https:\\\/\\\/dil-ev.de\\\/en\\\/#website\"},\"primaryImageOfPage\":{\"@id\":\"https:\\\/\\\/dil-ev.de\\\/en\\\/events\\\/meat-industry-forum\\\/#primaryimage\"},\"image\":{\"@id\":\"https:\\\/\\\/dil-ev.de\\\/en\\\/events\\\/meat-industry-forum\\\/#primaryimage\"},\"thumbnailUrl\":\"https:\\\/\\\/dil-ev.de\\\/wp-content\\\/uploads\\\/2026\\\/02\\\/dil-ev-forum-der-fleischwirtschaft-03.jpg\",\"datePublished\":\"2025-12-27T08:16:09+00:00\",\"dateModified\":\"2026-07-22T09:04:39+00:00\",\"description\":\"The forum brings together perspectives from across the value chain and identifies future areas of action.\",\"breadcrumb\":{\"@id\":\"https:\\\/\\\/dil-ev.de\\\/en\\\/events\\\/meat-industry-forum\\\/#breadcrumb\"},\"inLanguage\":\"en-US\",\"potentialAction\":[{\"@type\":\"ReadAction\",\"target\":[\"https:\\\/\\\/dil-ev.de\\\/en\\\/events\\\/meat-industry-forum\\\/\"]}]},{\"@type\":\"ImageObject\",\"inLanguage\":\"en-US\",\"@id\":\"https:\\\/\\\/dil-ev.de\\\/en\\\/events\\\/meat-industry-forum\\\/#primaryimage\",\"url\":\"https:\\\/\\\/dil-ev.de\\\/wp-content\\\/uploads\\\/2026\\\/02\\\/dil-ev-forum-der-fleischwirtschaft-03.jpg\",\"contentUrl\":\"https:\\\/\\\/dil-ev.de\\\/wp-content\\\/uploads\\\/2026\\\/02\\\/dil-ev-forum-der-fleischwirtschaft-03.jpg\",\"width\":1440,\"height\":810},{\"@type\":\"BreadcrumbList\",\"@id\":\"https:\\\/\\\/dil-ev.de\\\/en\\\/events\\\/meat-industry-forum\\\/#breadcrumb\",\"itemListElement\":[{\"@type\":\"ListItem\",\"position\":1,\"name\":\"Startseite\",\"item\":\"https:\\\/\\\/dil-ev.de\\\/en\\\/\"},{\"@type\":\"ListItem\",\"position\":2,\"name\":\"Events\",\"item\":\"https:\\\/\\\/dil-ev.de\\\/en\\\/?page_id=10086848\"},{\"@type\":\"ListItem\",\"position\":3,\"name\":\"Meat Industry Forum\"}]},{\"@type\":\"WebSite\",\"@id\":\"https:\\\/\\\/dil-ev.de\\\/en\\\/#website\",\"url\":\"https:\\\/\\\/dil-ev.de\\\/en\\\/\",\"name\":\"DIL Deutsches Institut f\u00fcr Lebensmitteltechnik e.V.\",\"description\":\"Forschungsinstitut f\u00fcr Lebensmitteltechnik in Quakenbr\u00fcck\",\"publisher\":{\"@id\":\"https:\\\/\\\/dil-ev.de\\\/en\\\/#organization\"},\"potentialAction\":[{\"@type\":\"SearchAction\",\"target\":{\"@type\":\"EntryPoint\",\"urlTemplate\":\"https:\\\/\\\/dil-ev.de\\\/en\\\/?s={search_term_string}\"},\"query-input\":{\"@type\":\"PropertyValueSpecification\",\"valueRequired\":true,\"valueName\":\"search_term_string\"}}],\"inLanguage\":\"en-US\"},{\"@type\":\"Organization\",\"@id\":\"https:\\\/\\\/dil-ev.de\\\/en\\\/#organization\",\"name\":\"DIL Deutsches Institut f\u00fcr Lebensmitteltechnik e.V.\",\"alternateName\":\"DIL e. V.\",\"url\":\"https:\\\/\\\/dil-ev.de\\\/en\\\/\",\"logo\":{\"@type\":\"ImageObject\",\"inLanguage\":\"en-US\",\"@id\":\"https:\\\/\\\/dil-ev.de\\\/en\\\/#\\\/schema\\\/logo\\\/image\\\/\",\"url\":\"https:\\\/\\\/dil-ev.de\\\/wp-content\\\/uploads\\\/2026\\\/02\\\/Dil-ev-favicon-yost-small.jpg\",\"contentUrl\":\"https:\\\/\\\/dil-ev.de\\\/wp-content\\\/uploads\\\/2026\\\/02\\\/Dil-ev-favicon-yost-small.jpg\",\"width\":696,\"height\":696,\"caption\":\"DIL Deutsches Institut f\u00fcr Lebensmitteltechnik e.V.\"},\"image\":{\"@id\":\"https:\\\/\\\/dil-ev.de\\\/en\\\/#\\\/schema\\\/logo\\\/image\\\/\"},\"sameAs\":[\"https:\\\/\\\/www.instagram.com\\\/dil_e.v\\\/\",\"https:\\\/\\\/www.linkedin.com\\\/company\\\/deutsches-institut-f-r-lebensmitteltechnik-e-v-\\\/posts\\\/?feedView=all\"]}]}<\/script>\n<!-- \/ Yoast SEO plugin. -->","yoast_head_json":{"title":"Meat Industry Forum | Practice Meets Science","description":"The forum brings together perspectives from across the value chain and identifies future areas of action.","robots":{"index":"index","follow":"follow","max-snippet":"max-snippet:-1","max-image-preview":"max-image-preview:large","max-video-preview":"max-video-preview:-1"},"canonical":"https:\/\/dil-ev.de\/en\/events\/meat-industry-forum\/","og_locale":"en_US","og_type":"article","og_title":"Meat Industry Forum | Practice Meets Science","og_description":"The forum brings together perspectives from across the value chain and identifies future areas of action.","og_url":"https:\/\/dil-ev.de\/en\/events\/meat-industry-forum\/","og_site_name":"DIL Deutsches Institut f\u00fcr Lebensmitteltechnik e. V.","article_modified_time":"2026-07-22T09:04:39+00:00","og_image":[{"width":1440,"height":810,"url":"https:\/\/dil-ev.de\/wp-content\/uploads\/2026\/02\/dil-ev-forum-der-fleischwirtschaft-03.jpg","type":"image\/jpeg"}],"twitter_card":"summary_large_image","twitter_misc":{"Est. reading time":"8 minutes"},"schema":{"@context":"https:\/\/schema.org","@graph":[{"@type":"WebPage","@id":"https:\/\/dil-ev.de\/en\/events\/meat-industry-forum\/","url":"https:\/\/dil-ev.de\/en\/events\/meat-industry-forum\/","name":"Meat Industry Forum | Practice Meets Science","isPartOf":{"@id":"https:\/\/dil-ev.de\/en\/#website"},"primaryImageOfPage":{"@id":"https:\/\/dil-ev.de\/en\/events\/meat-industry-forum\/#primaryimage"},"image":{"@id":"https:\/\/dil-ev.de\/en\/events\/meat-industry-forum\/#primaryimage"},"thumbnailUrl":"https:\/\/dil-ev.de\/wp-content\/uploads\/2026\/02\/dil-ev-forum-der-fleischwirtschaft-03.jpg","datePublished":"2025-12-27T08:16:09+00:00","dateModified":"2026-07-22T09:04:39+00:00","description":"The forum brings together perspectives from across the value chain and identifies future areas of action.","breadcrumb":{"@id":"https:\/\/dil-ev.de\/en\/events\/meat-industry-forum\/#breadcrumb"},"inLanguage":"en-US","potentialAction":[{"@type":"ReadAction","target":["https:\/\/dil-ev.de\/en\/events\/meat-industry-forum\/"]}]},{"@type":"ImageObject","inLanguage":"en-US","@id":"https:\/\/dil-ev.de\/en\/events\/meat-industry-forum\/#primaryimage","url":"https:\/\/dil-ev.de\/wp-content\/uploads\/2026\/02\/dil-ev-forum-der-fleischwirtschaft-03.jpg","contentUrl":"https:\/\/dil-ev.de\/wp-content\/uploads\/2026\/02\/dil-ev-forum-der-fleischwirtschaft-03.jpg","width":1440,"height":810},{"@type":"BreadcrumbList","@id":"https:\/\/dil-ev.de\/en\/events\/meat-industry-forum\/#breadcrumb","itemListElement":[{"@type":"ListItem","position":1,"name":"Startseite","item":"https:\/\/dil-ev.de\/en\/"},{"@type":"ListItem","position":2,"name":"Events","item":"https:\/\/dil-ev.de\/en\/?page_id=10086848"},{"@type":"ListItem","position":3,"name":"Meat Industry Forum"}]},{"@type":"WebSite","@id":"https:\/\/dil-ev.de\/en\/#website","url":"https:\/\/dil-ev.de\/en\/","name":"DIL Deutsches Institut f\u00fcr Lebensmitteltechnik e.V.","description":"Forschungsinstitut f\u00fcr Lebensmitteltechnik in Quakenbr\u00fcck","publisher":{"@id":"https:\/\/dil-ev.de\/en\/#organization"},"potentialAction":[{"@type":"SearchAction","target":{"@type":"EntryPoint","urlTemplate":"https:\/\/dil-ev.de\/en\/?s={search_term_string}"},"query-input":{"@type":"PropertyValueSpecification","valueRequired":true,"valueName":"search_term_string"}}],"inLanguage":"en-US"},{"@type":"Organization","@id":"https:\/\/dil-ev.de\/en\/#organization","name":"DIL Deutsches Institut f\u00fcr Lebensmitteltechnik e.V.","alternateName":"DIL e. V.","url":"https:\/\/dil-ev.de\/en\/","logo":{"@type":"ImageObject","inLanguage":"en-US","@id":"https:\/\/dil-ev.de\/en\/#\/schema\/logo\/image\/","url":"https:\/\/dil-ev.de\/wp-content\/uploads\/2026\/02\/Dil-ev-favicon-yost-small.jpg","contentUrl":"https:\/\/dil-ev.de\/wp-content\/uploads\/2026\/02\/Dil-ev-favicon-yost-small.jpg","width":696,"height":696,"caption":"DIL Deutsches Institut f\u00fcr Lebensmitteltechnik e.V."},"image":{"@id":"https:\/\/dil-ev.de\/en\/#\/schema\/logo\/image\/"},"sameAs":["https:\/\/www.instagram.com\/dil_e.v\/","https:\/\/www.linkedin.com\/company\/deutsches-institut-f-r-lebensmitteltechnik-e-v-\/posts\/?feedView=all"]}]}},"_links":{"self":[{"href":"https:\/\/dil-ev.de\/en\/wp-json\/wp\/v2\/pages\/10086826","targetHints":{"allow":["GET"]}}],"collection":[{"href":"https:\/\/dil-ev.de\/en\/wp-json\/wp\/v2\/pages"}],"about":[{"href":"https:\/\/dil-ev.de\/en\/wp-json\/wp\/v2\/types\/page"}],"author":[{"embeddable":true,"href":"https:\/\/dil-ev.de\/en\/wp-json\/wp\/v2\/users\/1"}],"replies":[{"embeddable":true,"href":"https:\/\/dil-ev.de\/en\/wp-json\/wp\/v2\/comments?post=10086826"}],"version-history":[{"count":9,"href":"https:\/\/dil-ev.de\/en\/wp-json\/wp\/v2\/pages\/10086826\/revisions"}],"predecessor-version":[{"id":10087380,"href":"https:\/\/dil-ev.de\/en\/wp-json\/wp\/v2\/pages\/10086826\/revisions\/10087380"}],"up":[{"embeddable":true,"href":"https:\/\/dil-ev.de\/en\/wp-json\/wp\/v2\/pages\/10086848"}],"wp:featuredmedia":[{"embeddable":true,"href":"https:\/\/dil-ev.de\/en\/wp-json\/wp\/v2\/media\/10084876"}],"wp:attachment":[{"href":"https:\/\/dil-ev.de\/en\/wp-json\/wp\/v2\/media?parent=10086826"}],"curies":[{"name":"wp","href":"https:\/\/api.w.org\/{rel}","templated":true}]}}