{"id":10086837,"date":"2025-12-27T09:15:47","date_gmt":"2025-12-27T08:15:47","guid":{"rendered":"https:\/\/dil-ev.de\/insects-plus-conference\/"},"modified":"2026-07-21T19:55:27","modified_gmt":"2026-07-21T17:55:27","slug":"insects-plus-conference","status":"publish","type":"page","link":"https:\/\/dil-ev.de\/en\/events\/insects-plus-conference\/","title":{"rendered":"Insects Plus Conference"},"content":{"rendered":"<div class=\"wpb-content-wrapper\">[vc_row full_width=&#8221;stretch_row_content_no_spaces&#8221;][vc_column el_class=&#8221;padding-top-first padding-left-right-less&#8221;][vc_row_inner equal_height=&#8221;yes&#8221; content_placement=&#8221;middle&#8221;][vc_column_inner width=&#8221;2\/3&#8243;][vc_column_text css=&#8221;&#8221; el_class=&#8221;h1-custom-font uberschrift&#8221;]\n<h1 class=\"stroke-pink\" style=\"text-align: left;\"><span class=\"fade\"><span style=\"color: #008000;\">Insects Plus<\/span><br \/>\nInternational Congress<\/span><\/h1>\n[\/vc_column_text][\/vc_column_inner][vc_column_inner width=&#8221;1\/3&#8243;][\/vc_column_inner][\/vc_row_inner][\/vc_column][\/vc_row][vc_row full_width=&#8221;stretch_row_content_no_spaces&#8221;][vc_column el_class=&#8221;padding-left-right-tinypic corner-mask-left-white hero-img-top-mobile&#8221; css=&#8221;.vc_custom_1771414919926{background-image: url(https:\/\/dil-ev.de\/wp-content\/uploads\/2025\/10\/dil-ev-veranstaltungen-insects-plus-kongress.jpg?id=10077635) !important;background-position: center !important;background-repeat: no-repeat !important;background-size: cover !important;}&#8221;][vc_row_inner el_class=&#8221;paddinginnen-more&#8221;][vc_column_inner width=&#8221;1\/2&#8243; offset=&#8221;vc_hidden-xs&#8221;][\/vc_column_inner][vc_column_inner el_class=&#8221;specific-container hero-card-4-3-col&#8221; width=&#8221;1\/2&#8243;][vc_single_image image=&#8221;10084326&#8243; img_size=&#8221;300&#215;300&#8243; css=&#8221;&#8221; el_class=&#8221;uberschriftviel scale-with-padding hide-under-991&#8243;][vc_column_text css=&#8221;.vc_custom_1769079310711{padding-right: 1vw !important;padding-left: 1vw !important;}&#8221; el_class=&#8221;uberschrift&#8221;]\n<h2 class=\"stroke-pink\" style=\"text-align: left;\">Insects Plus Conference on Alternative Proteins and Biomass<\/h2>\n[\/vc_column_text][\/vc_column_inner][\/vc_row_inner][\/vc_column][\/vc_row][vc_row full_width=&#8221;stretch_row_content_no_spaces&#8221;][vc_column el_class=&#8221;padding-top padding-left-right-less&#8221;][vc_row_inner equal_height=&#8221;yes&#8221; content_placement=&#8221;middle&#8221;][vc_column_inner][vc_column_text css=&#8221;&#8221; el_class=&#8221;uberschrift&#8221;]\n<h3 class=\"stroke-pink\" style=\"text-align: left;\">The Insects Plus Conference provides a platform for discussion and innovation regarding technologies and products for alternative proteins<\/h3>\n[\/vc_column_text][vc_separator color=&#8221;custom&#8221; border_width=&#8221;5&#8243; el_width=&#8221;10&#8243; css=&#8221;&#8221; accent_color=&#8221;#E4F2D0&#8243; el_class=&#8221;uberschrift hide-under-991&#8243;][\/vc_column_inner][\/vc_row_inner][vc_row_inner el_class=&#8221;padding-top-less padding-left-right-moretiny&#8221;][vc_column_inner][vc_column_text css=&#8221;&#8221; el_class=&#8221;uberschrift&#8221;]\n<p class=\"p1\">The <strong>Insects Plus Congress<\/strong> is a biennial international conference organized by <strong>the DIL (German Institute of Food Technology)<\/strong> and the <strong>Leibniz Institute for Agricultural Engineering and Bioeconomy (ATB)<\/strong>. The goal of the event is to bring together stakeholders from academia, industry, startups, associations, and politics, and to promote professional exchange on alternative sources of protein and biomass. <\/p>\n[\/vc_column_text][vc_column_text css=&#8221;&#8221;]\n<p class=\"p1\">What sets Insects Plus apart is its holistic approach across the entire value chain. The program addresses not only individual technologies or products, but also a systemic examination of alternative protein sources\u2014from raw material extraction and processing, through safety and sustainability aspects, to market implementation, regulation, and societal acceptance. The thematic focus ranges from insects to microorganisms and algae to other alternative biomass sources.  <\/p>\n[\/vc_column_text][\/vc_column_inner][\/vc_row_inner][\/vc_column][\/vc_row][vc_row full_width=&#8221;stretch_row_content_no_spaces&#8221;][vc_column el_class=&#8221;padding-top padding-left-right-tiny&#8221;][vc_row_inner equal_height=&#8221;yes&#8221; content_placement=&#8221;middle&#8221; el_class=&#8221;padding-top-less padding-bottom-less carousel-row white-cut-right&#8221;][vc_column_inner el_class=&#8221;paddinginnen-more specific-container&#8221; width=&#8221;1\/2&#8243;][vc_single_image image=&#8221;10080181&#8243; img_size=&#8221;300&#215;300&#8243; css=&#8221;&#8221; el_class=&#8221;uberschriftviel&#8221;][vc_column_text css=&#8221;&#8221; el_class=&#8221;h2-custom-font-zitat uberschrift&#8221;]\n<h2 class=\"stroke-pink\" style=\"text-align: left;\">With Insects Plus, we are creating opportunities for dialogue and networking regarding alternative protein and biomass sources throughout the entire value chain.<\/h2>\n[\/vc_column_text][vc_column_text css=&#8221;&#8221; el_class=&#8221;uberschrift&#8221;]\n<h5 class=\"stroke-pink\" style=\"text-align: left;\">Want to learn more about the Insects Plus conference?<\/h5>\n[\/vc_column_text]<div class=\"gusta-align-left  \"><a href=\"https:\/\/www.insects.plus\/\" target=\"_blank\" title=\"Insects Plus International Congress\" class=\"el-2567764546939501e3bc79  ss-element gusta-read-more-button gusta-icon-link gusta-has-span show-show ani-fade linked\"><i class=\"vc-material vc-material-arrow_forward\" aria-hidden=\"true\"><\/i> <span>Hier geht\u2019s zur Webseite<\/span> <\/a><\/div><div class=\"gusta-clear gusta-mobile-clear\"><\/div>[\/vc_column_inner][vc_column_inner width=&#8221;1\/2&#8243;]<div id=\"ult-carousel-6087061386a9a77cd5771f\" class=\"ult-carousel-wrapper   ult_horizontal\" data-gutter=\"0\" data-rtl=\"false\" ><div class=\"ult-carousel-1328272366a9a77cd57655 \" >[vc_single_image image=&#8221;10083637&#8243; img_size=&#8221;1280&#215;720&#8243; alignment=&#8221;center&#8221; css=&#8221;&#8221;][vc_single_image image=&#8221;10083639&#8243; img_size=&#8221;1280&#215;720&#8243; alignment=&#8221;center&#8221; css=&#8221;&#8221;][vc_single_image image=&#8221;10083643&#8243; img_size=&#8221;1280&#215;720&#8243; alignment=&#8221;center&#8221; css=&#8221;&#8221;][vc_single_image image=&#8221;10083641&#8243; img_size=&#8221;1280&#215;720&#8243; alignment=&#8221;center&#8221; css=&#8221;&#8221;][vc_single_image image=&#8221;10083645&#8243; img_size=&#8221;1280&#215;720&#8243; alignment=&#8221;center&#8221; css=&#8221;&#8221;][vc_single_image image=&#8221;10083647&#8243; img_size=&#8221;1280&#215;720&#8243; alignment=&#8221;center&#8221; css=&#8221;&#8221;]<\/div><\/div>\t\t\t<script type=\"text\/javascript\">\n\t\t\t\tjQuery(document).ready(function ($) {\n\t\t\t\t\tif( typeof jQuery('.ult-carousel-1328272366a9a77cd57655').slick == \"function\"){\n\t\t\t\t\t\t$('.ult-carousel-1328272366a9a77cd57655').slick({dots: true,autoplay: true,autoplaySpeed: \"2500\",speed: \"500\",infinite: true,arrows: false,slidesToScroll:1,slidesToShow:1,swipe: true,draggable: true,touchMove: true,pauseOnHover: true,pauseOnFocus: false,responsive: [\n\t\t\t\t\t\t\t{\n\t\t\t\t\t\t\t  breakpoint: 1026,\n\t\t\t\t\t\t\t  settings: {\n\t\t\t\t\t\t\t\tslidesToShow: 1,\n\t\t\t\t\t\t\t\tslidesToScroll: 1,  \n\t\t\t\t\t\t\t  }\n\t\t\t\t\t\t\t},\n\t\t\t\t\t\t\t{\n\t\t\t\t\t\t\t  breakpoint: 1025,\n\t\t\t\t\t\t\t  settings: {\n\t\t\t\t\t\t\t\tslidesToShow: 1,\n\t\t\t\t\t\t\t\tslidesToScroll: 1\n\t\t\t\t\t\t\t  }\n\t\t\t\t\t\t\t},\n\t\t\t\t\t\t\t{\n\t\t\t\t\t\t\t  breakpoint: 760,\n\t\t\t\t\t\t\t  settings: {\n\t\t\t\t\t\t\t\tslidesToShow: 1,\n\t\t\t\t\t\t\t\tslidesToScroll: 1\n\t\t\t\t\t\t\t  }\n\t\t\t\t\t\t\t}\n\t\t\t\t\t\t],pauseOnDotsHover: true,customPaging: function(slider, i) {\n                   return '<i type=\"button\" style= \"color:#333333;\" class=\"ultsl-record\" data-role=\"none\"><\/i>';\n                },});\n\t\t\t\t\t}\n\t\t\t\t});\n\t\t\t<\/script>\n\t\t\t[\/vc_column_inner][\/vc_row_inner][\/vc_column][\/vc_row][vc_row full_width=&#8221;stretch_row_content_no_spaces&#8221;][vc_column el_class=&#8221;padding-top padding-left-right-less&#8221;][vc_row_inner equal_height=&#8221;yes&#8221; content_placement=&#8221;top&#8221;][vc_column_inner][vc_column_text css=&#8221;&#8221; el_class=&#8221;uberschrift&#8221;]\n<h3 class=\"stroke-pink\" style=\"text-align: left;\"><span class=\"fade\">Insects Plus connects research and industry and offers presentations, discussions, and insights into specific applications<\/span><\/h3>\n[\/vc_column_text][vc_separator color=&#8221;custom&#8221; border_width=&#8221;5&#8243; el_width=&#8221;10&#8243; css=&#8221;&#8221; accent_color=&#8221;#E4F2D0&#8243; el_class=&#8221;uberschrift hide-under-991&#8243;][\/vc_column_inner][\/vc_row_inner][vc_row_inner el_class=&#8221;padding-top-less padding-left-right-moretiny&#8221;][vc_column_inner][vc_column_text css=&#8221;&#8221; el_class=&#8221;uberschrift&#8221;]\n<p class=\"p1\">The Insects Plus Congress serves as an interdisciplinary platform for dialogue and networking, where new collaborations emerge and developments are objectively assessed. Organized jointly by DIL and ATB, the event brings together perspectives from food technology, the bioeconomy, and agricultural engineering. Through a close integration of scientific research and industrial practice, expert presentations, discussion panels, and practical contributions shed light on technological, regulatory, economic, and nutritional issues.  <\/p>\n[\/vc_column_text][vc_column_text css=&#8221;&#8221;]\n<p class=\"p1\">Complementary formats such as exhibitions, pitch sessions, and field trips provide additional insights into specific applications and promote knowledge transfer. Following the successful launch of the Insects Plus series, the conference will continue on a biennial basis at rotating locations. The next edition is planned for 2027 under the leadership of the ATB in the Berlin\/Potsdam metropolitan area.  <\/p>\n[\/vc_column_text][\/vc_column_inner][\/vc_row_inner][\/vc_column][\/vc_row][vc_row full_width=&#8221;stretch_row_content_no_spaces&#8221;][vc_column el_class=&#8221;padding-top padding-left-right-less&#8221;][vc_row_inner][vc_column_inner el_class=&#8221;padding-left-right-moretiny&#8221;][vc_column_text css=&#8221;&#8221; el_class=&#8221;uberschrift&#8221;]\n<p style=\"text-align: left;\"><strong>An Overview of the Conference<\/strong><\/p>\n[\/vc_column_text][\/vc_column_inner][\/vc_row_inner][\/vc_column][\/vc_row][vc_row full_width=&#8221;stretch_row_content_no_spaces&#8221;][vc_column el_class=&#8221;padding-left-right-tiny corner-mask-left-white&#8221; css=&#8221;.vc_custom_1768150100098{background-color: #E4F2D0 !important;}&#8221;][vc_tta_accordion title_tag=&#8221;p&#8221; section_title_tag=&#8221;p&#8221; shape=&#8221;square&#8221; color=&#8221;purple&#8221; active_section=&#8221;10&#8243; no_fill=&#8221;true&#8221; collapsible_all=&#8221;true&#8221; el_class=&#8221;padding-top padding-bottom padding-left-right-normal&#8221;][vc_tta_section title=&#8221;Event Profile&#8221; tab_id=&#8221;1765208793226-9aa95986-dd411769078098137&#8243;][vc_row_inner][vc_column_inner el_class=&#8221;padding-top-less padding-bottom-less padding-left-right-tiny&#8221;][vc_column_text css=&#8221;&#8221; el_class=&#8221;bulletpoints&#8221;]\n<ul>\n<li>Biennial international trade event<\/li>\n<li>Organized by the DIL and the Leibniz Institute for Agricultural Engineering and Bioeconomy (ATB)<\/li>\n<li>Goal: Professional exchange on alternative sources of protein and biomass<\/li>\n<\/ul>\n[\/vc_column_text][\/vc_column_inner][\/vc_row_inner][\/vc_tta_section][vc_tta_section title=&#8221;Target Audiences&#8221; tab_id=&#8221;1765208793273-696cee98-d6b41769078098137&#8243;][vc_row_inner][vc_column_inner el_class=&#8221;padding-top-less padding-bottom-less padding-left-right-tiny&#8221;][vc_column_text css=&#8221;&#8221; el_class=&#8221;bulletpoints&#8221;]\n<ul>\n<li>Science, Industry, and Startups<\/li>\n<li>Associations and Politics<\/li>\n<li>Stakeholders along the alternative protein value chain<\/li>\n<\/ul>\n[\/vc_column_text][\/vc_column_inner][\/vc_row_inner][\/vc_tta_section][vc_tta_section title=&#8221;Thematic Focus&#8221; tab_id=&#8221;1765208793326-7742485d-2d9b1769078098137&#8243;][vc_row_inner][vc_column_inner el_class=&#8221;padding-top-less padding-bottom-less padding-left-right-tiny&#8221;][vc_column_text css=&#8221;&#8221; el_class=&#8221;bulletpoints&#8221;]\n<ul>\n<li>A Holistic View of Alternative Protein and Biomass Sources<\/li>\n<li>Focus areas: Insects, microorganisms, algae, and other sources of biomass<\/li>\n<li>A systemic perspective rather than individual technologies or products<\/li>\n<\/ul>\n[\/vc_column_text][\/vc_column_inner][\/vc_row_inner][\/vc_tta_section][vc_tta_section title=&#8221;Content Along the Value Chain&#8221; tab_id=&#8221;1765208793373-e7b90c26-b9a61769078098137&#8243;][vc_row_inner][vc_column_inner el_class=&#8221;padding-top-less padding-bottom-less padding-left-right-tiny&#8221;][vc_column_text css=&#8221;&#8221; el_class=&#8221;bulletpoints&#8221;]\n<ul>\n<li>Raw Material Extraction and Processing<\/li>\n<li>Safety and Sustainability<\/li>\n<li>Market Implementation and Social Acceptance<\/li>\n<li>Legal and Economic Framework<\/li>\n<\/ul>\n[\/vc_column_text][\/vc_column_inner][\/vc_row_inner][\/vc_tta_section][vc_tta_section title=&#8221;Formats &#038; Practical Application&#8221; tab_id=&#8221;1765208793426-3204a059-78cc1769078098137&#8243;][vc_row_inner][vc_column_inner el_class=&#8221;padding-top-less padding-bottom-less padding-left-right-tiny&#8221;][vc_column_text css=&#8221;&#8221; el_class=&#8221;bulletpoints&#8221;]\n<ul>\n<li>Specialized Presentations and Discussion Formats<\/li>\n<li>Practical Insights from Research and Industry<\/li>\n<li>Exhibitions, pitch sessions, and field trips to gain insights into real-world applications<\/li>\n<li>Promoting Knowledge Transfer<\/li>\n<\/ul>\n[\/vc_column_text][\/vc_column_inner][\/vc_row_inner][\/vc_tta_section][vc_tta_section title=&#8221;Networking &#038; Collaboration&#8221; tab_id=&#8221;1765208793476-5808b2b7-8e771769078098137&#8243;][vc_row_inner][vc_column_inner el_class=&#8221;padding-top-less padding-bottom-less padding-left-right-tiny&#8221;][vc_column_text css=&#8221;&#8221; el_class=&#8221;bulletpoints&#8221;]\n<ul>\n<li>Interdisciplinary Platform for Dialogue and Networking<\/li>\n<li>The Emergence of New Partnerships<\/li>\n<li>Analyzing Current Developments from Various Perspectives<\/li>\n<\/ul>\n[\/vc_column_text][\/vc_column_inner][\/vc_row_inner][\/vc_tta_section][vc_tta_section title=&#8221;Outlook&#8221; tab_id=&#8221;1765208793530-df134e46-6cd71769078098137&#8243;][vc_row_inner][vc_column_inner el_class=&#8221;padding-top-less padding-bottom-less padding-left-right-tiny&#8221;][vc_column_text css=&#8221;&#8221; el_class=&#8221;bulletpoints&#8221;]\n<ul>\n<li>Continuation of the series at rotating locations every two years<\/li>\n<li>Next edition: 2027 in the Berlin\/Potsdam metropolitan area (organized by the ATB)<\/li>\n<\/ul>\n[\/vc_column_text][\/vc_column_inner][\/vc_row_inner][\/vc_tta_section][\/vc_tta_accordion][vc_empty_space height=&#8221;4vh&#8221;][\/vc_column][\/vc_row][vc_row full_width=&#8221;stretch_row_content_no_spaces&#8221;][vc_column el_class=&#8221;padding-top padding-bottom padding-left-right-tiny&#8221;][vc_row_inner equal_height=&#8221;yes&#8221; content_placement=&#8221;middle&#8221; el_class=&#8221;padding-top padding-bottom carousel-row white-cut-left&#8221;][vc_column_inner width=&#8221;1\/2&#8243;][vc_single_image image=&#8221;10085069&#8243; img_size=&#8221;1024&#215;576&#8243; alignment=&#8221;center&#8221; css=&#8221;&#8221;][\/vc_column_inner][vc_column_inner el_class=&#8221;paddinginnen-more&#8221; width=&#8221;1\/2&#8243;][vc_column_text css=&#8221;&#8221; el_class=&#8221;uberschrift&#8221;]\n<p class=\"stroke-pink\" style=\"text-align: center;\">Your Contact Person<\/p>\n[\/vc_column_text][vc_column_text css=&#8221;&#8221;]\n<h4 class=\"stroke-pink\" style=\"text-align: center;\"><span style=\"color: #12a15d;\">Aaron Dickerhoff<\/span><\/h4>\n[\/vc_column_text][vc_column_text css=&#8221;&#8221; el_class=&#8221;uberschrift&#8221;]\n<p class=\"p1\" style=\"text-align: center;\"><strong>Head of Communications and Marketing | Executive Office<\/strong><\/p>\n[\/vc_column_text]<div class=\"gusta-align-center  \"><a href=\"https:\/\/dil-ev.de\/kontakt-ansprechpartner\/\" title=\"Kontakt Ansprechpartner\" class=\"el-1362684521693c4ab11e2f8  ss-element gusta-read-more-button gusta-icon-link gusta-has-span show-show ani-fade linked\"><i class=\"vc-material vc-material-arrow_forward\" aria-hidden=\"true\"><\/i> <span>Kontaktieren Sie mich<\/span> <\/a><\/div><div class=\"gusta-clear gusta-mobile-clear\"><\/div>[\/vc_column_inner][\/vc_row_inner][\/vc_column][\/vc_row]\n<\/div>","protected":false},"excerpt":{"rendered":"<p>[vc_row full_width=&#8221;stretch_row_content_no_spaces&#8221;][vc_column el_class=&#8221;padding-top-first padding-left-right-less&#8221;][vc_row_inner equal_height=&#8221;yes&#8221; content_placement=&#8221;middle&#8221;][vc_column_inner width=&#8221;2\/3&#8243;][vc_column_text css=&#8221;&#8221; el_class=&#8221;h1-custom-font uberschrift&#8221;] Insects Plus International Congress [\/vc_column_text][\/vc_column_inner][vc_column_inner width=&#8221;1\/3&#8243;][\/vc_column_inner][\/vc_row_inner][\/vc_column][\/vc_row][vc_row full_width=&#8221;stretch_row_content_no_spaces&#8221;][vc_column el_class=&#8221;padding-left-right-tinypic corner-mask-left-white hero-img-top-mobile&#8221; css=&#8221;.vc_custom_1771414919926{background-image: url(https:\/\/dil-ev.de\/wp-content\/uploads\/2025\/10\/dil-ev-veranstaltungen-insects-plus-kongress.jpg?id=10077635) !important;background-position: center !important;background-repeat: no-repeat<span class=\"excerpt-hellip\"> [\u2026]<\/span><\/p>\n","protected":false},"author":1,"featured_media":10077636,"parent":10086848,"menu_order":2,"comment_status":"closed","ping_status":"closed","template":"","meta":{"_acf_changed":false,"footnotes":""},"class_list":["post-10086837","page","type-page","status-publish","has-post-thumbnail","hentry"],"acf":[],"yoast_head":"<!-- This site is optimized with the Yoast SEO plugin v27.9 - https:\/\/yoast.com\/product\/yoast-seo-wordpress\/ -->\n<title>Insects Plus | International Congress<\/title>\n<meta name=\"description\" content=\"The Insects Plus Conference provides a platform for discussion and innovation regarding technologies and products for alternative proteins.\" \/>\n<meta name=\"robots\" content=\"index, follow, max-snippet:-1, max-image-preview:large, max-video-preview:-1\" \/>\n<link rel=\"canonical\" href=\"https:\/\/dil-ev.de\/en\/events\/insects-plus-conference\/\" \/>\n<meta property=\"og:locale\" content=\"en_US\" \/>\n<meta property=\"og:type\" content=\"article\" \/>\n<meta property=\"og:title\" content=\"Insects Plus | International Congress\" \/>\n<meta property=\"og:description\" content=\"The Insects Plus Conference provides a platform for discussion and innovation regarding technologies and products for alternative proteins.\" \/>\n<meta property=\"og:url\" content=\"https:\/\/dil-ev.de\/en\/events\/insects-plus-conference\/\" \/>\n<meta property=\"og:site_name\" content=\"DIL Deutsches Institut f\u00fcr Lebensmitteltechnik e. V.\" \/>\n<meta property=\"article:modified_time\" content=\"2026-07-21T17:55:27+00:00\" \/>\n<meta property=\"og:image\" content=\"https:\/\/dil-ev.de\/wp-content\/uploads\/2025\/10\/dil-ev-veranstaltungen-insects-plus-kongress.jpg\" \/>\n\t<meta property=\"og:image:width\" content=\"1920\" \/>\n\t<meta property=\"og:image:height\" content=\"1080\" \/>\n\t<meta property=\"og:image:type\" content=\"image\/jpeg\" \/>\n<meta name=\"twitter:card\" content=\"summary_large_image\" \/>\n<meta name=\"twitter:label1\" content=\"Est. reading time\" \/>\n\t<meta name=\"twitter:data1\" content=\"9 minutes\" \/>\n<script type=\"application\/ld+json\" class=\"yoast-schema-graph\">{\"@context\":\"https:\\\/\\\/schema.org\",\"@graph\":[{\"@type\":\"WebPage\",\"@id\":\"https:\\\/\\\/dil-ev.de\\\/en\\\/events\\\/insects-plus-conference\\\/\",\"url\":\"https:\\\/\\\/dil-ev.de\\\/en\\\/events\\\/insects-plus-conference\\\/\",\"name\":\"Insects Plus | International Congress\",\"isPartOf\":{\"@id\":\"https:\\\/\\\/dil-ev.de\\\/en\\\/#website\"},\"primaryImageOfPage\":{\"@id\":\"https:\\\/\\\/dil-ev.de\\\/en\\\/events\\\/insects-plus-conference\\\/#primaryimage\"},\"image\":{\"@id\":\"https:\\\/\\\/dil-ev.de\\\/en\\\/events\\\/insects-plus-conference\\\/#primaryimage\"},\"thumbnailUrl\":\"https:\\\/\\\/dil-ev.de\\\/wp-content\\\/uploads\\\/2025\\\/10\\\/dil-ev-veranstaltungen-insects-plus-kongress.jpg\",\"datePublished\":\"2025-12-27T08:15:47+00:00\",\"dateModified\":\"2026-07-21T17:55:27+00:00\",\"description\":\"The Insects Plus Conference provides a platform for discussion and innovation regarding technologies and products for alternative proteins.\",\"breadcrumb\":{\"@id\":\"https:\\\/\\\/dil-ev.de\\\/en\\\/events\\\/insects-plus-conference\\\/#breadcrumb\"},\"inLanguage\":\"en-US\",\"potentialAction\":[{\"@type\":\"ReadAction\",\"target\":[\"https:\\\/\\\/dil-ev.de\\\/en\\\/events\\\/insects-plus-conference\\\/\"]}]},{\"@type\":\"ImageObject\",\"inLanguage\":\"en-US\",\"@id\":\"https:\\\/\\\/dil-ev.de\\\/en\\\/events\\\/insects-plus-conference\\\/#primaryimage\",\"url\":\"https:\\\/\\\/dil-ev.de\\\/wp-content\\\/uploads\\\/2025\\\/10\\\/dil-ev-veranstaltungen-insects-plus-kongress.jpg\",\"contentUrl\":\"https:\\\/\\\/dil-ev.de\\\/wp-content\\\/uploads\\\/2025\\\/10\\\/dil-ev-veranstaltungen-insects-plus-kongress.jpg\",\"width\":1920,\"height\":1080,\"caption\":\"Weitwinkelaufnahme eines voll besetzten Konferenzsaals beim Insects Plus Kongress. Im Vordergrund h\u00e4lt ein Referent einen Vortrag, die Teilnehmenden sitzen an langen Tischen mit Laptops und Unterlagen. Die Szene zeigt eine Vortrags- und Diskussionssituation rund um alternative Biomasse, Insekten und nachhaltige Wertsch\u00f6pfung.\"},{\"@type\":\"BreadcrumbList\",\"@id\":\"https:\\\/\\\/dil-ev.de\\\/en\\\/events\\\/insects-plus-conference\\\/#breadcrumb\",\"itemListElement\":[{\"@type\":\"ListItem\",\"position\":1,\"name\":\"Startseite\",\"item\":\"https:\\\/\\\/dil-ev.de\\\/en\\\/\"},{\"@type\":\"ListItem\",\"position\":2,\"name\":\"Insects Plus Conference\"}]},{\"@type\":\"WebSite\",\"@id\":\"https:\\\/\\\/dil-ev.de\\\/en\\\/#website\",\"url\":\"https:\\\/\\\/dil-ev.de\\\/en\\\/\",\"name\":\"DIL Deutsches Institut f\u00fcr Lebensmitteltechnik e.V.\",\"description\":\"Forschungsinstitut f\u00fcr Lebensmitteltechnik in Quakenbr\u00fcck\",\"publisher\":{\"@id\":\"https:\\\/\\\/dil-ev.de\\\/en\\\/#organization\"},\"potentialAction\":[{\"@type\":\"SearchAction\",\"target\":{\"@type\":\"EntryPoint\",\"urlTemplate\":\"https:\\\/\\\/dil-ev.de\\\/en\\\/?s={search_term_string}\"},\"query-input\":{\"@type\":\"PropertyValueSpecification\",\"valueRequired\":true,\"valueName\":\"search_term_string\"}}],\"inLanguage\":\"en-US\"},{\"@type\":\"Organization\",\"@id\":\"https:\\\/\\\/dil-ev.de\\\/en\\\/#organization\",\"name\":\"DIL Deutsches Institut f\u00fcr Lebensmitteltechnik e.V.\",\"alternateName\":\"DIL e. V.\",\"url\":\"https:\\\/\\\/dil-ev.de\\\/en\\\/\",\"logo\":{\"@type\":\"ImageObject\",\"inLanguage\":\"en-US\",\"@id\":\"https:\\\/\\\/dil-ev.de\\\/en\\\/#\\\/schema\\\/logo\\\/image\\\/\",\"url\":\"https:\\\/\\\/dil-ev.de\\\/wp-content\\\/uploads\\\/2026\\\/02\\\/Dil-ev-favicon-yost-small.jpg\",\"contentUrl\":\"https:\\\/\\\/dil-ev.de\\\/wp-content\\\/uploads\\\/2026\\\/02\\\/Dil-ev-favicon-yost-small.jpg\",\"width\":696,\"height\":696,\"caption\":\"DIL Deutsches Institut f\u00fcr Lebensmitteltechnik e.V.\"},\"image\":{\"@id\":\"https:\\\/\\\/dil-ev.de\\\/en\\\/#\\\/schema\\\/logo\\\/image\\\/\"},\"sameAs\":[\"https:\\\/\\\/www.instagram.com\\\/dil_e.v\\\/\",\"https:\\\/\\\/www.linkedin.com\\\/company\\\/deutsches-institut-f-r-lebensmitteltechnik-e-v-\\\/posts\\\/?feedView=all\"]}]}<\/script>\n<!-- \/ Yoast SEO plugin. -->","yoast_head_json":{"title":"Insects Plus | International Congress","description":"The Insects Plus Conference provides a platform for discussion and innovation regarding technologies and products for alternative proteins.","robots":{"index":"index","follow":"follow","max-snippet":"max-snippet:-1","max-image-preview":"max-image-preview:large","max-video-preview":"max-video-preview:-1"},"canonical":"https:\/\/dil-ev.de\/en\/events\/insects-plus-conference\/","og_locale":"en_US","og_type":"article","og_title":"Insects Plus | International Congress","og_description":"The Insects Plus Conference provides a platform for discussion and innovation regarding technologies and products for alternative proteins.","og_url":"https:\/\/dil-ev.de\/en\/events\/insects-plus-conference\/","og_site_name":"DIL Deutsches Institut f\u00fcr Lebensmitteltechnik e. V.","article_modified_time":"2026-07-21T17:55:27+00:00","og_image":[{"width":1920,"height":1080,"url":"https:\/\/dil-ev.de\/wp-content\/uploads\/2025\/10\/dil-ev-veranstaltungen-insects-plus-kongress.jpg","type":"image\/jpeg"}],"twitter_card":"summary_large_image","twitter_misc":{"Est. reading time":"9 minutes"},"schema":{"@context":"https:\/\/schema.org","@graph":[{"@type":"WebPage","@id":"https:\/\/dil-ev.de\/en\/events\/insects-plus-conference\/","url":"https:\/\/dil-ev.de\/en\/events\/insects-plus-conference\/","name":"Insects Plus | International Congress","isPartOf":{"@id":"https:\/\/dil-ev.de\/en\/#website"},"primaryImageOfPage":{"@id":"https:\/\/dil-ev.de\/en\/events\/insects-plus-conference\/#primaryimage"},"image":{"@id":"https:\/\/dil-ev.de\/en\/events\/insects-plus-conference\/#primaryimage"},"thumbnailUrl":"https:\/\/dil-ev.de\/wp-content\/uploads\/2025\/10\/dil-ev-veranstaltungen-insects-plus-kongress.jpg","datePublished":"2025-12-27T08:15:47+00:00","dateModified":"2026-07-21T17:55:27+00:00","description":"The Insects Plus Conference provides a platform for discussion and innovation regarding technologies and products for alternative proteins.","breadcrumb":{"@id":"https:\/\/dil-ev.de\/en\/events\/insects-plus-conference\/#breadcrumb"},"inLanguage":"en-US","potentialAction":[{"@type":"ReadAction","target":["https:\/\/dil-ev.de\/en\/events\/insects-plus-conference\/"]}]},{"@type":"ImageObject","inLanguage":"en-US","@id":"https:\/\/dil-ev.de\/en\/events\/insects-plus-conference\/#primaryimage","url":"https:\/\/dil-ev.de\/wp-content\/uploads\/2025\/10\/dil-ev-veranstaltungen-insects-plus-kongress.jpg","contentUrl":"https:\/\/dil-ev.de\/wp-content\/uploads\/2025\/10\/dil-ev-veranstaltungen-insects-plus-kongress.jpg","width":1920,"height":1080,"caption":"Weitwinkelaufnahme eines voll besetzten Konferenzsaals beim Insects Plus Kongress. Im Vordergrund h\u00e4lt ein Referent einen Vortrag, die Teilnehmenden sitzen an langen Tischen mit Laptops und Unterlagen. Die Szene zeigt eine Vortrags- und Diskussionssituation rund um alternative Biomasse, Insekten und nachhaltige Wertsch\u00f6pfung."},{"@type":"BreadcrumbList","@id":"https:\/\/dil-ev.de\/en\/events\/insects-plus-conference\/#breadcrumb","itemListElement":[{"@type":"ListItem","position":1,"name":"Startseite","item":"https:\/\/dil-ev.de\/en\/"},{"@type":"ListItem","position":2,"name":"Insects Plus Conference"}]},{"@type":"WebSite","@id":"https:\/\/dil-ev.de\/en\/#website","url":"https:\/\/dil-ev.de\/en\/","name":"DIL Deutsches Institut f\u00fcr Lebensmitteltechnik e.V.","description":"Forschungsinstitut f\u00fcr Lebensmitteltechnik in Quakenbr\u00fcck","publisher":{"@id":"https:\/\/dil-ev.de\/en\/#organization"},"potentialAction":[{"@type":"SearchAction","target":{"@type":"EntryPoint","urlTemplate":"https:\/\/dil-ev.de\/en\/?s={search_term_string}"},"query-input":{"@type":"PropertyValueSpecification","valueRequired":true,"valueName":"search_term_string"}}],"inLanguage":"en-US"},{"@type":"Organization","@id":"https:\/\/dil-ev.de\/en\/#organization","name":"DIL Deutsches Institut f\u00fcr Lebensmitteltechnik e.V.","alternateName":"DIL e. V.","url":"https:\/\/dil-ev.de\/en\/","logo":{"@type":"ImageObject","inLanguage":"en-US","@id":"https:\/\/dil-ev.de\/en\/#\/schema\/logo\/image\/","url":"https:\/\/dil-ev.de\/wp-content\/uploads\/2026\/02\/Dil-ev-favicon-yost-small.jpg","contentUrl":"https:\/\/dil-ev.de\/wp-content\/uploads\/2026\/02\/Dil-ev-favicon-yost-small.jpg","width":696,"height":696,"caption":"DIL Deutsches Institut f\u00fcr Lebensmitteltechnik e.V."},"image":{"@id":"https:\/\/dil-ev.de\/en\/#\/schema\/logo\/image\/"},"sameAs":["https:\/\/www.instagram.com\/dil_e.v\/","https:\/\/www.linkedin.com\/company\/deutsches-institut-f-r-lebensmitteltechnik-e-v-\/posts\/?feedView=all"]}]}},"_links":{"self":[{"href":"https:\/\/dil-ev.de\/en\/wp-json\/wp\/v2\/pages\/10086837","targetHints":{"allow":["GET"]}}],"collection":[{"href":"https:\/\/dil-ev.de\/en\/wp-json\/wp\/v2\/pages"}],"about":[{"href":"https:\/\/dil-ev.de\/en\/wp-json\/wp\/v2\/types\/page"}],"author":[{"embeddable":true,"href":"https:\/\/dil-ev.de\/en\/wp-json\/wp\/v2\/users\/1"}],"replies":[{"embeddable":true,"href":"https:\/\/dil-ev.de\/en\/wp-json\/wp\/v2\/comments?post=10086837"}],"version-history":[{"count":3,"href":"https:\/\/dil-ev.de\/en\/wp-json\/wp\/v2\/pages\/10086837\/revisions"}],"predecessor-version":[{"id":10086857,"href":"https:\/\/dil-ev.de\/en\/wp-json\/wp\/v2\/pages\/10086837\/revisions\/10086857"}],"up":[{"embeddable":true,"href":"https:\/\/dil-ev.de\/en\/wp-json\/wp\/v2\/pages\/10086848"}],"wp:featuredmedia":[{"embeddable":true,"href":"https:\/\/dil-ev.de\/en\/wp-json\/wp\/v2\/media\/10077636"}],"wp:attachment":[{"href":"https:\/\/dil-ev.de\/en\/wp-json\/wp\/v2\/media?parent=10086837"}],"curies":[{"name":"wp","href":"https:\/\/api.w.org\/{rel}","templated":true}]}}