{"id":10086850,"date":"2026-01-26T17:56:55","date_gmt":"2026-01-26T16:56:55","guid":{"rendered":"https:\/\/dil-ev.de\/legal-notice\/"},"modified":"2026-07-21T19:55:27","modified_gmt":"2026-07-21T17:55:27","slug":"legal-notice","status":"publish","type":"page","link":"https:\/\/dil-ev.de\/en\/legal-notice\/","title":{"rendered":"Legal Notice"},"content":{"rendered":"<div class=\"wpb-content-wrapper\">[vc_row full_width=&#8221;stretch_row_content_no_spaces&#8221;][vc_column el_class=&#8221;padding-top-first padding-left-right-less&#8221;][vc_row_inner equal_height=&#8221;yes&#8221; content_placement=&#8221;middle&#8221;][vc_column_inner][vc_column_text css=&#8221;&#8221; el_class=&#8221;uberschrift&#8221;]\n<h2 class=\"stroke-pink\" style=\"text-align: left;\"><span class=\"fade\"><span style=\"color: #12a15d;\">Legal Notice<\/span><br \/>\n<\/span><\/h2>\n[\/vc_column_text][\/vc_column_inner][\/vc_row_inner][\/vc_column][\/vc_row][vc_row full_width=&#8221;stretch_row_content_no_spaces&#8221;][vc_column el_class=&#8221;padding-top padding-left-right-less&#8221;][vc_row_inner equal_height=&#8221;yes&#8221; content_placement=&#8221;top&#8221;][vc_column_inner width=&#8221;1\/2&#8243;][vc_column_text css=&#8221;&#8221; el_class=&#8221;uberschrift-less&#8221;]\n<p class=\"stroke-pink\" style=\"text-align: left;\"><strong>Address<\/strong><\/p>\n[\/vc_column_text][vc_separator color=&#8221;custom&#8221; border_width=&#8221;5&#8243; el_width=&#8221;10&#8243; css=&#8221;&#8221; accent_color=&#8221;#E4F2D0&#8243; el_class=&#8221;uberschrift hide-under-991&#8243;][vc_column_text css=&#8221;&#8221; el_class=&#8221;uberschrift-less&#8221;]\n<p class=\"stroke-pink\" style=\"text-align: left;\"><strong>DIL German Institute of Food Technology e. V.<\/strong><br \/>\nProf.-von-Klitzing-Str. 7<br \/>\nD &#8211; 49610 Quakenbr\u00fcck<br \/>\nPhone: +49 (0)54 31.183 &#8211; 0<br \/>\nFax: +49 (0)54 31.183 &#8211; 114<br \/>\nEmail: info(at)dil-ev.de<\/p>\n[\/vc_column_text][vc_column_text css=&#8221;&#8221; el_class=&#8221;uberschrift&#8221;]\n<p class=\"stroke-pink\" style=\"text-align: left;\"><a href=\"https:\/\/dil-ev.de\/en\/?page_id=10086617\">To get in touch, please use our contact form.<\/a><\/p>\n[\/vc_column_text][\/vc_column_inner][vc_column_inner width=&#8221;1\/2&#8243;][vc_column_text css=&#8221;&#8221; el_class=&#8221;uberschrift-less&#8221;]\n<p class=\"stroke-pink\" style=\"text-align: left;\"><strong>Executive Board<\/strong><\/p>\n[\/vc_column_text][vc_separator color=&#8221;custom&#8221; border_width=&#8221;5&#8243; el_width=&#8221;10&#8243; css=&#8221;&#8221; accent_color=&#8221;#E4F2D0&#8243; el_class=&#8221;uberschrift hide-under-991&#8243;][vc_column_text css=&#8221;&#8221; el_class=&#8221;uberschrift&#8221;]\n<p class=\"stroke-pink\" style=\"text-align: left;\">Dr.-Ing. Volker Heinz<br \/>\nEmail: v.heinz(at)dil-ev.de<\/p>\n[\/vc_column_text][\/vc_column_inner][\/vc_row_inner][\/vc_column][\/vc_row][vc_row full_width=&#8221;stretch_row_content_no_spaces&#8221;][vc_column el_class=&#8221;padding-top-less padding-left-right-less&#8221;][vc_row_inner equal_height=&#8221;yes&#8221; content_placement=&#8221;top&#8221;][vc_column_inner width=&#8221;1\/2&#8243;][vc_column_text css=&#8221;&#8221; el_class=&#8221;uberschrift-less&#8221;]\n<p class=\"stroke-pink\" style=\"text-align: left;\"><strong>Register of Associations<br \/>\n<\/strong><\/p>\n[\/vc_column_text][vc_separator color=&#8221;custom&#8221; border_width=&#8221;5&#8243; el_width=&#8221;10&#8243; css=&#8221;&#8221; accent_color=&#8221;#E4F2D0&#8243; el_class=&#8221;uberschrift hide-under-991&#8243;][vc_column_text css=&#8221;&#8221; el_class=&#8221;uberschrift&#8221;]\n<p class=\"stroke-pink\" style=\"text-align: left;\">VR 140247 Osnabr\u00fcck Local Court<br \/>\nVAT ID No.: DE 117 704 061<\/p>\n[\/vc_column_text][\/vc_column_inner][vc_column_inner width=&#8221;1\/2&#8243;][vc_column_text css=&#8221;&#8221; el_class=&#8221;uberschrift-less&#8221;]\n<p class=\"stroke-pink\" style=\"text-align: left;\"><strong>The party responsible for the content within the meaning of Section 5 of the German Telemedia Act (TMG) and Section 55(2) of the Interstate Broadcasting Treaty (RStV) is:<br \/>\n<\/strong><\/p>\n[\/vc_column_text][vc_separator color=&#8221;custom&#8221; border_width=&#8221;5&#8243; el_width=&#8221;10&#8243; css=&#8221;&#8221; accent_color=&#8221;#E4F2D0&#8243; el_class=&#8221;uberschrift hide-under-991&#8243;][vc_column_text css=&#8221;&#8221; el_class=&#8221;uberschrift&#8221;]\n<p class=\"stroke-pink\" style=\"text-align: left;\"><strong>DIL German Institute for Food Technology e. V.<\/strong><br \/>\nProf.-von-Klitzing Str. 7<br \/>\n49610 Quakenbr\u00fcck<br \/>\nEmail: kommunikation(at)dil-ev.de<\/p>\n[\/vc_column_text][\/vc_column_inner][\/vc_row_inner][\/vc_column][\/vc_row][vc_row full_width=&#8221;stretch_row_content_no_spaces&#8221;][vc_column el_class=&#8221;padding-top-less padding-left-right-less&#8221;][vc_row_inner el_class=&#8221;padding-top-less&#8221;][vc_column_inner][vc_column_text css=&#8221;&#8221; el_class=&#8221;uberschrift-less&#8221;]\n<p class=\"stroke-pink\" style=\"text-align: left;\"><strong>Limitation of Liability<\/strong><\/p>\n[\/vc_column_text][vc_separator color=&#8221;custom&#8221; border_width=&#8221;5&#8243; el_width=&#8221;10&#8243; css=&#8221;&#8221; accent_color=&#8221;#E4F2D0&#8243; el_class=&#8221;uberschrift hide-under-991&#8243;][vc_column_text css=&#8221;&#8221; el_class=&#8221;uberschrift&#8221;]\n<p class=\"stroke-pink\" style=\"text-align: left;\">The content of this website has been prepared with the utmost care. However, the provider makes no warranty as to the accuracy, completeness, or timeliness of the content provided. Use of the website\u2019s content is at the user\u2019s own risk.  <\/p>\n[\/vc_column_text][\/vc_column_inner][\/vc_row_inner][\/vc_column][\/vc_row][vc_row full_width=&#8221;stretch_row_content_no_spaces&#8221;][vc_column el_class=&#8221;padding-top-less padding-left-right-less&#8221;][vc_row_inner el_class=&#8221;padding-top-less&#8221;][vc_column_inner][vc_column_text css=&#8221;&#8221; el_class=&#8221;uberschrift-less&#8221;]\n<p class=\"stroke-pink\" style=\"text-align: left;\"><strong>Copyright and Related Rights<br \/>\n<\/strong><\/p>\n[\/vc_column_text][vc_separator color=&#8221;custom&#8221; border_width=&#8221;5&#8243; el_width=&#8221;10&#8243; css=&#8221;&#8221; accent_color=&#8221;#E4F2D0&#8243; el_class=&#8221;uberschrift hide-under-991&#8243;][vc_column_text css=&#8221;&#8221; el_class=&#8221;uberschrift&#8221;]\n<p class=\"p1\">The content published on this website is subject to German copyright and related rights laws. Any use not permitted under German copyright and related rights laws requires the prior written consent of the provider or the respective rights holder. This applies in particular to the reproduction, adaptation, translation, storage, processing, or reproduction of content in databases or other electronic media and systems. Third-party content and rights are identified as such. The unauthorized reproduction or distribution of individual pieces of content or entire pages is prohibited and punishable by law. Only the creation of copies and downloads for personal, private, and non-commercial use is permitted.     <\/p>\n[\/vc_column_text][\/vc_column_inner][\/vc_row_inner][\/vc_column][\/vc_row]\n<\/div>","protected":false},"excerpt":{"rendered":"<p>[vc_row full_width=&#8221;stretch_row_content_no_spaces&#8221;][vc_column el_class=&#8221;padding-top-first padding-left-right-less&#8221;][vc_row_inner equal_height=&#8221;yes&#8221; content_placement=&#8221;middle&#8221;][vc_column_inner][vc_column_text css=&#8221;&#8221; el_class=&#8221;uberschrift&#8221;] Legal Notice [\/vc_column_text][\/vc_column_inner][\/vc_row_inner][\/vc_column][\/vc_row][vc_row full_width=&#8221;stretch_row_content_no_spaces&#8221;][vc_column el_class=&#8221;padding-top padding-left-right-less&#8221;][vc_row_inner equal_height=&#8221;yes&#8221; content_placement=&#8221;top&#8221;][vc_column_inner width=&#8221;1\/2&#8243;][vc_column_text css=&#8221;&#8221; el_class=&#8221;uberschrift-less&#8221;] Address [\/vc_column_text][vc_separator color=&#8221;custom&#8221; border_width=&#8221;5&#8243; el_width=&#8221;10&#8243; css=&#8221;&#8221; accent_color=&#8221;#E4F2D0&#8243;<span class=\"excerpt-hellip\"> [\u2026]<\/span><\/p>\n","protected":false},"author":1,"featured_media":0,"parent":0,"menu_order":21,"comment_status":"closed","ping_status":"closed","template":"","meta":{"_acf_changed":false,"footnotes":""},"class_list":["post-10086850","page","type-page","status-publish","hentry"],"acf":[],"yoast_head":"<!-- This site is optimized with the Yoast SEO plugin v27.9 - https:\/\/yoast.com\/product\/yoast-seo-wordpress\/ -->\n<title>Legal Notice - DIL Deutsches Institut f\u00fcr Lebensmitteltechnik e. V.<\/title>\n<meta name=\"robots\" content=\"index, follow, max-snippet:-1, max-image-preview:large, max-video-preview:-1\" \/>\n<link rel=\"canonical\" href=\"https:\/\/dil-ev.de\/en\/legal-notice\/\" \/>\n<meta property=\"og:locale\" content=\"en_US\" \/>\n<meta property=\"og:type\" content=\"article\" \/>\n<meta property=\"og:title\" content=\"Legal Notice - DIL Deutsches Institut f\u00fcr Lebensmitteltechnik e. V.\" \/>\n<meta property=\"og:description\" content=\"[vc_row full_width=&#8221;stretch_row_content_no_spaces&#8221;][vc_column el_class=&#8221;padding-top-first padding-left-right-less&#8221;][vc_row_inner equal_height=&#8221;yes&#8221; content_placement=&#8221;middle&#8221;][vc_column_inner][vc_column_text css=&#8221;&#8221; el_class=&#8221;uberschrift&#8221;] Legal Notice [\/vc_column_text][\/vc_column_inner][\/vc_row_inner][\/vc_column][\/vc_row][vc_row full_width=&#8221;stretch_row_content_no_spaces&#8221;][vc_column el_class=&#8221;padding-top padding-left-right-less&#8221;][vc_row_inner equal_height=&#8221;yes&#8221; content_placement=&#8221;top&#8221;][vc_column_inner width=&#8221;1\/2&#8243;][vc_column_text css=&#8221;&#8221; el_class=&#8221;uberschrift-less&#8221;] Address [\/vc_column_text][vc_separator color=&#8221;custom&#8221; border_width=&#8221;5&#8243; el_width=&#8221;10&#8243; css=&#8221;&#8221; accent_color=&#8221;#E4F2D0&#8243; [\u2026]\" \/>\n<meta property=\"og:url\" content=\"https:\/\/dil-ev.de\/en\/legal-notice\/\" \/>\n<meta property=\"og:site_name\" content=\"DIL Deutsches Institut f\u00fcr Lebensmitteltechnik e. V.\" \/>\n<meta property=\"article:modified_time\" content=\"2026-07-21T17:55:27+00:00\" \/>\n<meta property=\"og:image\" content=\"https:\/\/dil-ev.de\/wp-content\/uploads\/2026\/02\/Dil-ev-favicon-yost.jpg\" \/>\n\t<meta property=\"og:image:width\" content=\"1200\" \/>\n\t<meta property=\"og:image:height\" content=\"675\" \/>\n\t<meta property=\"og:image:type\" content=\"image\/jpeg\" \/>\n<meta name=\"twitter:card\" content=\"summary_large_image\" \/>\n<meta name=\"twitter:label1\" content=\"Est. reading time\" \/>\n\t<meta name=\"twitter:data1\" content=\"3 minutes\" \/>\n<script type=\"application\/ld+json\" class=\"yoast-schema-graph\">{\"@context\":\"https:\\\/\\\/schema.org\",\"@graph\":[{\"@type\":\"WebPage\",\"@id\":\"https:\\\/\\\/dil-ev.de\\\/en\\\/legal-notice\\\/\",\"url\":\"https:\\\/\\\/dil-ev.de\\\/en\\\/legal-notice\\\/\",\"name\":\"Legal Notice - DIL Deutsches Institut f\u00fcr Lebensmitteltechnik e. V.\",\"isPartOf\":{\"@id\":\"https:\\\/\\\/dil-ev.de\\\/en\\\/#website\"},\"datePublished\":\"2026-01-26T16:56:55+00:00\",\"dateModified\":\"2026-07-21T17:55:27+00:00\",\"breadcrumb\":{\"@id\":\"https:\\\/\\\/dil-ev.de\\\/en\\\/legal-notice\\\/#breadcrumb\"},\"inLanguage\":\"en-US\",\"potentialAction\":[{\"@type\":\"ReadAction\",\"target\":[\"https:\\\/\\\/dil-ev.de\\\/en\\\/legal-notice\\\/\"]}]},{\"@type\":\"BreadcrumbList\",\"@id\":\"https:\\\/\\\/dil-ev.de\\\/en\\\/legal-notice\\\/#breadcrumb\",\"itemListElement\":[{\"@type\":\"ListItem\",\"position\":1,\"name\":\"Startseite\",\"item\":\"https:\\\/\\\/dil-ev.de\\\/en\\\/\"},{\"@type\":\"ListItem\",\"position\":2,\"name\":\"Legal Notice\"}]},{\"@type\":\"WebSite\",\"@id\":\"https:\\\/\\\/dil-ev.de\\\/en\\\/#website\",\"url\":\"https:\\\/\\\/dil-ev.de\\\/en\\\/\",\"name\":\"DIL Deutsches Institut f\u00fcr Lebensmitteltechnik e.V.\",\"description\":\"Forschungsinstitut f\u00fcr Lebensmitteltechnik in Quakenbr\u00fcck\",\"publisher\":{\"@id\":\"https:\\\/\\\/dil-ev.de\\\/en\\\/#organization\"},\"potentialAction\":[{\"@type\":\"SearchAction\",\"target\":{\"@type\":\"EntryPoint\",\"urlTemplate\":\"https:\\\/\\\/dil-ev.de\\\/en\\\/?s={search_term_string}\"},\"query-input\":{\"@type\":\"PropertyValueSpecification\",\"valueRequired\":true,\"valueName\":\"search_term_string\"}}],\"inLanguage\":\"en-US\"},{\"@type\":\"Organization\",\"@id\":\"https:\\\/\\\/dil-ev.de\\\/en\\\/#organization\",\"name\":\"DIL Deutsches Institut f\u00fcr Lebensmitteltechnik e.V.\",\"alternateName\":\"DIL e. V.\",\"url\":\"https:\\\/\\\/dil-ev.de\\\/en\\\/\",\"logo\":{\"@type\":\"ImageObject\",\"inLanguage\":\"en-US\",\"@id\":\"https:\\\/\\\/dil-ev.de\\\/en\\\/#\\\/schema\\\/logo\\\/image\\\/\",\"url\":\"https:\\\/\\\/dil-ev.de\\\/wp-content\\\/uploads\\\/2026\\\/02\\\/Dil-ev-favicon-yost-small.jpg\",\"contentUrl\":\"https:\\\/\\\/dil-ev.de\\\/wp-content\\\/uploads\\\/2026\\\/02\\\/Dil-ev-favicon-yost-small.jpg\",\"width\":696,\"height\":696,\"caption\":\"DIL Deutsches Institut f\u00fcr Lebensmitteltechnik e.V.\"},\"image\":{\"@id\":\"https:\\\/\\\/dil-ev.de\\\/en\\\/#\\\/schema\\\/logo\\\/image\\\/\"},\"sameAs\":[\"https:\\\/\\\/www.instagram.com\\\/dil_e.v\\\/\",\"https:\\\/\\\/www.linkedin.com\\\/company\\\/deutsches-institut-f-r-lebensmitteltechnik-e-v-\\\/posts\\\/?feedView=all\"]}]}<\/script>\n<!-- \/ Yoast SEO plugin. -->","yoast_head_json":{"title":"Legal Notice - DIL Deutsches Institut f\u00fcr Lebensmitteltechnik e. V.","robots":{"index":"index","follow":"follow","max-snippet":"max-snippet:-1","max-image-preview":"max-image-preview:large","max-video-preview":"max-video-preview:-1"},"canonical":"https:\/\/dil-ev.de\/en\/legal-notice\/","og_locale":"en_US","og_type":"article","og_title":"Legal Notice - DIL Deutsches Institut f\u00fcr Lebensmitteltechnik e. V.","og_description":"[vc_row full_width=&#8221;stretch_row_content_no_spaces&#8221;][vc_column el_class=&#8221;padding-top-first padding-left-right-less&#8221;][vc_row_inner equal_height=&#8221;yes&#8221; content_placement=&#8221;middle&#8221;][vc_column_inner][vc_column_text css=&#8221;&#8221; el_class=&#8221;uberschrift&#8221;] Legal Notice [\/vc_column_text][\/vc_column_inner][\/vc_row_inner][\/vc_column][\/vc_row][vc_row full_width=&#8221;stretch_row_content_no_spaces&#8221;][vc_column el_class=&#8221;padding-top padding-left-right-less&#8221;][vc_row_inner equal_height=&#8221;yes&#8221; content_placement=&#8221;top&#8221;][vc_column_inner width=&#8221;1\/2&#8243;][vc_column_text css=&#8221;&#8221; el_class=&#8221;uberschrift-less&#8221;] Address [\/vc_column_text][vc_separator color=&#8221;custom&#8221; border_width=&#8221;5&#8243; el_width=&#8221;10&#8243; css=&#8221;&#8221; accent_color=&#8221;#E4F2D0&#8243; [\u2026]","og_url":"https:\/\/dil-ev.de\/en\/legal-notice\/","og_site_name":"DIL Deutsches Institut f\u00fcr Lebensmitteltechnik e. V.","article_modified_time":"2026-07-21T17:55:27+00:00","og_image":[{"width":1200,"height":675,"url":"https:\/\/dil-ev.de\/wp-content\/uploads\/2026\/02\/Dil-ev-favicon-yost.jpg","type":"image\/jpeg"}],"twitter_card":"summary_large_image","twitter_misc":{"Est. reading time":"3 minutes"},"schema":{"@context":"https:\/\/schema.org","@graph":[{"@type":"WebPage","@id":"https:\/\/dil-ev.de\/en\/legal-notice\/","url":"https:\/\/dil-ev.de\/en\/legal-notice\/","name":"Legal Notice - DIL Deutsches Institut f\u00fcr Lebensmitteltechnik e. V.","isPartOf":{"@id":"https:\/\/dil-ev.de\/en\/#website"},"datePublished":"2026-01-26T16:56:55+00:00","dateModified":"2026-07-21T17:55:27+00:00","breadcrumb":{"@id":"https:\/\/dil-ev.de\/en\/legal-notice\/#breadcrumb"},"inLanguage":"en-US","potentialAction":[{"@type":"ReadAction","target":["https:\/\/dil-ev.de\/en\/legal-notice\/"]}]},{"@type":"BreadcrumbList","@id":"https:\/\/dil-ev.de\/en\/legal-notice\/#breadcrumb","itemListElement":[{"@type":"ListItem","position":1,"name":"Startseite","item":"https:\/\/dil-ev.de\/en\/"},{"@type":"ListItem","position":2,"name":"Legal Notice"}]},{"@type":"WebSite","@id":"https:\/\/dil-ev.de\/en\/#website","url":"https:\/\/dil-ev.de\/en\/","name":"DIL Deutsches Institut f\u00fcr Lebensmitteltechnik e.V.","description":"Forschungsinstitut f\u00fcr Lebensmitteltechnik in Quakenbr\u00fcck","publisher":{"@id":"https:\/\/dil-ev.de\/en\/#organization"},"potentialAction":[{"@type":"SearchAction","target":{"@type":"EntryPoint","urlTemplate":"https:\/\/dil-ev.de\/en\/?s={search_term_string}"},"query-input":{"@type":"PropertyValueSpecification","valueRequired":true,"valueName":"search_term_string"}}],"inLanguage":"en-US"},{"@type":"Organization","@id":"https:\/\/dil-ev.de\/en\/#organization","name":"DIL Deutsches Institut f\u00fcr Lebensmitteltechnik e.V.","alternateName":"DIL e. V.","url":"https:\/\/dil-ev.de\/en\/","logo":{"@type":"ImageObject","inLanguage":"en-US","@id":"https:\/\/dil-ev.de\/en\/#\/schema\/logo\/image\/","url":"https:\/\/dil-ev.de\/wp-content\/uploads\/2026\/02\/Dil-ev-favicon-yost-small.jpg","contentUrl":"https:\/\/dil-ev.de\/wp-content\/uploads\/2026\/02\/Dil-ev-favicon-yost-small.jpg","width":696,"height":696,"caption":"DIL Deutsches Institut f\u00fcr Lebensmitteltechnik e.V."},"image":{"@id":"https:\/\/dil-ev.de\/en\/#\/schema\/logo\/image\/"},"sameAs":["https:\/\/www.instagram.com\/dil_e.v\/","https:\/\/www.linkedin.com\/company\/deutsches-institut-f-r-lebensmitteltechnik-e-v-\/posts\/?feedView=all"]}]}},"_links":{"self":[{"href":"https:\/\/dil-ev.de\/en\/wp-json\/wp\/v2\/pages\/10086850","targetHints":{"allow":["GET"]}}],"collection":[{"href":"https:\/\/dil-ev.de\/en\/wp-json\/wp\/v2\/pages"}],"about":[{"href":"https:\/\/dil-ev.de\/en\/wp-json\/wp\/v2\/types\/page"}],"author":[{"embeddable":true,"href":"https:\/\/dil-ev.de\/en\/wp-json\/wp\/v2\/users\/1"}],"replies":[{"embeddable":true,"href":"https:\/\/dil-ev.de\/en\/wp-json\/wp\/v2\/comments?post=10086850"}],"version-history":[{"count":2,"href":"https:\/\/dil-ev.de\/en\/wp-json\/wp\/v2\/pages\/10086850\/revisions"}],"predecessor-version":[{"id":10086854,"href":"https:\/\/dil-ev.de\/en\/wp-json\/wp\/v2\/pages\/10086850\/revisions\/10086854"}],"wp:attachment":[{"href":"https:\/\/dil-ev.de\/en\/wp-json\/wp\/v2\/media?parent=10086850"}],"curies":[{"name":"wp","href":"https:\/\/api.w.org\/{rel}","templated":true}]}}